{"id":478,"date":"2014-09-29T12:29:27","date_gmt":"2014-09-29T10:29:27","guid":{"rendered":"https:\/\/inteligentny-rozwoj.com.pl\/?page_id=478"},"modified":"2021-12-02T12:15:07","modified_gmt":"2021-12-02T11:15:07","slug":"regionalne-programy-operacyjne-2014-2020-rpo-2014-2020","status":"publish","type":"page","link":"https:\/\/inteligentny-rozwoj.com.pl\/index.php\/fundusze-europejskie-2014-2020\/regionalne-programy-operacyjne-2014-2020-rpo-2014-2020\/","title":{"rendered":"RPO 2014-2020"},"content":{"rendered":"\n<ul class=\"wp-block-list\"><li><span style=\"color:#cf2e2e\" class=\"tadv-color\">Poznaj informacje na temat nowej perspektywy finansowej &#8211; <a href=\"https:\/\/inteligentny-rozwoj.com.pl\/index.php\/fundusze-europejskie-2021-2027\/\" target=\"_blank\" rel=\"noreferrer noopener\">Fundusze Europejskie 2021-2027<\/a><\/span><\/li><\/ul>\n\n\n\n<ul class=\"wp-block-list\"><li><span style=\"color:#cf2e2e\" class=\"tadv-color\">Sprawd\u017a jakie <a href=\"https:\/\/inteligentny-rozwoj.com.pl\/index.php\/fundusze-europejskie-2021-2027\/fundusze-europejskie-dla-regionow-2021-2027\/\" target=\"_blank\" rel=\"noreferrer noopener\">Fundusze Europejskie dla Region\u00f3w<\/a> zosta\u0142y przewidziane na lata 2021-2027<\/span><\/li><\/ul>\n\n\n\n<h2 class=\"wp-block-heading\">RPO 2014-2020 &#8211; Informacje archiwalne<\/h2>\n\n\n<p style=\"text-align: justify;\">Fundusze Europejskie w ramach perspektywy finansowej 2014-2020 przewiduj\u0105 do realizacji 16 program\u00f3w regionalnych (RPO 2014-2020). Regionalne Programy Operacyjne przygotowane zosta\u0142y dla:<\/p>\n<ul style=\"text-align: justify;\">\n<li>15 region\u00f3w s\u0142abiej rozwini\u0119tych<\/li>\n<li>oraz dla wojew\u00f3dztwa mazowieckiego, kt\u00f3re w nowej perspektywie finansowej kwalifikuje si\u0119 jako region lepiej rozwini\u0119ty.<\/li>\n<\/ul>\n<p style=\"text-align: justify;\">Regionalne programy operacyjne (RPO 2014-2020) w ramach perspektywy przedstawiaj\u0105 si\u0119 jak poni\u017cej:<\/p>\n<table style=\"width: 627px;\" border=\"0\" cellspacing=\"0\" cellpadding=\"0\"><colgroup> <col width=\"64\" \/> <col width=\"563\" \/> <\/colgroup>\n<tbody>\n<tr>\n<td width=\"64\" height=\"20\">L.p<\/td>\n<td width=\"563\"><strong>Regionalny Program Operacyjny dla danego wojew\u00f3dztwa<\/strong><\/td>\n<\/tr>\n<tr>\n<td height=\"20\">1<\/td>\n<td><a title=\" Regionalny Program dla Wojew\u00f3dztwa Dolno\u015bl\u0105skiego\" href=\"https:\/\/inteligentny-rozwoj.com.pl\/index.php\/fundusze-europejskie-2014-2020\/regionalne-programy-operacyjne-2014-2020-rpo-2014-2020\/regionalny-program-operacyjny-wojewodztwa-dolnoslaskiego-2014-2020-rpo-wd-1\/\" target=\"_blank\" rel=\"noopener\">Regionalny Program dla Wojew\u00f3dztwa Dolno\u015bl\u0105skiego<\/a><\/td>\n<\/tr>\n<tr>\n<td height=\"20\">2<\/td>\n<td><a title=\"Regionalny Program Wojew\u00f3dztwa Kujawsko-Pomorskiego\" href=\"https:\/\/inteligentny-rozwoj.com.pl\/index.php\/fundusze-europejskie-2014-2020\/regionalne-programy-operacyjne-2014-2020-rpo-2014-2020\/regionalny-program-operacyjny-wojewodztwa-kujawsko-pomorskiego-na-lata-2014-2020-rpo-wk-p\/\" target=\"_blank\" rel=\"noopener\">Regionalny Program Wojew\u00f3dztwa Kujawsko-Pomorskiego<\/a><\/td>\n<\/tr>\n<tr>\n<td height=\"20\">3<\/td>\n<td><a title=\"Regionalny Program Wojew\u00f3dztwa Lubelskiego\" href=\"https:\/\/inteligentny-rozwoj.com.pl\/index.php\/fundusze-europejskie-2014-2020\/regionalne-programy-operacyjne-2014-2020-rpo-2014-2020\/regionalny-program-operacyjny-wojewodztwa-lubelskiego-na-lata-2014-2020\/\" target=\"_blank\" rel=\"noopener\">Regionalny Program Wojew\u00f3dztwa Lubelskiego<\/a><\/td>\n<\/tr>\n<tr>\n<td height=\"20\">4<\/td>\n<td><a title=\"Regionalny Program Operacyjny \u2013 Lubuskie 2020\" href=\"https:\/\/inteligentny-rozwoj.com.pl\/index.php\/fundusze-europejskie-2014-2020\/regionalne-programy-operacyjne-2014-2020-rpo-2014-2020\/regionalny-program-operacyjny-lubuskie-2020\/\" target=\"_blank\" rel=\"noopener\">Lubuski Program Regionalny<\/a><\/td>\n<\/tr>\n<tr>\n<td height=\"20\">5<\/td>\n<td><a title=\" Regionalny Program Wojew\u00f3dztwa \u0141\u00f3dzkiego\" href=\"https:\/\/inteligentny-rozwoj.com.pl\/index.php\/fundusze-europejskie-2014-2020\/regionalne-programy-operacyjne-2014-2020-rpo-2014-2020\/regionalny-program-operacyjny-wojewodztwa-lodzkiego-2014-2020\/\" target=\"_blank\" rel=\"noopener\">Regionalny Program Wojew\u00f3dztwa \u0141\u00f3dzkiego<\/a><\/td>\n<\/tr>\n<tr>\n<td height=\"20\">6<\/td>\n<td><a title=\"Regionalny Program Operacyjnego Wojew\u00f3dztwa Ma\u0142opolskiego na lata 2014-2020\" href=\"https:\/\/inteligentny-rozwoj.com.pl\/index.php\/fundusze-europejskie-2014-2020\/regionalne-programy-operacyjne-2014-2020-rpo-2014-2020\/regionalny-program-operacyjnego-wojewodztwa-malopolskiego-na-lata-2014-2020-rpo-wm-2014-2020\/\" target=\"_blank\" rel=\"noopener\">Ma\u0142opolski Program Regionalny<\/a><\/td>\n<\/tr>\n<tr>\n<td height=\"20\">7<\/td>\n<td><a title=\" Regionalny Program Wojew\u00f3dztwa Mazowieckiego\" href=\"https:\/\/inteligentny-rozwoj.com.pl\/index.php\/fundusze-europejskie-2014-2020\/regionalne-programy-operacyjne-2014-2020-rpo-2014-2020\/regionalny-program-operacyjny-wojewodztwa-mazowieckiego-na-lata-2014-2020\/\" target=\"_blank\" rel=\"noopener\">Regionalny Program Wojew\u00f3dztwa Mazowieckiego<\/a><\/td>\n<\/tr>\n<tr>\n<td height=\"20\">8<\/td>\n<td><a title=\" Regionalny Program Wojew\u00f3dztwa Opolskiego\" href=\"https:\/\/inteligentny-rozwoj.com.pl\/index.php\/fundusze-europejskie-2014-2020\/regionalne-programy-operacyjne-2014-2020-rpo-2014-2020\/regionalny-program-operacyjny-wojewodztwa-opolskiego-2014-2020-rpo-wo\/\" target=\"_blank\" rel=\"noopener\">Regionalny Program Wojew\u00f3dztwa Opolskiego<\/a><\/td>\n<\/tr>\n<tr>\n<td height=\"20\">9<\/td>\n<td><a title=\"Regionalny Program Wojew\u00f3dztwa Podkarpackiego\" href=\"https:\/\/inteligentny-rozwoj.com.pl\/index.php\/fundusze-europejskie-2014-2020\/regionalne-programy-operacyjne-2014-2020-rpo-2014-2020\/regionalny-program-operacyjny-wojewodztwa-podkarpackiego-2014-2020-rpo-wp\/\" target=\"_blank\" rel=\"noopener\">Regionalny Program Wojew\u00f3dztwa Podkarpackiego<\/a><\/td>\n<\/tr>\n<tr>\n<td height=\"20\">10<\/td>\n<td><a title=\" Regionalny Program Wojew\u00f3dztwa Podlaskiego\" href=\"https:\/\/inteligentny-rozwoj.com.pl\/index.php\/fundusze-europejskie-2014-2020\/regionalne-programy-operacyjne-2014-2020-rpo-2014-2020\/regionalny-program-operacyjny-wojewodztwa-podlaskiego-na-lata-2014-2020-rpo-wp\/\" target=\"_blank\" rel=\"noopener\">Regionalny Program Wojew\u00f3dztwa Podlaskiego<\/a><\/td>\n<\/tr>\n<tr>\n<td height=\"20\">11<\/td>\n<td><a title=\"Regionalny Program Operacyjny Wojew\u00f3dztwa Pomorskiego na lata 2014-2020 (RPO WP)\" href=\"https:\/\/inteligentny-rozwoj.com.pl\/index.php\/fundusze-europejskie-2014-2020\/regionalne-programy-operacyjne-2014-2020-rpo-2014-2020\/regionalny-program-operacyjny-wojewodztwa-pomorskiego-na-lata-2014-2020-rpo-wp\/\" target=\"_blank\" rel=\"noopener\">Regionalny Program dla Wojew\u00f3dztwa Pomorskiego<\/a><\/td>\n<\/tr>\n<tr>\n<td height=\"20\">12<\/td>\n<td><a title=\"Regionalny Program Operacyjny Wojew\u00f3dztwa \u015al\u0105skiego na lata 2014-2020 (RPO WSL)\" href=\"https:\/\/inteligentny-rozwoj.com.pl\/index.php\/fundusze-europejskie-2014-2020\/regionalne-programy-operacyjne-2014-2020-rpo-2014-2020\/regionalny-program-operacyjny-wojewodztwa-slaskiego-na-lata-2014-2020-rpo-wsl\/\" target=\"_blank\" rel=\"noopener\">Regionalny Program Wojew\u00f3dztwa \u015al\u0105skiego<\/a><\/td>\n<\/tr>\n<tr>\n<td height=\"20\">13<\/td>\n<td><a title=\"Regionalny Program Operacyjny Wojew\u00f3dztwa \u015awi\u0119tokrzyskiego na lata 2014-2020\" href=\"https:\/\/inteligentny-rozwoj.com.pl\/index.php\/fundusze-europejskie-2014-2020\/regionalne-programy-operacyjne-2014-2020-rpo-2014-2020\/regionalny-program-operacyjny-wojewodztwa-swietokrzyskiego-na-lata-2014-2020\/\" target=\"_blank\" rel=\"noopener\">Regionalny Program Wojew\u00f3dztwa \u015awi\u0119tokrzyskiego<\/a><\/td>\n<\/tr>\n<tr>\n<td height=\"20\">14<\/td>\n<td><a title=\"Regionalny Program Operacyjny Wojew\u00f3dztwa Warmi\u0144sko-Mazurskiego na lata 2014-2020 (RPO WiM 2014-2020)\" href=\"https:\/\/inteligentny-rozwoj.com.pl\/index.php\/fundusze-europejskie-2014-2020\/regionalne-programy-operacyjne-2014-2020-rpo-2014-2020\/regionalny-program-operacyjny-wojewodztwa-warminsko-mazurskiego-na-lata-2014-2020-rpo-wim-2014-2020\/\" target=\"_blank\" rel=\"noopener\">Regionalny Program Warmia i Mazury<\/a><\/td>\n<\/tr>\n<tr>\n<td height=\"20\">15<\/td>\n<td><a title=\"WIELKOPOLSKI REGIONALNY PROGRAM OPERACYJNY NA LATA 2014 \u2013 2020 (WRPO 2014+)\" href=\"https:\/\/inteligentny-rozwoj.com.pl\/index.php\/fundusze-europejskie-2014-2020\/regionalne-programy-operacyjne-2014-2020-rpo-2014-2020\/wielkopolski-regionalny-program-operacyjny-na-lata-2014-2020-wrpo-2014\/\" target=\"_blank\" rel=\"noopener\">Wielkopolski Program Regionalny<\/a><\/td>\n<\/tr>\n<tr>\n<td height=\"20\">16<\/td>\n<td><a title=\"Regionalny Program Operacyjny Wojew\u00f3dztwa Zachodniopomorskiego na okres 2014-2020 (RPO WZ 2014-20)\" href=\"https:\/\/inteligentny-rozwoj.com.pl\/index.php\/fundusze-europejskie-2014-2020\/regionalne-programy-operacyjne-2014-2020-rpo-2014-2020\/regionalny-program-operacyjny-wojewodztwa-zachodniopomorskiego-na-okres-2014-2020-rpo-wz-2014-20\/\" target=\"_blank\" rel=\"noopener\">Regionalny Program Wojew\u00f3dztwa Zachodniopomorskiego<\/a><\/td>\n<\/tr>\n<\/tbody>\n<\/table>\n<p>Podzia\u0142 \u015brodk\u00f3w pomi\u0119dzy poszczeg\u00f3lne wojew\u00f3dztwa na potrzeby RPO 2014-2020 kszta\u0142tuje si\u0119 zgodnie z informacjami przedstawionymi dla <a title=\"Regionalne Programy Operacyjne - podzia\u0142 \u015brodk\u00f3w na wojew\u00f3dztwa\" href=\"https:\/\/inteligentny-rozwoj.com.pl\/index.php\/fundusze-europejskie-2014-2020\/polityka-spojnosci\/\" target=\"_blank\" rel=\"noopener\">Polityki Sp\u00f3jno\u015bci<\/a>.<\/p>\n<p style=\"text-align: justify;\">Ponadto skr\u00f3towe, syntetyczne informacje w tym zakresie na temat poszczeg\u00f3lnych Regionalnych Program\u00f3w Operacyjnych dost\u0119pne s\u0105 <a title=\"Programy Regionalne 2014-2020\" href=\"https:\/\/inteligentny-rozwoj.com.pl\/index.php\/fundusze-europejskie-2014-2020\/regionalne-programy-operacyjne-2014-2020-rpo-2014-2020\/programy-regionalne-2014-2020\/\" target=\"_blank\" rel=\"noopener\"><strong>tutaj<\/strong><\/a>.<\/p>\n<p style=\"text-align: justify;\">Regionalne Programy Operacyjne na lata 2014-2020 (RPO 2014-2020) przewiduj\u0105 tak\u017ce <a title=\"wsparcie internacjonalizacji\" href=\"https:\/\/inteligentny-rozwoj.com.pl\/index.php\/internacjonalizacja\/wsparcie-internacjonalizacji\/\" target=\"_blank\" rel=\"noopener\"><strong>wsparcie internacjonalizacji dzia\u0142alno\u015bci przedsi\u0119biorstw<\/strong><\/a>. Wsparcie internacjonalizacji w ramach nowej perspektywy finansowej na lata 2014-2020 realizowane b\u0119dzie zatem nie tylko na szczeblu krajowym, ale tak\u017ce w ramach poszczeg\u00f3lnych Regionalnych Program\u00f3w Operacyjnych (RPO 2014-2020), przewidzianych dla danego wojew\u00f3dztwa.<\/p>\n<p>Zapytaj o szczeg\u00f3\u0142y w jaki spos\u00f3b pozyska\u0107 dofinansowanie na rozw\u00f3j Twojej firmy !<\/p>\n\n<div\n\t\t\t\n\t\t\tclass=\"so-widget-sow-button so-widget-sow-button-atom-5b696ffdffde\"\n\t\t\t\n\t\t><div class=\"ow-button-base ow-button-align-left\"\n>\n\t\t\t<a\n\t\t\t\t\thref=\"https:\/\/inteligentny-rozwoj.com.pl\/index.php\/kontakt\/\"\n\t\t\t\t\tclass=\"sowb-button ow-icon-placement-left ow-button-hover\" target=\"_blank\" rel=\"noopener noreferrer\" id=\"kontakt_RPO14-20\" \t>\n\t\t<span>\n\t\t\t\n\t\t\tSkontaktuj si\u0119 z nami !\t\t<\/span>\n\t\t\t<\/a>\n\t<\/div>\n<\/div>\n\n\n<h2 class=\"wp-block-heading\">To tak\u017ce mo\u017ce Ci\u0119 zainteresowa\u0107<\/h2>\n\n\n<div\n\t\t\t\n\t\t\tclass=\"so-widget-sow-post-carousel so-widget-sow-post-carousel-base-ad93eedad001\"\n\t\t\t\n\t\t>\t<div\n\t\tclass=\"sow-post-carousel-wrapper sow-post-carousel-theme-base\"\n\t\tstyle=\"overflow: hidden; max-width: 100%; min-height: 182px\"\n\t>\n\t\t<div class=\"sow-carousel-title\">\n\t\t\t<div class=\"sow-carousel-navigation \">\n\t\t\t\t\t\t<a href=\"#\" class=\"sow-carousel-next\" title=\"Next\" aria-label=\"Next Posts\" role=\"button\"><\/a>\n\t\t\t\t\t\t<a href=\"#\" class=\"sow-carousel-previous\" title=\"Previous\" aria-label=\"Previous Posts\" role=\"button\"><\/a>\n\t\t\t\t\t<\/div>\n\t<\/div>\n\n<div class=\"sow-carousel-container \">\n\t\t<div class=\"sow-carousel-wrapper\"\n\t\tdata-dir=\"ltr\"\n\t\tstyle=\"opacity: 0;\"\n\t\tdata-widget=\"post\" data-fetching=\"false\" data-page=\"1\" data-ajax-url=\"https:\/\/inteligentny-rozwoj.com.pl\/wp-admin\/admin-ajax.php?_widgets_nonce=b6925a1dc8\" data-item_count=\"167\" data-carousel_settings=\"{&quot;loop&quot;:true,&quot;animation&quot;:&quot;Ease&quot;,&quot;animation_speed&quot;:400,&quot;autoplay&quot;:&quot;&quot;,&quot;pauseOnHover&quot;:&quot;&quot;,&quot;autoplaySpeed&quot;:8000,&quot;item_overflow&quot;:true,&quot;autoplay_continuous_scroll&quot;:false}\" data-responsive=\"{&quot;desktop_slides_to_scroll&quot;:1,&quot;tablet_landscape_breakpoint&quot;:1366,&quot;tablet_landscape_slides_to_scroll&quot;:2,&quot;tablet_portrait_breakpoint&quot;:1025,&quot;tablet_portrait_slides_to_scroll&quot;:2,&quot;mobile_breakpoint&quot;:480,&quot;mobile_slides_to_scroll&quot;:1}\" data-variable_width=\"true\" \t>\n\t\t<div\n\t\t\tclass=\"sow-carousel-items\"\n\t\t\t\t\t>\n\t\t\t\t<div class=\"sow-carousel-item\" tabindex=\"-1\" style=\"float: left;\">\n\t\t<div class=\"sow-carousel-thumbnail\">\n\t\t\t\t\t\t\t<a\n\t\t\t\t\thref=\"https:\/\/inteligentny-rozwoj.com.pl\/index.php\/fundusz-eksportowy-dla-kujaw-i-pomorza-wznowienie-grantow-rpconsulting-rafal-pasterczyk\/\"\n\t\t\t\t\t\t\t\t\t\tstyle=\"background-image: url( https:\/\/inteligentny-rozwoj.com.pl\/wp-content\/uploads\/2026\/04\/Fundusz-Eksportowy-dla-Kujaw-i-Pomorza-wznowienie-naboru-wnioskow-o-grant-rpconsulting-rafal-pasterczyk-272x182.png )\"\n\t\t\t\t\taria-labelledby=\"sow-carousel-id-10574\"\n\t\t\t\t\ttabindex=\"-1\"\n\t\t\t\t>\n\t\t\t\t\t<span class=\"overlay\"><\/span>\n\t\t\t\t<\/a>\n\t\t\t\t\t<\/div>\n\t\t<h3 class=\"sow-carousel-item-title\">\n\t\t\t<a\n\t\t\t\thref=\"https:\/\/inteligentny-rozwoj.com.pl\/index.php\/fundusz-eksportowy-dla-kujaw-i-pomorza-wznowienie-grantow-rpconsulting-rafal-pasterczyk\/\"\n\t\t\t\tid=\"sow-carousel-id-10574\"\n\t\t\t\t\t\t\t\ttabindex=\"-1\"\n\t\t\t>\n\n\t\t\t\tFundusz Eksportowy dla Kujaw i Pomorza &#8211; wznowienie grant\u00f3w!\u00a0\t\t\t<\/a>\n\t\t<\/h3>\n\t<\/div>\n\t\t<div class=\"sow-carousel-item\" tabindex=\"-1\" style=\"float: left;\">\n\t\t<div class=\"sow-carousel-thumbnail\">\n\t\t\t\t\t\t\t<a\n\t\t\t\t\thref=\"https:\/\/inteligentny-rozwoj.com.pl\/index.php\/podcast-mde-11-m-analiza-konkurencji-marketing-b2b-badanie-konkurencji-rpconsulting-rafal-pasterczyk\/\"\n\t\t\t\t\t\t\t\t\t\tstyle=\"background-image: url( https:\/\/inteligentny-rozwoj.com.pl\/wp-content\/uploads\/2026\/04\/Podcast\u2013MDE-11-M-Marketing-B2B-Analiza-konkurencji-kraj-zagranica-eksport-badanie-konkurencji-analiza-rynku-2-272x182.png )\"\n\t\t\t\t\taria-labelledby=\"sow-carousel-id-10547\"\n\t\t\t\t\ttabindex=\"-1\"\n\t\t\t\t>\n\t\t\t\t\t<span class=\"overlay\"><\/span>\n\t\t\t\t<\/a>\n\t\t\t\t\t<\/div>\n\t\t<h3 class=\"sow-carousel-item-title\">\n\t\t\t<a\n\t\t\t\thref=\"https:\/\/inteligentny-rozwoj.com.pl\/index.php\/podcast-mde-11-m-analiza-konkurencji-marketing-b2b-badanie-konkurencji-rpconsulting-rafal-pasterczyk\/\"\n\t\t\t\tid=\"sow-carousel-id-10547\"\n\t\t\t\t\t\t\t\ttabindex=\"-1\"\n\t\t\t>\n\n\t\t\t\tMDE.11\/M \u2013 Analiza konkurencji w marketingu B2B: jak wykona\u0107 badanie konkurencji w kraju i za granic\u0105?\t\t\t<\/a>\n\t\t<\/h3>\n\t<\/div>\n\t\t<div class=\"sow-carousel-item\" tabindex=\"-1\" style=\"float: left;\">\n\t\t<div class=\"sow-carousel-thumbnail\">\n\t\t\t\t\t\t\t<a\n\t\t\t\t\thref=\"https:\/\/inteligentny-rozwoj.com.pl\/index.php\/pozyskiwanie-klientow-b2b-i-marketing-b2b\/\"\n\t\t\t\t\t\t\t\t\t\tstyle=\"background-image: url( https:\/\/inteligentny-rozwoj.com.pl\/wp-content\/uploads\/2026\/03\/pozyskiwanie-klientow-B2B-marketing-B2B-modele-AI-RPConsulting.pl_-272x182.png )\"\n\t\t\t\t\taria-labelledby=\"sow-carousel-id-10051\"\n\t\t\t\t\ttabindex=\"-1\"\n\t\t\t\t>\n\t\t\t\t\t<span class=\"overlay\"><\/span>\n\t\t\t\t<\/a>\n\t\t\t\t\t<\/div>\n\t\t<h3 class=\"sow-carousel-item-title\">\n\t\t\t<a\n\t\t\t\thref=\"https:\/\/inteligentny-rozwoj.com.pl\/index.php\/pozyskiwanie-klientow-b2b-i-marketing-b2b\/\"\n\t\t\t\tid=\"sow-carousel-id-10051\"\n\t\t\t\t\t\t\t\ttabindex=\"-1\"\n\t\t\t>\n\n\t\t\t\tPozyskiwanie klient\u00f3w B2B &#8211; jak\u0105 rol\u0119 odgrywa marketing B2B w erze \u015bwiadomego nabywcy i modeli AI?\t\t\t<\/a>\n\t\t<\/h3>\n\t<\/div>\n\t\t<div class=\"sow-carousel-item\" tabindex=\"-1\" style=\"float: left;\">\n\t\t<div class=\"sow-carousel-thumbnail\">\n\t\t\t\t\t\t\t<a\n\t\t\t\t\thref=\"https:\/\/inteligentny-rozwoj.com.pl\/index.php\/podcast-mde-10-m-analiza-rynku-eksport-badania-rynkow-zagranicznych-marketing-b2b-rpconsulting-rafal-pasterczyk\/\"\n\t\t\t\t\t\t\t\t\t\tstyle=\"background-image: url( https:\/\/inteligentny-rozwoj.com.pl\/wp-content\/uploads\/2026\/02\/Podcast-MDE-10-M-Analiza-rynku-w-eksporcie-1-badania-rynkow-zagranicznych-w-marketingu-B2B-272x182.png )\"\n\t\t\t\t\taria-labelledby=\"sow-carousel-id-9982\"\n\t\t\t\t\ttabindex=\"-1\"\n\t\t\t\t>\n\t\t\t\t\t<span class=\"overlay\"><\/span>\n\t\t\t\t<\/a>\n\t\t\t\t\t<\/div>\n\t\t<h3 class=\"sow-carousel-item-title\">\n\t\t\t<a\n\t\t\t\thref=\"https:\/\/inteligentny-rozwoj.com.pl\/index.php\/podcast-mde-10-m-analiza-rynku-eksport-badania-rynkow-zagranicznych-marketing-b2b-rpconsulting-rafal-pasterczyk\/\"\n\t\t\t\tid=\"sow-carousel-id-9982\"\n\t\t\t\t\t\t\t\ttabindex=\"-1\"\n\t\t\t>\n\n\t\t\t\tMDE.10\/M \u2013 Analiza rynku w eksporcie (1): jak wykona\u0107 badania rynk\u00f3w zagranicznych w marketingu B2B?\t\t\t<\/a>\n\t\t<\/h3>\n\t<\/div>\n\t\t<div class=\"sow-carousel-item\" tabindex=\"-1\" style=\"float: left;\">\n\t\t<div class=\"sow-carousel-thumbnail\">\n\t\t\t\t\t\t\t<a\n\t\t\t\t\thref=\"https:\/\/inteligentny-rozwoj.com.pl\/index.php\/case-study-content-marketing-b2b-content-manager-rafal-pasterczyk-rpconsulting\/\"\n\t\t\t\t\t\t\t\t\t\tstyle=\"background-image: url( https:\/\/inteligentny-rozwoj.com.pl\/wp-content\/uploads\/2025\/02\/case-study-content-manager-marketing-b2b-uslugi-turystyka-biznesowa-rpconsulting-rafal-pasterczyk-272x182.png )\"\n\t\t\t\t\taria-labelledby=\"sow-carousel-id-9922\"\n\t\t\t\t\ttabindex=\"-1\"\n\t\t\t\t>\n\t\t\t\t\t<span class=\"overlay\"><\/span>\n\t\t\t\t<\/a>\n\t\t\t\t\t<\/div>\n\t\t<h3 class=\"sow-carousel-item-title\">\n\t\t\t<a\n\t\t\t\thref=\"https:\/\/inteligentny-rozwoj.com.pl\/index.php\/case-study-content-marketing-b2b-content-manager-rafal-pasterczyk-rpconsulting\/\"\n\t\t\t\tid=\"sow-carousel-id-9922\"\n\t\t\t\t\t\t\t\ttabindex=\"-1\"\n\t\t\t>\n\n\t\t\t\tContent marketing B2B: doradztwo, wdro\u017cenie, tworzenie tre\u015bci &#8211; case study: Content Manager | Rafa\u0142 Pasterczyk (RP CONSULTING)\t\t\t<\/a>\n\t\t<\/h3>\n\t<\/div>\n\t\t<div class=\"sow-carousel-item\" tabindex=\"-1\" style=\"float: left;\">\n\t\t<div class=\"sow-carousel-thumbnail\">\n\t\t\t\t\t\t\t<a\n\t\t\t\t\thref=\"https:\/\/inteligentny-rozwoj.com.pl\/index.php\/case-study-marketing-b2b-interim-marketing-manager-rafal-pasterczyk-rpconsulting\/\"\n\t\t\t\t\t\t\t\t\t\tstyle=\"background-image: url( https:\/\/inteligentny-rozwoj.com.pl\/wp-content\/uploads\/2025\/02\/case-study-interim-marketing-manager-b2b-produkcja-stlarki-aluminiowej-rpconsulting-rafal-pasterczyk-272x182.png )\"\n\t\t\t\t\taria-labelledby=\"sow-carousel-id-9914\"\n\t\t\t\t\ttabindex=\"-1\"\n\t\t\t\t>\n\t\t\t\t\t<span class=\"overlay\"><\/span>\n\t\t\t\t<\/a>\n\t\t\t\t\t<\/div>\n\t\t<h3 class=\"sow-carousel-item-title\">\n\t\t\t<a\n\t\t\t\thref=\"https:\/\/inteligentny-rozwoj.com.pl\/index.php\/case-study-marketing-b2b-interim-marketing-manager-rafal-pasterczyk-rpconsulting\/\"\n\t\t\t\tid=\"sow-carousel-id-9914\"\n\t\t\t\t\t\t\t\ttabindex=\"-1\"\n\t\t\t>\n\n\t\t\t\tMarketing B2B: strategia, content, zarz\u0105dzanie &#8211; case study: Interim Marketing Manager | Rafa\u0142 Pasterczyk (RP CONSULTING)\t\t\t<\/a>\n\t\t<\/h3>\n\t<\/div>\n\t\t<div class=\"sow-carousel-item\" tabindex=\"-1\" style=\"float: left;\">\n\t\t<div class=\"sow-carousel-thumbnail\">\n\t\t\t\t\t\t\t<a\n\t\t\t\t\thref=\"https:\/\/inteligentny-rozwoj.com.pl\/index.php\/case-study-doradztwo-marketing-b2b-content-manager-rpconsulting-rafal-pasterczyk\/\"\n\t\t\t\t\t\t\t\t\t\tstyle=\"background-image: url( https:\/\/inteligentny-rozwoj.com.pl\/wp-content\/uploads\/2025\/02\/case-study-doradztwo-marketing-b2b-strategia-tresci-content-social-selling-rpconsulting-rafal-pasterczyk-272x182.png )\"\n\t\t\t\t\taria-labelledby=\"sow-carousel-id-9926\"\n\t\t\t\t\ttabindex=\"-1\"\n\t\t\t\t>\n\t\t\t\t\t<span class=\"overlay\"><\/span>\n\t\t\t\t<\/a>\n\t\t\t\t\t<\/div>\n\t\t<h3 class=\"sow-carousel-item-title\">\n\t\t\t<a\n\t\t\t\thref=\"https:\/\/inteligentny-rozwoj.com.pl\/index.php\/case-study-doradztwo-marketing-b2b-content-manager-rpconsulting-rafal-pasterczyk\/\"\n\t\t\t\tid=\"sow-carousel-id-9926\"\n\t\t\t\t\t\t\t\ttabindex=\"-1\"\n\t\t\t>\n\n\t\t\t\tDoradztwo w marketingu B2B: strategia tre\u015bci, content marketing, social selling &#8211; case study: Content Manager | Rafa\u0142 Pasterczyk (RP CONSULTING)\t\t\t<\/a>\n\t\t<\/h3>\n\t<\/div>\n\t\t<div class=\"sow-carousel-item\" tabindex=\"-1\" style=\"float: left;\">\n\t\t<div class=\"sow-carousel-thumbnail\">\n\t\t\t\t\t\t\t<a\n\t\t\t\t\thref=\"https:\/\/inteligentny-rozwoj.com.pl\/index.php\/case-study-strategia-internacjonalizacji-producent-opakowan-rpconsulting-rafal-pasterczyk\/\"\n\t\t\t\t\t\t\t\t\t\tstyle=\"background-image: url( https:\/\/inteligentny-rozwoj.com.pl\/wp-content\/uploads\/2025\/02\/case-study-strategia-internacjonalziacji-eksportu-UE-Niemcy-Skandynawia-Szwecja-Dania-rpconsulting-rafal-pasterczyk-272x182.png )\"\n\t\t\t\t\taria-labelledby=\"sow-carousel-id-9955\"\n\t\t\t\t\ttabindex=\"-1\"\n\t\t\t\t>\n\t\t\t\t\t<span class=\"overlay\"><\/span>\n\t\t\t\t<\/a>\n\t\t\t\t\t<\/div>\n\t\t<h3 class=\"sow-carousel-item-title\">\n\t\t\t<a\n\t\t\t\thref=\"https:\/\/inteligentny-rozwoj.com.pl\/index.php\/case-study-strategia-internacjonalizacji-producent-opakowan-rpconsulting-rafal-pasterczyk\/\"\n\t\t\t\tid=\"sow-carousel-id-9955\"\n\t\t\t\t\t\t\t\ttabindex=\"-1\"\n\t\t\t>\n\n\t\t\t\tCase Study &#8211; strategia internacjonalizacji (producent opakowa\u0144 z tektury falistej) | RP CONSULTING Rafa\u0142 Pasterczyk\u00a0\t\t\t<\/a>\n\t\t<\/h3>\n\t<\/div>\n\t\t<div class=\"sow-carousel-item\" tabindex=\"-1\" style=\"float: left;\">\n\t\t<div class=\"sow-carousel-thumbnail\">\n\t\t\t\t\t\t\t<a\n\t\t\t\t\thref=\"https:\/\/inteligentny-rozwoj.com.pl\/index.php\/case-study-strategia-plan-dzialalnosci-miedzynarodowej-msp-produkcja-przemysl-rpconsulting-rafal-pasterczyk\/\"\n\t\t\t\t\t\t\t\t\t\tstyle=\"background-image: url( https:\/\/inteligentny-rozwoj.com.pl\/wp-content\/uploads\/2025\/02\/case-study-plan-dzialalnosci-miedzynarodowej-rozwoju-eksportu-przemysl-USA-Francja-Ukraina-rpconsulting-rafal-pasterczyk-272x182.png )\"\n\t\t\t\t\taria-labelledby=\"sow-carousel-id-9953\"\n\t\t\t\t\ttabindex=\"-1\"\n\t\t\t\t>\n\t\t\t\t\t<span class=\"overlay\"><\/span>\n\t\t\t\t<\/a>\n\t\t\t\t\t<\/div>\n\t\t<h3 class=\"sow-carousel-item-title\">\n\t\t\t<a\n\t\t\t\thref=\"https:\/\/inteligentny-rozwoj.com.pl\/index.php\/case-study-strategia-plan-dzialalnosci-miedzynarodowej-msp-produkcja-przemysl-rpconsulting-rafal-pasterczyk\/\"\n\t\t\t\tid=\"sow-carousel-id-9953\"\n\t\t\t\t\t\t\t\ttabindex=\"-1\"\n\t\t\t>\n\n\t\t\t\tCase Study: strategia i plan dzia\u0142alno\u015bci mi\u0119dzynarodowej firmy M\u015aP (produkcja, przemys\u0142) | RP CONSULTING Rafa\u0142 Pasterczyk\t\t\t<\/a>\n\t\t<\/h3>\n\t<\/div>\n\t\t<div class=\"sow-carousel-item\" tabindex=\"-1\" style=\"float: left;\">\n\t\t<div class=\"sow-carousel-thumbnail\">\n\t\t\t\t\t\t\t<a\n\t\t\t\t\thref=\"https:\/\/inteligentny-rozwoj.com.pl\/index.php\/case-study-eksport-b2b-rynki-ue-export-sales-manager-rafal-pasterczyk-rpconsulting\/\"\n\t\t\t\t\t\t\t\t\t\tstyle=\"background-image: url( https:\/\/inteligentny-rozwoj.com.pl\/wp-content\/uploads\/2025\/02\/case-study-export-sales-manager-B2B-bizuteria-slubna-fashion-UE-Niemcy-Austria-Holandia-Czechy-Slowacja-RPCONSULTING-Rafal-Pasterczyk-272x182.png )\"\n\t\t\t\t\taria-labelledby=\"sow-carousel-id-9959\"\n\t\t\t\t\ttabindex=\"-1\"\n\t\t\t\t>\n\t\t\t\t\t<span class=\"overlay\"><\/span>\n\t\t\t\t<\/a>\n\t\t\t\t\t<\/div>\n\t\t<h3 class=\"sow-carousel-item-title\">\n\t\t\t<a\n\t\t\t\thref=\"https:\/\/inteligentny-rozwoj.com.pl\/index.php\/case-study-eksport-b2b-rynki-ue-export-sales-manager-rafal-pasterczyk-rpconsulting\/\"\n\t\t\t\tid=\"sow-carousel-id-9959\"\n\t\t\t\t\t\t\t\ttabindex=\"-1\"\n\t\t\t>\n\n\t\t\t\tRozw\u00f3j eksportu B2B marki fashion na rynki UE &#8211; case study: Zewn\u0119trzny Export Sales Manager | Rafa\u0142 Pasterczyk (RP CONSULTING)\t\t\t<\/a>\n\t\t<\/h3>\n\t<\/div>\n\t\t\t<\/div>\n\t\t\t<\/div>\n\n\t<\/div>\n\t\t<input type=\"hidden\" name=\"instance_hash\" value=\"efc9175a\"\/>\n\t<\/div>\n<\/div>","protected":false},"excerpt":{"rendered":"<p>Poznaj informacje na temat nowej perspektywy finansowej &ndash; Fundusze Europejskie 2021-2027 Sprawd&#378; jakie Fundusze Europejskie dla Region&oacute;w zosta&#322;y przewidziane na lata 2021-2027 RPO 2014-2020 &ndash; Informacje archiwalne Fundusze Europejskie w ramach perspektywy finansowej 2014-2020 przewiduj&#261; do realizacji 16 program&oacute;w regionalnych (RPO 2014-2020). Regionalne Programy Operacyjne przygotowane zosta&#322;y dla: 15 region&oacute;w s&#322;abiej rozwini&#281;tych oraz dla wojew&oacute;dztwa [&hellip;]<\/p>\n","protected":false},"author":1,"featured_media":0,"parent":36,"menu_order":5,"comment_status":"closed","ping_status":"closed","template":"","meta":{"_crdt_document":"","content-type":"","_uag_custom_page_level_css":"","footnotes":""},"class_list":["post-478","page","type-page","status-publish","hentry"],"yoast_head":"<!-- This site is optimized with the Yoast SEO plugin v27.3 - https:\/\/yoast.com\/product\/yoast-seo-wordpress\/ -->\n<title>RPO 2014-2020 - Regionalne Programy Operacyjne 2014-2020<\/title>\n<meta name=\"description\" content=\"Regionalne Programy Operacyjne 2014-2020 (RPO 2014-2020) obejmuj\u0105 16 program\u00f3w: 15 dla region\u00f3w s\u0142abiej rozwini\u0119tych oraz program dla woj. mazowieckiego.\" \/>\n<meta name=\"robots\" content=\"index, follow, max-snippet:-1, max-image-preview:large, max-video-preview:-1\" \/>\n<link rel=\"canonical\" href=\"https:\/\/inteligentny-rozwoj.com.pl\/index.php\/fundusze-europejskie-2014-2020\/regionalne-programy-operacyjne-2014-2020-rpo-2014-2020\/\" \/>\n<meta property=\"og:locale\" content=\"pl_PL\" \/>\n<meta property=\"og:type\" content=\"article\" \/>\n<meta property=\"og:title\" content=\"RPO 2014-2020 - Regionalne Programy Operacyjne 2014-2020\" \/>\n<meta property=\"og:description\" content=\"Regionalne Programy Operacyjne 2014-2020 (RPO 2014-2020) obejmuj\u0105 16 program\u00f3w: 15 dla region\u00f3w s\u0142abiej rozwini\u0119tych oraz program dla woj. mazowieckiego.\" \/>\n<meta property=\"og:url\" content=\"https:\/\/inteligentny-rozwoj.com.pl\/index.php\/fundusze-europejskie-2014-2020\/regionalne-programy-operacyjne-2014-2020-rpo-2014-2020\/\" \/>\n<meta property=\"og:site_name\" content=\"RP CONSULTING Rafa\u0142 Pasterczyk | marketing B2B, eksport, dotacje UE\" \/>\n<meta property=\"article:publisher\" content=\"https:\/\/www.facebook.com\/RPConsulting\" \/>\n<meta property=\"article:modified_time\" content=\"2021-12-02T11:15:07+00:00\" \/>\n<meta property=\"og:image\" content=\"https:\/\/inteligentny-rozwoj.com.pl\/wp-content\/uploads\/2021\/06\/rpc_logo_sq.png\" \/>\n\t<meta property=\"og:image:width\" content=\"350\" \/>\n\t<meta property=\"og:image:height\" content=\"300\" \/>\n\t<meta property=\"og:image:type\" content=\"image\/png\" \/>\n<meta name=\"twitter:card\" content=\"summary_large_image\" \/>\n<meta name=\"twitter:site\" content=\"@rp_consulting\" \/>\n<meta name=\"twitter:label1\" content=\"Szacowany czas czytania\" \/>\n\t<meta name=\"twitter:data1\" content=\"2 minuty\" \/>\n<script type=\"application\/ld+json\" class=\"yoast-schema-graph\">{\"@context\":\"https:\\\/\\\/schema.org\",\"@graph\":[{\"@type\":\"Article\",\"@id\":\"https:\\\/\\\/inteligentny-rozwoj.com.pl\\\/index.php\\\/fundusze-europejskie-2014-2020\\\/regionalne-programy-operacyjne-2014-2020-rpo-2014-2020\\\/#article\",\"isPartOf\":{\"@id\":\"https:\\\/\\\/inteligentny-rozwoj.com.pl\\\/index.php\\\/fundusze-europejskie-2014-2020\\\/regionalne-programy-operacyjne-2014-2020-rpo-2014-2020\\\/\"},\"author\":{\"name\":\"RP CONSULTING Rafa\u0142 Pasterczyk\",\"@id\":\"https:\\\/\\\/inteligentny-rozwoj.com.pl\\\/#\\\/schema\\\/person\\\/781a467e5e331ce384632759ecdba772\"},\"headline\":\"RPO 2014-2020\",\"datePublished\":\"2014-09-29T10:29:27+00:00\",\"dateModified\":\"2021-12-02T11:15:07+00:00\",\"mainEntityOfPage\":{\"@id\":\"https:\\\/\\\/inteligentny-rozwoj.com.pl\\\/index.php\\\/fundusze-europejskie-2014-2020\\\/regionalne-programy-operacyjne-2014-2020-rpo-2014-2020\\\/\"},\"wordCount\":302,\"publisher\":{\"@id\":\"https:\\\/\\\/inteligentny-rozwoj.com.pl\\\/#organization\"},\"inLanguage\":\"pl-PL\"},{\"@type\":\"WebPage\",\"@id\":\"https:\\\/\\\/inteligentny-rozwoj.com.pl\\\/index.php\\\/fundusze-europejskie-2014-2020\\\/regionalne-programy-operacyjne-2014-2020-rpo-2014-2020\\\/\",\"url\":\"https:\\\/\\\/inteligentny-rozwoj.com.pl\\\/index.php\\\/fundusze-europejskie-2014-2020\\\/regionalne-programy-operacyjne-2014-2020-rpo-2014-2020\\\/\",\"name\":\"RPO 2014-2020 - Regionalne Programy Operacyjne 2014-2020\",\"isPartOf\":{\"@id\":\"https:\\\/\\\/inteligentny-rozwoj.com.pl\\\/#website\"},\"datePublished\":\"2014-09-29T10:29:27+00:00\",\"dateModified\":\"2021-12-02T11:15:07+00:00\",\"description\":\"Regionalne Programy Operacyjne 2014-2020 (RPO 2014-2020) obejmuj\u0105 16 program\u00f3w: 15 dla region\u00f3w s\u0142abiej rozwini\u0119tych oraz program dla woj. mazowieckiego.\",\"breadcrumb\":{\"@id\":\"https:\\\/\\\/inteligentny-rozwoj.com.pl\\\/index.php\\\/fundusze-europejskie-2014-2020\\\/regionalne-programy-operacyjne-2014-2020-rpo-2014-2020\\\/#breadcrumb\"},\"inLanguage\":\"pl-PL\",\"potentialAction\":[{\"@type\":\"ReadAction\",\"target\":[\"https:\\\/\\\/inteligentny-rozwoj.com.pl\\\/index.php\\\/fundusze-europejskie-2014-2020\\\/regionalne-programy-operacyjne-2014-2020-rpo-2014-2020\\\/\"]}]},{\"@type\":\"BreadcrumbList\",\"@id\":\"https:\\\/\\\/inteligentny-rozwoj.com.pl\\\/index.php\\\/fundusze-europejskie-2014-2020\\\/regionalne-programy-operacyjne-2014-2020-rpo-2014-2020\\\/#breadcrumb\",\"itemListElement\":[{\"@type\":\"ListItem\",\"position\":1,\"name\":\"Fundusze 2014-2020\",\"item\":\"https:\\\/\\\/inteligentny-rozwoj.com.pl\\\/index.php\\\/fundusze-europejskie-2014-2020\\\/\"},{\"@type\":\"ListItem\",\"position\":2,\"name\":\"RPO 2014-2020\"}]},{\"@type\":\"WebSite\",\"@id\":\"https:\\\/\\\/inteligentny-rozwoj.com.pl\\\/#website\",\"url\":\"https:\\\/\\\/inteligentny-rozwoj.com.pl\\\/\",\"name\":\"RP CONSULTING Rafa\u0142 Pasterczyk | marketing B2B, eksport, dotacje UE\",\"description\":\"Tw\u00f3j partner w rozwoju biznesu - skuteczne doradztwo w marketingu B2B, rozwoju eksportu i pozyskiwaniu dotacji\",\"publisher\":{\"@id\":\"https:\\\/\\\/inteligentny-rozwoj.com.pl\\\/#organization\"},\"alternateName\":\"Rafa\u0142 Pasterczyk RP CONSULTING\",\"potentialAction\":[{\"@type\":\"SearchAction\",\"target\":{\"@type\":\"EntryPoint\",\"urlTemplate\":\"https:\\\/\\\/inteligentny-rozwoj.com.pl\\\/?s={search_term_string}\"},\"query-input\":{\"@type\":\"PropertyValueSpecification\",\"valueRequired\":true,\"valueName\":\"search_term_string\"}}],\"inLanguage\":\"pl-PL\"},{\"@type\":\"Organization\",\"@id\":\"https:\\\/\\\/inteligentny-rozwoj.com.pl\\\/#organization\",\"name\":\"RP CONSULTING Rafa\u0142 Pasterczyk\",\"alternateName\":\"Rafa\u0142 Pasterczyk RP CONSULTING\",\"url\":\"https:\\\/\\\/inteligentny-rozwoj.com.pl\\\/\",\"logo\":{\"@type\":\"ImageObject\",\"inLanguage\":\"pl-PL\",\"@id\":\"https:\\\/\\\/inteligentny-rozwoj.com.pl\\\/#\\\/schema\\\/logo\\\/image\\\/\",\"url\":\"https:\\\/\\\/inteligentny-rozwoj.com.pl\\\/wp-content\\\/uploads\\\/2019\\\/01\\\/cropped-rpc_logo_sq-e1546996617786.png\",\"contentUrl\":\"https:\\\/\\\/inteligentny-rozwoj.com.pl\\\/wp-content\\\/uploads\\\/2019\\\/01\\\/cropped-rpc_logo_sq-e1546996617786.png\",\"width\":512,\"height\":512,\"caption\":\"RP CONSULTING Rafa\u0142 Pasterczyk\"},\"image\":{\"@id\":\"https:\\\/\\\/inteligentny-rozwoj.com.pl\\\/#\\\/schema\\\/logo\\\/image\\\/\"},\"sameAs\":[\"https:\\\/\\\/www.facebook.com\\\/RPConsulting\",\"https:\\\/\\\/x.com\\\/rp_consulting\",\"https:\\\/\\\/www.instagram.com\\\/rpconsulting.pl\\\/\",\"https:\\\/\\\/pl.linkedin.com\\\/company\\\/rp-consulting-rpc\",\"https:\\\/\\\/www.linkedin.com\\\/in\\\/rafal-pasterczyk\\\/\"]},{\"@type\":\"Person\",\"@id\":\"https:\\\/\\\/inteligentny-rozwoj.com.pl\\\/#\\\/schema\\\/person\\\/781a467e5e331ce384632759ecdba772\",\"name\":\"RP CONSULTING Rafa\u0142 Pasterczyk\",\"image\":{\"@type\":\"ImageObject\",\"inLanguage\":\"pl-PL\",\"@id\":\"https:\\\/\\\/secure.gravatar.com\\\/avatar\\\/fde501377d5b06ef1fb158c1ea34fe2defd80fd9526b2263a81456023558c240?s=96&d=mm&r=g\",\"url\":\"https:\\\/\\\/secure.gravatar.com\\\/avatar\\\/fde501377d5b06ef1fb158c1ea34fe2defd80fd9526b2263a81456023558c240?s=96&d=mm&r=g\",\"contentUrl\":\"https:\\\/\\\/secure.gravatar.com\\\/avatar\\\/fde501377d5b06ef1fb158c1ea34fe2defd80fd9526b2263a81456023558c240?s=96&d=mm&r=g\",\"caption\":\"RP CONSULTING Rafa\u0142 Pasterczyk\"},\"description\":\"Doradztwo biznesowe, outsourcing i interim management w zakresie marketingu B2B, rozwoju eksportu, a tak\u017ce pozyskiwanie i rozliczanie dotacji na rozw\u00f3j eksportu i cyfryzacj\u0119. Ponad 100 skutecznie zrealizowanych projekt\u00f3w dla M\u015aP. Wiele z nich \u0142\u0105czy doradztwo w zakresie strategii internacjonalizacji ze skutecznym pozyskaniem dofinansowania na dzia\u0142ania na rynkach zagranicznych.\",\"sameAs\":[\"https:\\\/\\\/inteligentny-rozwoj.com.pl\\\/\",\"https:\\\/\\\/www.facebook.com\\\/RPConsulting\\\/\",\"https:\\\/\\\/www.instagram.com\\\/rpconsulting.pl\\\/\",\"https:\\\/\\\/pl.linkedin.com\\\/company\\\/rp-consulting-rpc\",\"https:\\\/\\\/www.youtube.com\\\/@RPCONSULTING-b2b\"],\"url\":\"https:\\\/\\\/inteligentny-rozwoj.com.pl\\\/index.php\\\/author\\\/rpconsulting\\\/\"}]}<\/script>\n<!-- \/ Yoast SEO plugin. -->","yoast_head_json":{"title":"RPO 2014-2020 - Regionalne Programy Operacyjne 2014-2020","description":"Regionalne Programy Operacyjne 2014-2020 (RPO 2014-2020) obejmuj\u0105 16 program\u00f3w: 15 dla region\u00f3w s\u0142abiej rozwini\u0119tych oraz program dla woj. mazowieckiego.","robots":{"index":"index","follow":"follow","max-snippet":"max-snippet:-1","max-image-preview":"max-image-preview:large","max-video-preview":"max-video-preview:-1"},"canonical":"https:\/\/inteligentny-rozwoj.com.pl\/index.php\/fundusze-europejskie-2014-2020\/regionalne-programy-operacyjne-2014-2020-rpo-2014-2020\/","og_locale":"pl_PL","og_type":"article","og_title":"RPO 2014-2020 - Regionalne Programy Operacyjne 2014-2020","og_description":"Regionalne Programy Operacyjne 2014-2020 (RPO 2014-2020) obejmuj\u0105 16 program\u00f3w: 15 dla region\u00f3w s\u0142abiej rozwini\u0119tych oraz program dla woj. mazowieckiego.","og_url":"https:\/\/inteligentny-rozwoj.com.pl\/index.php\/fundusze-europejskie-2014-2020\/regionalne-programy-operacyjne-2014-2020-rpo-2014-2020\/","og_site_name":"RP CONSULTING Rafa\u0142 Pasterczyk | marketing B2B, eksport, dotacje UE","article_publisher":"https:\/\/www.facebook.com\/RPConsulting","article_modified_time":"2021-12-02T11:15:07+00:00","og_image":[{"width":350,"height":300,"url":"https:\/\/inteligentny-rozwoj.com.pl\/wp-content\/uploads\/2021\/06\/rpc_logo_sq.png","type":"image\/png"}],"twitter_card":"summary_large_image","twitter_site":"@rp_consulting","twitter_misc":{"Szacowany czas czytania":"2 minuty"},"schema":{"@context":"https:\/\/schema.org","@graph":[{"@type":"Article","@id":"https:\/\/inteligentny-rozwoj.com.pl\/index.php\/fundusze-europejskie-2014-2020\/regionalne-programy-operacyjne-2014-2020-rpo-2014-2020\/#article","isPartOf":{"@id":"https:\/\/inteligentny-rozwoj.com.pl\/index.php\/fundusze-europejskie-2014-2020\/regionalne-programy-operacyjne-2014-2020-rpo-2014-2020\/"},"author":{"name":"RP CONSULTING Rafa\u0142 Pasterczyk","@id":"https:\/\/inteligentny-rozwoj.com.pl\/#\/schema\/person\/781a467e5e331ce384632759ecdba772"},"headline":"RPO 2014-2020","datePublished":"2014-09-29T10:29:27+00:00","dateModified":"2021-12-02T11:15:07+00:00","mainEntityOfPage":{"@id":"https:\/\/inteligentny-rozwoj.com.pl\/index.php\/fundusze-europejskie-2014-2020\/regionalne-programy-operacyjne-2014-2020-rpo-2014-2020\/"},"wordCount":302,"publisher":{"@id":"https:\/\/inteligentny-rozwoj.com.pl\/#organization"},"inLanguage":"pl-PL"},{"@type":"WebPage","@id":"https:\/\/inteligentny-rozwoj.com.pl\/index.php\/fundusze-europejskie-2014-2020\/regionalne-programy-operacyjne-2014-2020-rpo-2014-2020\/","url":"https:\/\/inteligentny-rozwoj.com.pl\/index.php\/fundusze-europejskie-2014-2020\/regionalne-programy-operacyjne-2014-2020-rpo-2014-2020\/","name":"RPO 2014-2020 - Regionalne Programy Operacyjne 2014-2020","isPartOf":{"@id":"https:\/\/inteligentny-rozwoj.com.pl\/#website"},"datePublished":"2014-09-29T10:29:27+00:00","dateModified":"2021-12-02T11:15:07+00:00","description":"Regionalne Programy Operacyjne 2014-2020 (RPO 2014-2020) obejmuj\u0105 16 program\u00f3w: 15 dla region\u00f3w s\u0142abiej rozwini\u0119tych oraz program dla woj. mazowieckiego.","breadcrumb":{"@id":"https:\/\/inteligentny-rozwoj.com.pl\/index.php\/fundusze-europejskie-2014-2020\/regionalne-programy-operacyjne-2014-2020-rpo-2014-2020\/#breadcrumb"},"inLanguage":"pl-PL","potentialAction":[{"@type":"ReadAction","target":["https:\/\/inteligentny-rozwoj.com.pl\/index.php\/fundusze-europejskie-2014-2020\/regionalne-programy-operacyjne-2014-2020-rpo-2014-2020\/"]}]},{"@type":"BreadcrumbList","@id":"https:\/\/inteligentny-rozwoj.com.pl\/index.php\/fundusze-europejskie-2014-2020\/regionalne-programy-operacyjne-2014-2020-rpo-2014-2020\/#breadcrumb","itemListElement":[{"@type":"ListItem","position":1,"name":"Fundusze 2014-2020","item":"https:\/\/inteligentny-rozwoj.com.pl\/index.php\/fundusze-europejskie-2014-2020\/"},{"@type":"ListItem","position":2,"name":"RPO 2014-2020"}]},{"@type":"WebSite","@id":"https:\/\/inteligentny-rozwoj.com.pl\/#website","url":"https:\/\/inteligentny-rozwoj.com.pl\/","name":"RP CONSULTING Rafa\u0142 Pasterczyk | marketing B2B, eksport, dotacje UE","description":"Tw\u00f3j partner w rozwoju biznesu - skuteczne doradztwo w marketingu B2B, rozwoju eksportu i pozyskiwaniu dotacji","publisher":{"@id":"https:\/\/inteligentny-rozwoj.com.pl\/#organization"},"alternateName":"Rafa\u0142 Pasterczyk RP CONSULTING","potentialAction":[{"@type":"SearchAction","target":{"@type":"EntryPoint","urlTemplate":"https:\/\/inteligentny-rozwoj.com.pl\/?s={search_term_string}"},"query-input":{"@type":"PropertyValueSpecification","valueRequired":true,"valueName":"search_term_string"}}],"inLanguage":"pl-PL"},{"@type":"Organization","@id":"https:\/\/inteligentny-rozwoj.com.pl\/#organization","name":"RP CONSULTING Rafa\u0142 Pasterczyk","alternateName":"Rafa\u0142 Pasterczyk RP CONSULTING","url":"https:\/\/inteligentny-rozwoj.com.pl\/","logo":{"@type":"ImageObject","inLanguage":"pl-PL","@id":"https:\/\/inteligentny-rozwoj.com.pl\/#\/schema\/logo\/image\/","url":"https:\/\/inteligentny-rozwoj.com.pl\/wp-content\/uploads\/2019\/01\/cropped-rpc_logo_sq-e1546996617786.png","contentUrl":"https:\/\/inteligentny-rozwoj.com.pl\/wp-content\/uploads\/2019\/01\/cropped-rpc_logo_sq-e1546996617786.png","width":512,"height":512,"caption":"RP CONSULTING Rafa\u0142 Pasterczyk"},"image":{"@id":"https:\/\/inteligentny-rozwoj.com.pl\/#\/schema\/logo\/image\/"},"sameAs":["https:\/\/www.facebook.com\/RPConsulting","https:\/\/x.com\/rp_consulting","https:\/\/www.instagram.com\/rpconsulting.pl\/","https:\/\/pl.linkedin.com\/company\/rp-consulting-rpc","https:\/\/www.linkedin.com\/in\/rafal-pasterczyk\/"]},{"@type":"Person","@id":"https:\/\/inteligentny-rozwoj.com.pl\/#\/schema\/person\/781a467e5e331ce384632759ecdba772","name":"RP CONSULTING Rafa\u0142 Pasterczyk","image":{"@type":"ImageObject","inLanguage":"pl-PL","@id":"https:\/\/secure.gravatar.com\/avatar\/fde501377d5b06ef1fb158c1ea34fe2defd80fd9526b2263a81456023558c240?s=96&d=mm&r=g","url":"https:\/\/secure.gravatar.com\/avatar\/fde501377d5b06ef1fb158c1ea34fe2defd80fd9526b2263a81456023558c240?s=96&d=mm&r=g","contentUrl":"https:\/\/secure.gravatar.com\/avatar\/fde501377d5b06ef1fb158c1ea34fe2defd80fd9526b2263a81456023558c240?s=96&d=mm&r=g","caption":"RP CONSULTING Rafa\u0142 Pasterczyk"},"description":"Doradztwo biznesowe, outsourcing i interim management w zakresie marketingu B2B, rozwoju eksportu, a tak\u017ce pozyskiwanie i rozliczanie dotacji na rozw\u00f3j eksportu i cyfryzacj\u0119. Ponad 100 skutecznie zrealizowanych projekt\u00f3w dla M\u015aP. Wiele z nich \u0142\u0105czy doradztwo w zakresie strategii internacjonalizacji ze skutecznym pozyskaniem dofinansowania na dzia\u0142ania na rynkach zagranicznych.","sameAs":["https:\/\/inteligentny-rozwoj.com.pl\/","https:\/\/www.facebook.com\/RPConsulting\/","https:\/\/www.instagram.com\/rpconsulting.pl\/","https:\/\/pl.linkedin.com\/company\/rp-consulting-rpc","https:\/\/www.youtube.com\/@RPCONSULTING-b2b"],"url":"https:\/\/inteligentny-rozwoj.com.pl\/index.php\/author\/rpconsulting\/"}]}},"uagb_featured_image_src":{"full":false,"thumbnail":false,"medium":false,"medium_large":false,"large":false,"1536x1536":false,"2048x2048":false,"post-thumbnail":false,"sow-carousel-default":false,"sow-blog-portfolio":false,"sow-blog-grid":false,"sow-blog-alternate":false},"uagb_author_info":{"display_name":"RP CONSULTING Rafa\u0142 Pasterczyk","author_link":"https:\/\/inteligentny-rozwoj.com.pl\/index.php\/author\/rpconsulting\/"},"uagb_comment_info":0,"uagb_excerpt":"Poznaj informacje na temat nowej perspektywy finansowej &ndash; Fundusze Europejskie 2021-2027 Sprawd&#378; jakie Fundusze Europejskie dla Region&oacute;w zosta&#322;y przewidziane na lata 2021-2027 RPO 2014-2020 &ndash; Informacje archiwalne Fundusze Europejskie w ramach perspektywy finansowej 2014-2020 przewiduj&#261; do realizacji 16 program&oacute;w regionalnych (RPO 2014-2020). Regionalne Programy Operacyjne przygotowane zosta&#322;y dla: 15 region&oacute;w s&#322;abiej rozwini&#281;tych oraz dla wojew&oacute;dztwa&hellip;","_links":{"self":[{"href":"https:\/\/inteligentny-rozwoj.com.pl\/index.php\/wp-json\/wp\/v2\/pages\/478","targetHints":{"allow":["GET"]}}],"collection":[{"href":"https:\/\/inteligentny-rozwoj.com.pl\/index.php\/wp-json\/wp\/v2\/pages"}],"about":[{"href":"https:\/\/inteligentny-rozwoj.com.pl\/index.php\/wp-json\/wp\/v2\/types\/page"}],"author":[{"embeddable":true,"href":"https:\/\/inteligentny-rozwoj.com.pl\/index.php\/wp-json\/wp\/v2\/users\/1"}],"replies":[{"embeddable":true,"href":"https:\/\/inteligentny-rozwoj.com.pl\/index.php\/wp-json\/wp\/v2\/comments?post=478"}],"version-history":[{"count":13,"href":"https:\/\/inteligentny-rozwoj.com.pl\/index.php\/wp-json\/wp\/v2\/pages\/478\/revisions"}],"predecessor-version":[{"id":6414,"href":"https:\/\/inteligentny-rozwoj.com.pl\/index.php\/wp-json\/wp\/v2\/pages\/478\/revisions\/6414"}],"up":[{"embeddable":true,"href":"https:\/\/inteligentny-rozwoj.com.pl\/index.php\/wp-json\/wp\/v2\/pages\/36"}],"wp:attachment":[{"href":"https:\/\/inteligentny-rozwoj.com.pl\/index.php\/wp-json\/wp\/v2\/media?parent=478"}],"curies":[{"name":"wp","href":"https:\/\/api.w.org\/{rel}","templated":true}]}}