{"id":5338,"date":"2021-05-10T16:55:41","date_gmt":"2021-05-10T14:55:41","guid":{"rendered":"https:\/\/inteligentny-rozwoj.com.pl\/?page_id=5338"},"modified":"2026-03-28T18:06:28","modified_gmt":"2026-03-28T17:06:28","slug":"fundusze-europejskie-2021-2027","status":"publish","type":"page","link":"https:\/\/inteligentny-rozwoj.com.pl\/index.php\/fundusze-europejskie-2021-2027\/","title":{"rendered":"Fundusze 2021-2027"},"content":{"rendered":"\n<p class=\"wp-block-paragraph\">Fundusze Europejskie 2021-2027 to&nbsp;<strong>72,2 miliarda euro<\/strong>&nbsp;z polityki sp\u00f3jno\u015bci oraz&nbsp;<strong>3,8 mld euro<\/strong> z Funduszu na rzecz Sprawiedliwej Transformacji. <a aria-label=\"\u0141\u0105cznie dla naszego kraju to oko\u0142o&nbsp;76 miliard\u00f3w euro (otwiera si\u0119 na nowej zak\u0142adce)\" href=\"https:\/\/www.funduszeeuropejskie.gov.pl\/strony\/o-funduszach\/fundusze-na-lata-2021-2027\/\" target=\"_blank\" rel=\"noreferrer noopener\">\u0141\u0105cznie dla naszego kraju to oko\u0142o&nbsp;<\/a><strong><a aria-label=\"\u0141\u0105cznie dla naszego kraju to oko\u0142o&nbsp;76 miliard\u00f3w euro (otwiera si\u0119 na nowej zak\u0142adce)\" href=\"https:\/\/www.funduszeeuropejskie.gov.pl\/strony\/o-funduszach\/fundusze-na-lata-2021-2027\/\" target=\"_blank\" rel=\"noreferrer noopener\">76 miliard\u00f3w euro<\/a><\/strong>.<br> <br>\u015arodki zostan\u0105 przeznaczone na realizacj\u0119 inwestycji w <a href=\"https:\/\/inteligentny-rozwoj.com.pl\/index.php\/pozyskiwanie-dotacji-unijnych-dotacje-z-funduszy-europejskich\/dotacje-na-innowacje\/\" target=\"_blank\" rel=\"noreferrer noopener\">innowacje<\/a>, przedsi\u0119biorczo\u015b\u0107, <a href=\"https:\/\/inteligentny-rozwoj.com.pl\/index.php\/pozyskiwanie-dotacji-unijnych-dotacje-z-funduszy-europejskich\/dotacje-na-cyfryzacje\/\" target=\"_blank\" rel=\"noreferrer noopener\">cyfryzacj\u0119<\/a>, infrastruktur\u0119, ochron\u0119 \u015brodowiska, energetyk\u0119, edukacj\u0119 i sprawy spo\u0142eczne.<\/p>\n\n\n\n<p class=\"wp-block-paragraph\">Podstawowym dokumentem, kt\u00f3ry okre\u015bla wsp\u00f3\u0142prac\u0119 Unii Europejskiej z Polsk\u0105, w tym zakresie jest <strong><a href=\"https:\/\/www.funduszeeuropejskie.gov.pl\/strony\/o-funduszach\/fundusze-na-lata-2021-2027\/dowiedz-sie-wiecej-o-funduszach-europejskich-na-lata-2021-2027\/#Umowa%20Partnerstwa\" target=\"_blank\" rel=\"noreferrer noopener\" aria-label=\"Umowa Partnerstwa (otwiera si\u0119 na nowej zak\u0142adce)\">Umowa Partnerstwa<\/a><\/strong> &#8211; uzgodniona z Komisj\u0105 Europejsk\u0105 strategia wykorzystania Funduszy Europejskich.&nbsp;Dokument okre\u015bla cele i spos\u00f3b inwestowania funduszy unijnych z polityki sp\u00f3jno\u015bci w perspektywie finansowej 2021-2027.<\/p>\n\n\n\n<p class=\"has-medium-font-size wp-block-paragraph\"><strong>Chcesz dowiedzie\u0107 si\u0119 wi\u0119cej na temat mo\u017cliwo\u015bci rozwoju i finansowania Twojego biznesu M\u015aP?<\/strong><\/p>\n\n\n\n<p class=\"wp-block-paragraph\">&#x1f3a7;&#x1f399;&#xfe0f;<strong>S\u0142uchaj Podcastu MDE: Marketing, Dotacje, Eksport<\/strong> &#x1f447;<\/p>\n\n\n\n<figure class=\"wp-block-image size-large\"><img loading=\"lazy\" decoding=\"async\" width=\"1024\" height=\"576\" src=\"https:\/\/inteligentny-rozwoj.com.pl\/wp-content\/uploads\/2025\/11\/MDE-Marketing-Dotacje-Eksport-Podcast-dla-MSP-Strategie-rozwoju-biznesu-B2B-RPConsulting.pl_-1024x576.png\" alt=\"Podcast MDE: Marketing, Dotacje, Eksport - strategie rozwoju biznesu B2B dla M\u015aP\" class=\"wp-image-9477\" srcset=\"https:\/\/inteligentny-rozwoj.com.pl\/wp-content\/uploads\/2025\/11\/MDE-Marketing-Dotacje-Eksport-Podcast-dla-MSP-Strategie-rozwoju-biznesu-B2B-RPConsulting.pl_-1024x576.png 1024w, https:\/\/inteligentny-rozwoj.com.pl\/wp-content\/uploads\/2025\/11\/MDE-Marketing-Dotacje-Eksport-Podcast-dla-MSP-Strategie-rozwoju-biznesu-B2B-RPConsulting.pl_-300x169.png 300w, https:\/\/inteligentny-rozwoj.com.pl\/wp-content\/uploads\/2025\/11\/MDE-Marketing-Dotacje-Eksport-Podcast-dla-MSP-Strategie-rozwoju-biznesu-B2B-RPConsulting.pl_-768x432.png 768w, https:\/\/inteligentny-rozwoj.com.pl\/wp-content\/uploads\/2025\/11\/MDE-Marketing-Dotacje-Eksport-Podcast-dla-MSP-Strategie-rozwoju-biznesu-B2B-RPConsulting.pl_-536x302.png 536w, https:\/\/inteligentny-rozwoj.com.pl\/wp-content\/uploads\/2025\/11\/MDE-Marketing-Dotacje-Eksport-Podcast-dla-MSP-Strategie-rozwoju-biznesu-B2B-RPConsulting.pl_.png 1280w\" sizes=\"auto, (max-width: 1024px) 100vw, 1024px\" \/><\/figure>\n\n\n\n<div class=\"wp-block-uagb-buttons uagb-buttons__outer-wrap uagb-btn__default-btn uagb-btn-tablet__default-btn uagb-btn-mobile__default-btn uagb-block-125ebb32\"><div class=\"uagb-buttons__wrap uagb-buttons-layout-wrap \">\n<div class=\"wp-block-uagb-buttons-child uagb-buttons__outer-wrap uagb-block-e6a284f2 wp-block-button\"><div class=\"uagb-button__wrapper\"><a class=\"uagb-buttons-repeater wp-block-button__link\" aria-label=\"\" href=\"https:\/\/www.youtube.com\/playlist?list=PL3hKEdsRj3HTwJ8iJVKVPO-vRdvgioJlV\" rel=\"follow noopener\" target=\"_blank\" role=\"button\"><div class=\"uagb-button__link\">You Tube<\/div><\/a><\/div><\/div>\n\n\n\n<div class=\"wp-block-uagb-buttons-child uagb-buttons__outer-wrap uagb-block-59a441f4 wp-block-button\"><div class=\"uagb-button__wrapper\"><a class=\"uagb-buttons-repeater wp-block-button__link\" aria-label=\"\" href=\"https:\/\/open.spotify.com\/show\/5k6WEM0N60z1esfJQdjPeR\" rel=\"follow noopener\" target=\"_blank\" role=\"button\"><div class=\"uagb-button__link\">Spotify<\/div><\/a><\/div><\/div>\n\n\n\n<div class=\"wp-block-uagb-buttons-child uagb-buttons__outer-wrap uagb-block-7e8d3ec4 wp-block-button\"><div class=\"uagb-button__wrapper\"><a class=\"uagb-buttons-repeater wp-block-button__link\" aria-label=\"\" href=\"https:\/\/podcasts.apple.com\/rw\/podcast\/marketing-dotacje-eksport-mde-podcast-dla-m%C5%9Bp\/id1852282111\" rel=\"follow noopener\" target=\"_blank\" role=\"button\"><div class=\"uagb-button__link\">Apple Podcast<\/div><\/a><\/div><\/div>\n<\/div><\/div>\n\n\n\n<p class=\"wp-block-paragraph\"><\/p>\n\n\n\n<h2 class=\"wp-block-heading\">Fundusze<\/h2>\n\n\n\n<p class=\"wp-block-paragraph\">Polityka sp\u00f3jno\u015bci na lata 2021-2027 ma obejmowa\u0107 nast\u0119puj\u0105ce fundusze:<\/p>\n\n\n\n<ul class=\"wp-block-list\">\n<li><strong>Europejski Fundusz<br>Rozwoju Regionalnego (EFRR)<\/strong> &#8211; s\u0142u\u017cy wzmacnianiu sp\u00f3jno\u015bci gospodarczej i<br>spo\u0142ecznej Unii Europejskiej. Ma on \u0142agodzi\u0107 dysproporcje w rozwoju<br>europejskich region\u00f3w i zmniejsza\u0107 braki w zakresie rozwoju region\u00f3w<br>znajduj\u0105cych si\u0119 w najmniej korzystnej sytuacji<\/li>\n\n\n\n<li><strong>Fundusz Sp\u00f3jno\u015bci (FS)<\/strong> &#8211; s\u0142u\u017cy redukowaniu<br>dysproporcji gospodarczych i spo\u0142ecznych oraz promowaniu zr\u00f3wnowa\u017conego<br>rozwoju. W jego ramach realizowane s\u0105 strategiczne projekty w obszarach ochrony<br>\u015brodowiska i transportu, w tym transeuropejskich sieci transportowych (TEN-T)<\/li>\n\n\n\n<li><strong>Europejski Fundusz<br>Spo\u0142eczny+ (EFS+)<\/strong> &#8211; ma by\u0107 g\u0142\u00f3wnym narz\u0119dziem UE s\u0142u\u017c\u0105cym zwi\u0119kszaniu sp\u00f3jno\u015bci spo\u0142ecznej i<br>gospodarczej, odpowiadaniu na wyzwania rynku pracy i wyzwania spo\u0142eczne oraz<br>stymulowaniu zr\u00f3wnowa\u017conego rozwoju gospodarczego poprzez inwestowanie w<br>kapita\u0142 ludzki. EFS+ b\u0119dzie obejmowa\u0107 obecnie rozproszone instrumenty: EFS,<br>Inicjatyw\u0119 na rzecz os\u00f3b m\u0142odych (YEI), Europejski Fundusz Pomocy Najbardziej<br>Potrzebuj\u0105cym (FEAD) oraz Europejski Program na rzecz Zatrudnienia i Innowacji<br>Spo\u0142ecznych (EaSI)<\/li>\n<\/ul>\n\n\n\n<p class=\"wp-block-paragraph\">Proponowane fundusze polityki sp\u00f3jno\u015bci b\u0119dzie uzupe\u0142nia\u0142&nbsp;<strong>Fundusz\nSprawiedliwej Transformacji<\/strong>. Jest on cz\u0119\u015bci\u0105 <strong>Europejskiego Zielonego \u0141adu<\/strong> (European Green Deal) i elementem (I\nfilarem) Mechanizmu Sprawiedliwej Transformacji. Celem FST jest \u0142agodzenie\nskutk\u00f3w spo\u0142ecznych i ekonomicznych transformacji energetycznej.<\/p>\n\n\n\n<p class=\"wp-block-paragraph\"><strong>Europejski Fundusz Morski i Rybacki<\/strong>&nbsp;<strong>(EFMR)<\/strong>\nto fundusz na rzecz unijnej polityki morskiej i rybo\u0142\u00f3wstwa. Celem funduszu\njest szeroko rozumiane wsparcie spo\u0142eczno\u015bci nadmorskich, w tym m.in.\nwspieranie rybak\u00f3w w przechodzeniu na zr\u00f3wnowa\u017cone rybo\u0142\u00f3wstwo czy finansowanie\nprojekt\u00f3w przyczyniaj\u0105cych si\u0119 do tworzenia nowych miejsc pracy oraz\npodnoszenia jako\u015bci \u017cycia spo\u0142eczno\u015bci nadmorskich w Europie.<\/p>\n\n\n\n<h2 class=\"wp-block-heading\">Programy<\/h2>\n\n\n\n<p class=\"wp-block-paragraph\"><a href=\"https:\/\/www.funduszeeuropejskie.gov.pl\/strony\/o-funduszach\/fundusze-na-lata-2021-2027\/konsultacje-up\/o-funduszach\/\" target=\"_blank\" rel=\"noreferrer noopener\">Za\u0142o\u017cenia Umowy Partnerstwa<\/a> realizowane b\u0119d\u0105 z <strong>program\u00f3w krajowych<\/strong> i <strong>regionalnych<\/strong>. Okre\u015blaj\u0105 one priorytetowe obszary wsparcia i wyznaczaj\u0105 konkretne dzia\u0142ania.<\/p>\n\n\n\n<p class=\"wp-block-paragraph\">Podobnie jak w latach 2014-2020 r\u00f3wnie\u017c w perspektywie finansowej (fundusze europejskie 2021-2027) oko\u0142o 60% funduszy z polityki sp\u00f3jno\u015bci trafi do program\u00f3w krajowych. Pozosta\u0142e 40% otrzymaj\u0105 programy regionalne, zarz\u0105dzane przez marsza\u0142k\u00f3w wojew\u00f3dztw.<\/p>\n\n\n\n<ul class=\"wp-block-list\">\n<li><a href=\"https:\/\/www.funduszeeuropejskie.gov.pl\/strony\/o-funduszach\/fundusze-na-lata-2021-2027\/dowiedz-sie-wiecej-o-funduszach-europejskich-na-lata-2021-2027\/#Programy\" target=\"_blank\" rel=\"noreferrer noopener\"><strong><span class=\"tadv-color\" style=\"color:#cf2e2e\">Znany jest podzia\u0142 \u015brodk\u00f3w na poszczeg\u00f3lne programy krajowe i regionalne<\/span><\/strong><\/a><\/li>\n<\/ul>\n\n\n\n<p class=\"wp-block-paragraph\"><strong>Programy krajowe<\/strong> b\u0119d\u0105 tematycznie\nzbli\u017cone do tych realizowanych obecnie. Oznacza to, \u017ce pieni\u0105dze z polityki\nsp\u00f3jno\u015bci zainwestujemy mi\u0119dzy innymi w rozw\u00f3j infrastruktury i ochron\u0119 \u015brodowiska,\npowi\u0119kszanie kapita\u0142u ludzkiego, budowanie kompetencji cyfrowych czy wsparcie\nmakroregionu Polski Wschodniej.<\/p>\n\n\n\n<p class=\"wp-block-paragraph\">Programy b\u0119d\u0105 mia\u0142y podobny zakres tematyczny do tych, kt\u00f3re funkcjonowa\u0142y w perspektywie 2014-2020, dlatego w zestawieniu \u201eumownie\u201d u\u017cyto nazw dotychczasowych program\u00f3w.<\/p>\n\n\n\n<h2 class=\"wp-block-heading\">Fundusze Europejskie 2021-2027 &#8211; Programy Krajowe<\/h2>\n\n\n\n<p class=\"wp-block-paragraph\">Podzia\u0142 \u015brodk\u00f3w na poszczeg\u00f3lne <strong>programy\nkrajowe<\/strong> w perspektywie finansowej (Fundusze Europejskie 2021-2027):<\/p>\n\n\n\n<ul class=\"wp-block-list\">\n<li><a href=\"https:\/\/inteligentny-rozwoj.com.pl\/index.php\/fundusze-europejskie-2021-2027\/feniks-fundusze-europejskie-na-infrastrukture-klimat-srodowisko-2021-2027\/\" target=\"_blank\" rel=\"noreferrer noopener\"><strong>FEnIKS &#8211; Fundusze Europejskie na Infrastruktur\u0119, Klimat, \u015arodowisko 2021-2027<\/strong><\/a> \u2013 25,1 mld euro (mi\u0119dzy innymi      najwi\u0119ksze inwestycje infrastrukturalne, drogi, koleje, transport      publiczny, ochrona \u015brodowiska)<\/li>\n\n\n\n<li><a href=\"https:\/\/inteligentny-rozwoj.com.pl\/index.php\/fundusze-europejskie-2021-2027\/feng-fundusze-europejskie-dla-nowoczesnej-gospodarki-2021-2027\/\" target=\"_blank\" rel=\"noreferrer noopener\"><strong>FENG &#8211; Fundusze Europejskie dla nowoczesnej gospodarki<\/strong><\/a> \u2013 8 mld euro (mi\u0119dzy innymi      innowacje, wsp\u00f3\u0142praca nauki i biznesu)<\/li>\n\n\n\n<li><a href=\"https:\/\/inteligentny-rozwoj.com.pl\/index.php\/fundusze-europejskie-2021-2027\/fers-fundusze-europejskie-dla-rozwoju-spolecznego-2021-2027\/\" target=\"_blank\" rel=\"noreferrer noopener\"><strong>FERS &#8211; Fundusze Europejskie dla Rozwoju Spo\u0142ecznego 2021-2027<\/strong><\/a> \u2013 4,3 mld euro (mi\u0119dzy innymi      nauka, edukacja, \u017c\u0142obki, sprawy spo\u0142eczne)<\/li>\n\n\n\n<li><a href=\"https:\/\/inteligentny-rozwoj.com.pl\/index.php\/fundusze-europejskie-2021-2027\/ferc-fundusze-europejskie-na-rozwoj-cyfrowy-2021-2027\/\" target=\"_blank\" rel=\"noreferrer noopener\"><strong>FERC \u2013 Fundusze Europejskie na Rozw\u00f3j Cyfrowy 2021-2027<\/strong><\/a> &#8211; 2 mld euro (mi\u0119dzy innymi cyfryzacja, sieci      szerokopasmowe)<\/li>\n\n\n\n<li><a href=\"https:\/\/inteligentny-rozwoj.com.pl\/index.php\/fundusze-europejskie-2021-2027\/fepw-fundusze-europejskie-dla-polski-wschodniej-2021-2027\/\" target=\"_blank\" rel=\"noreferrer noopener\"><strong>FEPW &#8211; Fundusze Europejskie dla Polski Wschodniej<\/strong><\/a> \u2013 2,5 mld euro (specjalna pula      wsparcia dla wojew\u00f3dztw Polski Wschodniej)<\/li>\n\n\n\n<li><a href=\"https:\/\/www.popt.gov.pl\/strony\/o-programie\/pomoc-techniczna-dla-funduszy-europejskich-na-lata-2021-2027\/\" target=\"_blank\" rel=\"noreferrer noopener\"><strong>Pomoc Techniczna<\/strong> <strong>dla Funduszy Europejskich na lata 2021-2027<\/strong><\/a> \u2013 0,5 mld euro (wsparcie dla      instytucji wdra\u017caj\u0105cych fundusze UE)<\/li>\n\n\n\n<li><strong>Program dotycz\u0105cy sprawiedliwej transformacji<\/strong> \u2013 4,4 mld euro (pomoc w      transformacji dla region\u00f3w g\u00f3rniczych: \u015bl\u0105skiego, ma\u0142opolskiego, dolno\u015bl\u0105skiego,      wielkopolskiego, \u0142\u00f3dzkiego i lubelskiego)<\/li>\n\n\n\n<li><strong>Program Pomoc \u017bywno\u015bciowa<\/strong> \u2013 0,2 mld euro<\/li>\n\n\n\n<li><strong>Program Ryby<\/strong> \u2013 0,5 mld euro<\/li>\n\n\n\n<li><a href=\"https:\/\/www.ewt.gov.pl\/strony\/o-programach\/programy-interreg-2021-2027\/konsultacje-programow\/\" target=\"_blank\" rel=\"noreferrer noopener\"><strong>Programy Europejskiej Wsp\u00f3\u0142pracy Terytorialnej<\/strong><\/a> \u2013 0,56 mld euro.<\/li>\n<\/ul>\n\n\n\n<h2 class=\"wp-block-heading\">Fundusze Europejskie 2021-2027 &#8211; Programy Regionalne<\/h2>\n\n\n\n<p class=\"wp-block-paragraph\">Podzia\u0142 \u015brodk\u00f3w na poszczeg\u00f3lne <strong><a href=\"https:\/\/inteligentny-rozwoj.com.pl\/index.php\/fundusze-europejskie-2021-2027\/fundusze-europejskie-dla-regionow-2021-2027\/\" target=\"_blank\" rel=\"noreferrer noopener\">programy regionalne<\/a><\/strong> w perspektywie finansowej (Fundusze Europejskie 2021-2027), <a href=\"https:\/\/www.funduszeeuropejskie.gov.pl\/Strony\/o-funduszach\/Fundusze-2021-2027\/Aktualnosci\/Komisja-Europejska-zatwierdzila-16-programow-regionalnych-dla-Polski\" target=\"_blank\" rel=\"noreferrer noopener\">zgodnie ze stanem na dzie\u0144 8 grudnia 2022<\/a>, kiedy to Komisja Europejska zatwierdzi\u0142a wszystkie 16 program\u00f3w regionalnych:<\/p>\n\n\n\n<ul class=\"wp-block-list\">\n<li><a href=\"https:\/\/inteligentny-rozwoj.com.pl\/index.php\/fundusze-europejskie-2021-2027\/fundusze-europejskie-dla-dolnego-slaska-2021-2027\/\" target=\"_blank\" rel=\"noreferrer noopener\">dolno\u015bl\u0105skie<\/a> \u2013 Fundusze Europejskie dla Dolnego \u015al\u0105ska 2021-2027 \u2013 2,31 mld euro<\/li>\n\n\n\n<li><a href=\"https:\/\/inteligentny-rozwoj.com.pl\/index.php\/fundusze-europejskie-2021-2027\/fundusze-europejskie-dla-kujaw-i-pomorza-2021-2027-fekp\/\" target=\"_blank\" rel=\"noreferrer noopener\">kujawsko-pomorskie<\/a> \u2013 Fundusze Europejskie dla Kujaw i Pomorza 2021-2027 \u2013 1,84 mld euro<\/li>\n\n\n\n<li><a href=\"https:\/\/inteligentny-rozwoj.com.pl\/index.php\/fundusze-europejskie-2021-2027\/fundusze-europejskie-dla-lubelskiego-2021-2027\/\" target=\"_blank\" rel=\"noreferrer noopener\">lubelskie<\/a> \u2013 Fundusze Europejskie dla Lubelskiego 2021-2027 \u2013 2,43 mld euro<\/li>\n\n\n\n<li><a href=\"https:\/\/inteligentny-rozwoj.com.pl\/index.php\/fundusze-europejskie-2021-2027\/fundusze-europejskie-wojewodztwa-lubuskiego-2021-2027\/\" target=\"_blank\" rel=\"noreferrer noopener\">lubuskie<\/a> \u2013 Fundusze Europejskie dla Lubuskiego 2021-2027 \u2013 0,91 mld euro<\/li>\n\n\n\n<li><a href=\"https:\/\/inteligentny-rozwoj.com.pl\/index.php\/fundusze-europejskie-2021-2027\/fundusze-europejskie-dla-lodzkiego-2027-fel\/\" target=\"_blank\" rel=\"noreferrer noopener\">\u0142\u00f3dzkie<\/a> \u2013 Fundusze Europejskie dla \u0141\u00f3dzkiego 2021-2027 \u2013 2,74 mld euro<\/li>\n\n\n\n<li><a href=\"https:\/\/inteligentny-rozwoj.com.pl\/index.php\/fundusze-europejskie-2021-2027\/fundusze-europejskie-dla-malopolski-2021-2027\/\" target=\"_blank\" rel=\"noreferrer noopener\">ma\u0142opolskie <\/a>\u2013 Fundusze Europejskie dla Ma\u0142opolski 2021-2027 \u2013 2,69 mld euro<\/li>\n\n\n\n<li><a href=\"https:\/\/inteligentny-rozwoj.com.pl\/index.php\/fundusze-europejskie-2021-2027\/fundusze-europejskie-dla-mazowsza-2021-2027-fem\/\" target=\"_blank\" rel=\"noreferrer noopener\">mazowieckie<\/a> \u2013 Fundusze Europejskie dla Mazowsza 2021-2027 \u2013 2,1 mld euro<\/li>\n\n\n\n<li><a href=\"https:\/\/inteligentny-rozwoj.com.pl\/index.php\/fundusze-europejskie-2021-2027\/fundusze-europejskie-dla-opolskiego-2021-2027-feo\/\" target=\"_blank\" rel=\"noreferrer noopener\">opolskie<\/a> \u2013 Fundusze Europejskie dla Opolskiego 2021-2027 \u2013 0,97 mld euro&nbsp;<\/li>\n\n\n\n<li><a href=\"https:\/\/inteligentny-rozwoj.com.pl\/index.php\/fundusze-europejskie-2021-2027\/fundusze-europejskie-dla-podkarpacia-2021-2027\/\" target=\"_blank\" rel=\"noreferrer noopener\">podkarpackie<\/a> \u2013 Fundusze Europejskie dla Podkarpacia 2021-2027 \u2013 2,27 mld euro<\/li>\n\n\n\n<li><a href=\"https:\/\/inteligentny-rozwoj.com.pl\/index.php\/fundusze-europejskie-2021-2027\/fundusze-europejskie-dla-podlaskiego-na-lata-2021-2027\/\" target=\"_blank\" rel=\"noreferrer noopener\">podlaskie<\/a> \u2013 Fundusze Europejskie dla Podlaskiego 2021-2027 \u2013 1,3 mld euro<\/li>\n\n\n\n<li><a href=\"https:\/\/inteligentny-rozwoj.com.pl\/index.php\/fundusze-europejskie-2021-2027\/fundusze-europejskie-dla-pomorza-2021-2027-fep\/\" target=\"_blank\" rel=\"noreferrer noopener\">pomorskie<\/a> \u2013 Fundusze Europejskie dla Pomorza 2021-2027 \u2013 1,75 mld euro<\/li>\n\n\n\n<li><a href=\"https:\/\/inteligentny-rozwoj.com.pl\/index.php\/fundusze-europejskie-2021-2027\/fundusze-europejskie-dla-slaskiego-2021-2027\/\" target=\"_blank\" rel=\"noreferrer noopener\">\u015bl\u0105skie<\/a> \u2013 Fundusze Europejskie dla \u015al\u0105skiego 2021-2027 \u2013 5,14 mld euro<\/li>\n\n\n\n<li><a href=\"https:\/\/inteligentny-rozwoj.com.pl\/index.php\/fundusze-europejskie-2021-2027\/fundusze-europejskie-dla-swietokrzyskiego-na-lata-2021-2027-fes\/\" target=\"_blank\" rel=\"noreferrer noopener\">\u015bwi\u0119tokrzyskie<\/a> \u2013 Fundusze Europejskie dla \u015awi\u0119tokrzyskiego 2021-2027 \u2013 1,46 mld euro<\/li>\n\n\n\n<li><a href=\"https:\/\/inteligentny-rozwoj.com.pl\/index.php\/fundusze-europejskie-2021-2027\/fundusze-europejskie-dla-warmii-i-mazur-na-lata-2021-2027\/\" target=\"_blank\" rel=\"noreferrer noopener\">warmi\u0144sko-mazurskie<\/a> \u2013 Fundusze Europejskie dla Warmii i Mazur 2021-2027 \u2013 1,79 mld euro<\/li>\n\n\n\n<li><a href=\"https:\/\/inteligentny-rozwoj.com.pl\/index.php\/fundusze-europejskie-2021-2027\/fundusze-europejskie-dla-wielkopolski-na-lata-2021-2027\/\" target=\"_blank\" rel=\"noreferrer noopener\">wielkopolskie<\/a> \u2013 Fundusze Europejskie dla Wielkopolski 2021-2027 \u2013 2,15 mld euro<\/li>\n\n\n\n<li><a href=\"https:\/\/inteligentny-rozwoj.com.pl\/index.php\/fundusze-europejskie-2021-2027\/fundusze-europejskie-dla-pomorza-zachodniego-2021-2027-fepz\/\" target=\"_blank\" rel=\"noreferrer noopener\">zachodniopomorskie<\/a> \u2013 Fundusze Europejskie dla Pomorza Zachodniego 2021-2027 \u2013 1,69 mld euro<\/li>\n<\/ul>\n\n\n\n<p class=\"wp-block-paragraph\">Pieni\u0105dze na programy regionalne podzielono wed\u0142ug algorytmu opartego na obiektywnych kryteriach, m.in. liczbie ludno\u015bci i PKB na mieszka\u0144ca. <\/p>\n\n\n\n<p class=\"wp-block-paragraph\">Dodatkowo sze\u015b\u0107 region\u00f3w (\u015bl\u0105skie, \u0142\u00f3dzkie, ma\u0142opolskie, lubelskie,\ndolno\u015bl\u0105skie i wielkopolskie) otrzyma 4,4 mld euro z funduszu sprawiedliwej\ntransformacji i polityki sp\u00f3jno\u015bci (3,8 mld euro z FST + 560 mln euro z\npolityki sp\u00f3jno\u015bci).<\/p>\n\n\n\n<p class=\"wp-block-paragraph\">Program dla <strong><a href=\"https:\/\/inteligentny-rozwoj.com.pl\/index.php\/fundusze-europejskie-2021-2027\/fepw-fundusze-europejskie-dla-polski-wschodniej-2021-2027\/\" target=\"_blank\" rel=\"noreferrer noopener\">Polski Wschodniej<\/a><\/strong> b\u0119dzie obejmowa\u0142 <strong>sze\u015b\u0107 region\u00f3w<\/strong> \u2013 lubelskie, podkarpackie, podlaskie, \u015bwi\u0119tokrzyskie, warmi\u0144sko-mazurskie oraz, co jest nowo\u015bci\u0105 w perspektywie finansowej (fundusze europejskie 2021-2027), <strong>mazowieckie (bez Warszawy i 9 otaczaj\u0105cych j\u0105 powiat\u00f3w)<\/strong>.<\/p>\n\n\n\n<figure class=\"wp-block-pullquote has-background\" style=\"background-color:#abb8c426\"><blockquote><p><strong>Je\u017celi chcia\u0142by\u015b dowiedzie\u0107 si\u0119 lub skonsultowa\u0107 dost\u0119pne programy dotacyjne dla Twojej firmy M\u015aP<\/strong><br>&#x1f449; Zapraszam Ci\u0119 do kontaktu<\/p><\/blockquote><\/figure>\n\n\n\n<div class=\"wp-block-uagb-buttons uagb-buttons__outer-wrap uagb-btn__default-btn uagb-btn-tablet__default-btn uagb-btn-mobile__default-btn uagb-block-fd63be7b\"><div class=\"uagb-buttons__wrap uagb-buttons-layout-wrap \">\n<div class=\"wp-block-uagb-buttons-child uagb-buttons__outer-wrap uagb-block-d95460d6 wp-block-button\"><div class=\"uagb-button__wrapper\"><a class=\"uagb-buttons-repeater wp-block-button__link\" aria-label=\"\" href=\"https:\/\/inteligentny-rozwoj.com.pl\/index.php\/kontakt\/\" rel=\"follow noopener\" target=\"_blank\" role=\"button\"><div class=\"uagb-button__link\">Um\u00f3w bezp\u0142atn\u0105 konsultacj\u0119<\/div><span class=\"uagb-button__icon uagb-button__icon-position-after\"><svg xmlns=\"https:\/\/www.w3.org\/2000\/svg\" viewBox=\"0 0 448 512\" aria-hidden=\"true\" focussable=\"false\"><path d=\"M438.6 278.6l-160 160C272.4 444.9 264.2 448 256 448s-16.38-3.125-22.62-9.375c-12.5-12.5-12.5-32.75 0-45.25L338.8 288H32C14.33 288 .0016 273.7 .0016 256S14.33 224 32 224h306.8l-105.4-105.4c-12.5-12.5-12.5-32.75 0-45.25s32.75-12.5 45.25 0l160 160C451.1 245.9 451.1 266.1 438.6 278.6z\"><\/path><\/svg><\/span><\/a><\/div><\/div>\n<\/div><\/div>\n\n\n\n<h2 class=\"wp-block-heading\">Dowiedz si\u0119 wi\u0119cej w tematyce dotacji, grant\u00f3w i Funduszy Europejskich<\/h2>\n\n\n\n\t\t\t<div class=\"wp-block-uagb-post-carousel uagb-post-grid  uagb-post__image-position-top uagb-post__image-enabled uagb-block-8f76cec4     uagb-post__arrow-outside uagb-slick-carousel uagb-post__items uagb-post__columns-3 is-carousel uagb-post__columns-tablet-2 uagb-post__columns-mobile-1\" data-total=\"5\" style=\"\">\n\n\t\t\t\t\t\t\t\t\t\t\t\t<article class=\"uagb-post__inner-wrap\">\t\t\t\t\t\t\t\t<div class='uagb-post__image'>\n\t\t\t\t\t\t\t\t\t<a href=\"https:\/\/inteligentny-rozwoj.com.pl\/index.php\/fundusz-eksportowy-dla-kujaw-i-pomorza-wznowienie-grantow-rpconsulting-rafal-pasterczyk\/\" target=\"_self\" rel=\"bookmark noopener noreferrer\"><img loading=\"lazy\" decoding=\"async\" width=\"1024\" height=\"576\" src=\"https:\/\/inteligentny-rozwoj.com.pl\/wp-content\/uploads\/2026\/04\/Fundusz-Eksportowy-dla-Kujaw-i-Pomorza-wznowienie-naboru-wnioskow-o-grant-rpconsulting-rafal-pasterczyk-1024x576.png\" class=\"attachment-large size-large\" alt=\"Fundusz Eksportowy dla Kujaw i Pomorza - wznowienie naboru wniosk\u00f3w o grant\" srcset=\"https:\/\/inteligentny-rozwoj.com.pl\/wp-content\/uploads\/2026\/04\/Fundusz-Eksportowy-dla-Kujaw-i-Pomorza-wznowienie-naboru-wnioskow-o-grant-rpconsulting-rafal-pasterczyk-1024x576.png 1024w, https:\/\/inteligentny-rozwoj.com.pl\/wp-content\/uploads\/2026\/04\/Fundusz-Eksportowy-dla-Kujaw-i-Pomorza-wznowienie-naboru-wnioskow-o-grant-rpconsulting-rafal-pasterczyk-300x169.png 300w, https:\/\/inteligentny-rozwoj.com.pl\/wp-content\/uploads\/2026\/04\/Fundusz-Eksportowy-dla-Kujaw-i-Pomorza-wznowienie-naboru-wnioskow-o-grant-rpconsulting-rafal-pasterczyk-768x432.png 768w, https:\/\/inteligentny-rozwoj.com.pl\/wp-content\/uploads\/2026\/04\/Fundusz-Eksportowy-dla-Kujaw-i-Pomorza-wznowienie-naboru-wnioskow-o-grant-rpconsulting-rafal-pasterczyk.png 1280w\" sizes=\"auto, (max-width: 1024px) 100vw, 1024px\" \/>\t\t\t\t\t<\/a>\n\t\t\t\t\t\t\t\t\t<\/div>\n\t\t\t\t\t\t<h4 class=\"uagb-post__title uagb-post__text\">\n\t\t\t\t<a href=\"https:\/\/inteligentny-rozwoj.com.pl\/index.php\/fundusz-eksportowy-dla-kujaw-i-pomorza-wznowienie-grantow-rpconsulting-rafal-pasterczyk\/\" target=\"_self\" rel=\"bookmark noopener noreferrer\">Fundusz Eksportowy dla Kujaw i Pomorza &#8211; wznowienie grant\u00f3w!\u00a0<\/a>\n\t\t\t<\/h4>\n\t\t\t\t\t\t<div class='uagb-post__text uagb-post-grid-byline'>\n\t\t\t\t\t\t\t<\/div>\n\t\t\t\n\t\t\t\t\t\t\t\t\t<\/article>\n\t\t\t\t\t\t\t\t\t\t\t\t\t\t\t\t<article class=\"uagb-post__inner-wrap\">\t\t\t\t\t\t\t\t<div class='uagb-post__image'>\n\t\t\t\t\t\t\t\t\t<a href=\"https:\/\/inteligentny-rozwoj.com.pl\/index.php\/dig-it-do-850-tys-zl-na-cyfrowa-transformacje-msp-w-przemysle\/\" target=\"_self\" rel=\"bookmark noopener noreferrer\"><img loading=\"lazy\" decoding=\"async\" width=\"1024\" height=\"576\" src=\"https:\/\/inteligentny-rozwoj.com.pl\/wp-content\/uploads\/2025\/11\/2-21-FENG-Dig.IT-Transformacja-cyfrowa-RPConsulting.pl_-1024x576.png\" class=\"attachment-large size-large\" alt=\"2.21 FENG - Dig.IT Transformacja Cyfrowa\" srcset=\"https:\/\/inteligentny-rozwoj.com.pl\/wp-content\/uploads\/2025\/11\/2-21-FENG-Dig.IT-Transformacja-cyfrowa-RPConsulting.pl_-1024x576.png 1024w, https:\/\/inteligentny-rozwoj.com.pl\/wp-content\/uploads\/2025\/11\/2-21-FENG-Dig.IT-Transformacja-cyfrowa-RPConsulting.pl_-300x169.png 300w, https:\/\/inteligentny-rozwoj.com.pl\/wp-content\/uploads\/2025\/11\/2-21-FENG-Dig.IT-Transformacja-cyfrowa-RPConsulting.pl_-768x432.png 768w, https:\/\/inteligentny-rozwoj.com.pl\/wp-content\/uploads\/2025\/11\/2-21-FENG-Dig.IT-Transformacja-cyfrowa-RPConsulting.pl_-536x302.png 536w, https:\/\/inteligentny-rozwoj.com.pl\/wp-content\/uploads\/2025\/11\/2-21-FENG-Dig.IT-Transformacja-cyfrowa-RPConsulting.pl_.png 1280w\" sizes=\"auto, (max-width: 1024px) 100vw, 1024px\" \/>\t\t\t\t\t<\/a>\n\t\t\t\t\t\t\t\t\t<\/div>\n\t\t\t\t\t\t<h4 class=\"uagb-post__title uagb-post__text\">\n\t\t\t\t<a href=\"https:\/\/inteligentny-rozwoj.com.pl\/index.php\/dig-it-do-850-tys-zl-na-cyfrowa-transformacje-msp-w-przemysle\/\" target=\"_self\" rel=\"bookmark noopener noreferrer\">Nawet 850 tys. z\u0142 na cyfrow\u0105 transformacj\u0119 dla M\u015aP z bran\u017cy przetw\u00f3rstwa przemys\u0142owego i us\u0142ug produkcyjnych (Dig.IT)<\/a>\n\t\t\t<\/h4>\n\t\t\t\t\t\t<div class='uagb-post__text uagb-post-grid-byline'>\n\t\t\t\t\t\t\t<\/div>\n\t\t\t\n\t\t\t\t\t\t\t\t\t<\/article>\n\t\t\t\t\t\t\t\t\t\t\t\t\t\t\t\t<article class=\"uagb-post__inner-wrap\">\t\t\t\t\t\t\t\t<div class='uagb-post__image'>\n\t\t\t\t\t\t\t\t\t<a href=\"https:\/\/inteligentny-rozwoj.com.pl\/index.php\/miliony-na-globalna-ekspansje-feng-02-25-promocja-marki-innowacyjnych-msp\/\" target=\"_self\" rel=\"bookmark noopener noreferrer\"><img loading=\"lazy\" decoding=\"async\" width=\"1024\" height=\"576\" src=\"https:\/\/inteligentny-rozwoj.com.pl\/wp-content\/uploads\/2025\/10\/2.25-FENG-Promocja-Marki-Innowacyjnych-MSP-wnioski-o-dotacje-RPCONSULTING.pl_-1024x576.png\" class=\"attachment-large size-large\" alt=\"02.25 FENG - Promocja Marki Innowacyjnych M\u015aP - nab\u00f3r wniosk\u00f3w\" srcset=\"https:\/\/inteligentny-rozwoj.com.pl\/wp-content\/uploads\/2025\/10\/2.25-FENG-Promocja-Marki-Innowacyjnych-MSP-wnioski-o-dotacje-RPCONSULTING.pl_-1024x576.png 1024w, https:\/\/inteligentny-rozwoj.com.pl\/wp-content\/uploads\/2025\/10\/2.25-FENG-Promocja-Marki-Innowacyjnych-MSP-wnioski-o-dotacje-RPCONSULTING.pl_-300x169.png 300w, https:\/\/inteligentny-rozwoj.com.pl\/wp-content\/uploads\/2025\/10\/2.25-FENG-Promocja-Marki-Innowacyjnych-MSP-wnioski-o-dotacje-RPCONSULTING.pl_-768x432.png 768w, https:\/\/inteligentny-rozwoj.com.pl\/wp-content\/uploads\/2025\/10\/2.25-FENG-Promocja-Marki-Innowacyjnych-MSP-wnioski-o-dotacje-RPCONSULTING.pl_-536x302.png 536w, https:\/\/inteligentny-rozwoj.com.pl\/wp-content\/uploads\/2025\/10\/2.25-FENG-Promocja-Marki-Innowacyjnych-MSP-wnioski-o-dotacje-RPCONSULTING.pl_.png 1280w\" sizes=\"auto, (max-width: 1024px) 100vw, 1024px\" \/>\t\t\t\t\t<\/a>\n\t\t\t\t\t\t\t\t\t<\/div>\n\t\t\t\t\t\t<h4 class=\"uagb-post__title uagb-post__text\">\n\t\t\t\t<a href=\"https:\/\/inteligentny-rozwoj.com.pl\/index.php\/miliony-na-globalna-ekspansje-feng-02-25-promocja-marki-innowacyjnych-msp\/\" target=\"_self\" rel=\"bookmark noopener noreferrer\">MILIONY na globaln\u0105 ekspansj\u0119 &#8211; kolejny nab\u00f3r wniosk\u00f3w o dotacj\u0119 FENG 02.25, \u201cPromocja Marki Innowacyjnych M\u015aP\u201d, og\u0142oszony<\/a>\n\t\t\t<\/h4>\n\t\t\t\t\t\t<div class='uagb-post__text uagb-post-grid-byline'>\n\t\t\t\t\t\t\t<\/div>\n\t\t\t\n\t\t\t\t\t\t\t\t\t<\/article>\n\t\t\t\t\t\t\t\t\t\t\t\t\t\t\t\t<article class=\"uagb-post__inner-wrap\">\t\t\t\t\t\t\t\t<div class='uagb-post__image'>\n\t\t\t\t\t\t\t\t\t<a href=\"https:\/\/inteligentny-rozwoj.com.pl\/index.php\/16-programow-regionalnych-na-lata-2021-2027-zatwierdzonych-przez-ke\/\" target=\"_self\" rel=\"bookmark noopener noreferrer\"><img loading=\"lazy\" decoding=\"async\" width=\"1024\" height=\"444\" src=\"https:\/\/inteligentny-rozwoj.com.pl\/wp-content\/uploads\/2022\/12\/Programy-regionalne-2021-2027-Fundusze-Europejskie.jpg\" class=\"attachment-large size-large\" alt=\"Programy regionalne 2021-2027 - Fundusze Europejskie\" srcset=\"https:\/\/inteligentny-rozwoj.com.pl\/wp-content\/uploads\/2022\/12\/Programy-regionalne-2021-2027-Fundusze-Europejskie.jpg 1024w, https:\/\/inteligentny-rozwoj.com.pl\/wp-content\/uploads\/2022\/12\/Programy-regionalne-2021-2027-Fundusze-Europejskie-300x130.jpg 300w, https:\/\/inteligentny-rozwoj.com.pl\/wp-content\/uploads\/2022\/12\/Programy-regionalne-2021-2027-Fundusze-Europejskie-768x333.jpg 768w, https:\/\/inteligentny-rozwoj.com.pl\/wp-content\/uploads\/2022\/12\/Programy-regionalne-2021-2027-Fundusze-Europejskie-536x232.jpg 536w\" sizes=\"auto, (max-width: 1024px) 100vw, 1024px\" \/>\t\t\t\t\t<\/a>\n\t\t\t\t\t\t\t\t\t<\/div>\n\t\t\t\t\t\t<h4 class=\"uagb-post__title uagb-post__text\">\n\t\t\t\t<a href=\"https:\/\/inteligentny-rozwoj.com.pl\/index.php\/16-programow-regionalnych-na-lata-2021-2027-zatwierdzonych-przez-ke\/\" target=\"_self\" rel=\"bookmark noopener noreferrer\">16 program\u00f3w regionalnych na lata 2021-2027 zatwierdzonych przez KE<\/a>\n\t\t\t<\/h4>\n\t\t\t\t\t\t<div class='uagb-post__text uagb-post-grid-byline'>\n\t\t\t\t\t\t\t<\/div>\n\t\t\t\n\t\t\t\t\t\t\t\t\t<\/article>\n\t\t\t\t\t\t\t\t\t\t\t\t\t\t\t\t<article class=\"uagb-post__inner-wrap\">\t\t\t\t\t\t\t\t<div class='uagb-post__image'>\n\t\t\t\t\t\t\t\t\t<a href=\"https:\/\/inteligentny-rozwoj.com.pl\/index.php\/bony-na-cyfryzacje-wyniki-konkursu-2021-6-2-poir-wsparcie-msp-w-obszarze-cyfryzacji\/\" target=\"_self\" rel=\"bookmark noopener noreferrer\"><img loading=\"lazy\" decoding=\"async\" width=\"1024\" height=\"533\" src=\"https:\/\/inteligentny-rozwoj.com.pl\/wp-content\/uploads\/2022\/04\/Bony_na_cyfryzacje_6.2_POIR_wyniki_konkursu_2021.jpg\" class=\"attachment-large size-large\" alt=\"Bony_na_cyfryzacje_6.2_POIR_wyniki_konkursu_2021\" srcset=\"https:\/\/inteligentny-rozwoj.com.pl\/wp-content\/uploads\/2022\/04\/Bony_na_cyfryzacje_6.2_POIR_wyniki_konkursu_2021.jpg 1024w, https:\/\/inteligentny-rozwoj.com.pl\/wp-content\/uploads\/2022\/04\/Bony_na_cyfryzacje_6.2_POIR_wyniki_konkursu_2021-300x156.jpg 300w, https:\/\/inteligentny-rozwoj.com.pl\/wp-content\/uploads\/2022\/04\/Bony_na_cyfryzacje_6.2_POIR_wyniki_konkursu_2021-768x400.jpg 768w, https:\/\/inteligentny-rozwoj.com.pl\/wp-content\/uploads\/2022\/04\/Bony_na_cyfryzacje_6.2_POIR_wyniki_konkursu_2021-536x279.jpg 536w\" sizes=\"auto, (max-width: 1024px) 100vw, 1024px\" \/>\t\t\t\t\t<\/a>\n\t\t\t\t\t\t\t\t\t<\/div>\n\t\t\t\t\t\t<h4 class=\"uagb-post__title uagb-post__text\">\n\t\t\t\t<a href=\"https:\/\/inteligentny-rozwoj.com.pl\/index.php\/bony-na-cyfryzacje-wyniki-konkursu-2021-6-2-poir-wsparcie-msp-w-obszarze-cyfryzacji\/\" target=\"_self\" rel=\"bookmark noopener noreferrer\">Bony na cyfryzacj\u0119 \u2013 AKTUALIZACJA wynik\u00f3w konkursu 2021 &#8211; 6.2 POIR \u2013 Wsparcie M\u015aP w obszarze cyfryzacji<\/a>\n\t\t\t<\/h4>\n\t\t\t\t\t\t<div class='uagb-post__text uagb-post-grid-byline'>\n\t\t\t\t\t\t\t<\/div>\n\t\t\t\n\t\t\t\t\t\t\t\t\t<\/article>\n\t\t\t\t\t\t\t\t\t\t\t\t\t\t\t\t<article class=\"uagb-post__inner-wrap\">\t\t\t\t\t\t\t\t<div class='uagb-post__image'>\n\t\t\t\t\t\t\t\t\t<a href=\"https:\/\/inteligentny-rozwoj.com.pl\/index.php\/robogrant-pomoc-na-rozwoj-polskiej-branzy-meblarskiej-konkurs\/\" target=\"_self\" rel=\"bookmark noopener noreferrer\"><img loading=\"lazy\" decoding=\"async\" width=\"1024\" height=\"319\" src=\"https:\/\/inteligentny-rozwoj.com.pl\/wp-content\/uploads\/2022\/10\/Robogrant_future-1024x319.jpg\" class=\"attachment-large size-large\" alt=\"Robogrant-future-dotacja-dla-branzy-meblarskiej\" srcset=\"https:\/\/inteligentny-rozwoj.com.pl\/wp-content\/uploads\/2022\/10\/Robogrant_future-1024x319.jpg 1024w, https:\/\/inteligentny-rozwoj.com.pl\/wp-content\/uploads\/2022\/10\/Robogrant_future-300x94.jpg 300w, https:\/\/inteligentny-rozwoj.com.pl\/wp-content\/uploads\/2022\/10\/Robogrant_future-768x240.jpg 768w, https:\/\/inteligentny-rozwoj.com.pl\/wp-content\/uploads\/2022\/10\/Robogrant_future-1536x479.jpg 1536w, https:\/\/inteligentny-rozwoj.com.pl\/wp-content\/uploads\/2022\/10\/Robogrant_future-536x167.jpg 536w, https:\/\/inteligentny-rozwoj.com.pl\/wp-content\/uploads\/2022\/10\/Robogrant_future.jpg 1920w\" sizes=\"auto, (max-width: 1024px) 100vw, 1024px\" \/>\t\t\t\t\t<\/a>\n\t\t\t\t\t\t\t\t\t<\/div>\n\t\t\t\t\t\t<h4 class=\"uagb-post__title uagb-post__text\">\n\t\t\t\t<a href=\"https:\/\/inteligentny-rozwoj.com.pl\/index.php\/robogrant-pomoc-na-rozwoj-polskiej-branzy-meblarskiej-konkurs\/\" target=\"_self\" rel=\"bookmark noopener noreferrer\">Robogrant \u2013 pomoc na rozw\u00f3j polskiej bran\u017cy meblarskiej &#8211; na robotyzacj\u0119<\/a>\n\t\t\t<\/h4>\n\t\t\t\t\t\t<div class='uagb-post__text uagb-post-grid-byline'>\n\t\t\t\t\t\t\t<\/div>\n\t\t\t\n\t\t\t\t\t\t\t\t\t<\/article>\n\t\t\t\t\t\t\t\t\t\t\t\t\t\t\t\t<article class=\"uagb-post__inner-wrap\">\t\t\t\t\t\t\t\t<div class='uagb-post__image'>\n\t\t\t\t\t\t\t\t\t<a href=\"https:\/\/inteligentny-rozwoj.com.pl\/index.php\/feng-2021-2027-zatwierdzony-przez-ke\/\" target=\"_self\" rel=\"bookmark noopener noreferrer\"><img loading=\"lazy\" decoding=\"async\" width=\"1024\" height=\"428\" src=\"https:\/\/inteligentny-rozwoj.com.pl\/wp-content\/uploads\/2022\/10\/FENG_2021-2027_Fundusze_Europejskie_dla_Nowoczesnej_Gospodarki.jpg\" class=\"attachment-large size-large\" alt=\"FENG 2021-2027 - Fundusze Europejskie dla Nowoczesnej Gospodarki\" srcset=\"https:\/\/inteligentny-rozwoj.com.pl\/wp-content\/uploads\/2022\/10\/FENG_2021-2027_Fundusze_Europejskie_dla_Nowoczesnej_Gospodarki.jpg 1024w, https:\/\/inteligentny-rozwoj.com.pl\/wp-content\/uploads\/2022\/10\/FENG_2021-2027_Fundusze_Europejskie_dla_Nowoczesnej_Gospodarki-300x125.jpg 300w, https:\/\/inteligentny-rozwoj.com.pl\/wp-content\/uploads\/2022\/10\/FENG_2021-2027_Fundusze_Europejskie_dla_Nowoczesnej_Gospodarki-768x321.jpg 768w, https:\/\/inteligentny-rozwoj.com.pl\/wp-content\/uploads\/2022\/10\/FENG_2021-2027_Fundusze_Europejskie_dla_Nowoczesnej_Gospodarki-536x224.jpg 536w\" sizes=\"auto, (max-width: 1024px) 100vw, 1024px\" \/>\t\t\t\t\t<\/a>\n\t\t\t\t\t\t\t\t\t<\/div>\n\t\t\t\t\t\t<h4 class=\"uagb-post__title uagb-post__text\">\n\t\t\t\t<a href=\"https:\/\/inteligentny-rozwoj.com.pl\/index.php\/feng-2021-2027-zatwierdzony-przez-ke\/\" target=\"_self\" rel=\"bookmark noopener noreferrer\">FENG 2021-2027 zatwierdzony przez KE<\/a>\n\t\t\t<\/h4>\n\t\t\t\t\t\t<div class='uagb-post__text uagb-post-grid-byline'>\n\t\t\t\t\t\t\t<\/div>\n\t\t\t\n\t\t\t\t\t\t\t\t\t<\/article>\n\t\t\t\t\t\t\t\t\t\t\t\t\t\t\t\t<article class=\"uagb-post__inner-wrap\">\t\t\t\t\t\t\t\t<div class='uagb-post__image'>\n\t\t\t\t\t\t\t\t\t<a href=\"https:\/\/inteligentny-rozwoj.com.pl\/index.php\/1-2-internacjonalizacja-msp-po-pw-kolejny-konkurs-w-2021-roku\/\" target=\"_self\" rel=\"bookmark noopener noreferrer\"><img loading=\"lazy\" decoding=\"async\" width=\"1024\" height=\"427\" src=\"https:\/\/inteligentny-rozwoj.com.pl\/wp-content\/uploads\/2019\/01\/negotiation-3280305_1920-104-1024x427.jpg\" class=\"attachment-large size-large\" alt=\"1.2 internacjonalizacja M\u015aP (PO PW)\" srcset=\"https:\/\/inteligentny-rozwoj.com.pl\/wp-content\/uploads\/2019\/01\/negotiation-3280305_1920-104.jpg 1024w, https:\/\/inteligentny-rozwoj.com.pl\/wp-content\/uploads\/2019\/01\/negotiation-3280305_1920-104-300x125.jpg 300w, https:\/\/inteligentny-rozwoj.com.pl\/wp-content\/uploads\/2019\/01\/negotiation-3280305_1920-104-768x320.jpg 768w, https:\/\/inteligentny-rozwoj.com.pl\/wp-content\/uploads\/2019\/01\/negotiation-3280305_1920-104-536x224.jpg 536w\" sizes=\"auto, (max-width: 1024px) 100vw, 1024px\" \/>\t\t\t\t\t<\/a>\n\t\t\t\t\t\t\t\t\t<\/div>\n\t\t\t\t\t\t<h4 class=\"uagb-post__title uagb-post__text\">\n\t\t\t\t<a href=\"https:\/\/inteligentny-rozwoj.com.pl\/index.php\/1-2-internacjonalizacja-msp-po-pw-kolejny-konkurs-w-2021-roku\/\" target=\"_self\" rel=\"bookmark noopener noreferrer\">1.2 Internacjonalizacja M\u015aP (PO PW) 2022 &#8211; konkurs og\u0142oszony w dniu 01.04.2022 !<\/a>\n\t\t\t<\/h4>\n\t\t\t\t\t\t<div class='uagb-post__text uagb-post-grid-byline'>\n\t\t\t\t\t\t\t<\/div>\n\t\t\t\n\t\t\t\t\t\t\t\t\t<\/article>\n\t\t\t\t\t\t\t\t\t\t\t\t\t\t\t\t<article class=\"uagb-post__inner-wrap\">\t\t\t\t\t\t\t\t<div class='uagb-post__image'>\n\t\t\t\t\t\t\t\t\t<a href=\"https:\/\/inteligentny-rozwoj.com.pl\/index.php\/rodzaje-przedsiebiorstw-samodzielne-partnerskie-powiazane\/\" target=\"_self\" rel=\"bookmark noopener noreferrer\"><img loading=\"lazy\" decoding=\"async\" width=\"1024\" height=\"514\" src=\"https:\/\/inteligentny-rozwoj.com.pl\/wp-content\/uploads\/2021\/11\/rodzaje_przedsiebiorstw_typy_samodzielne_partnerskie_powiazane_MSP-2.jpg\" class=\"attachment-large size-large\" alt=\"rodzaje_przedsiebiorstw_typy_samodzielne_partnerskie_powiazane_MSP\" srcset=\"https:\/\/inteligentny-rozwoj.com.pl\/wp-content\/uploads\/2021\/11\/rodzaje_przedsiebiorstw_typy_samodzielne_partnerskie_powiazane_MSP-2.jpg 1024w, https:\/\/inteligentny-rozwoj.com.pl\/wp-content\/uploads\/2021\/11\/rodzaje_przedsiebiorstw_typy_samodzielne_partnerskie_powiazane_MSP-2-300x151.jpg 300w, https:\/\/inteligentny-rozwoj.com.pl\/wp-content\/uploads\/2021\/11\/rodzaje_przedsiebiorstw_typy_samodzielne_partnerskie_powiazane_MSP-2-768x386.jpg 768w, https:\/\/inteligentny-rozwoj.com.pl\/wp-content\/uploads\/2021\/11\/rodzaje_przedsiebiorstw_typy_samodzielne_partnerskie_powiazane_MSP-2-536x269.jpg 536w\" sizes=\"auto, (max-width: 1024px) 100vw, 1024px\" \/>\t\t\t\t\t<\/a>\n\t\t\t\t\t\t\t\t\t<\/div>\n\t\t\t\t\t\t<h4 class=\"uagb-post__title uagb-post__text\">\n\t\t\t\t<a href=\"https:\/\/inteligentny-rozwoj.com.pl\/index.php\/rodzaje-przedsiebiorstw-samodzielne-partnerskie-powiazane\/\" target=\"_self\" rel=\"bookmark noopener noreferrer\">Rodzaje przedsi\u0119biorstw \/ typy \u2013 samodzielne, partnerskie, powi\u0105zane<\/a>\n\t\t\t<\/h4>\n\t\t\t\t\t\t<div class='uagb-post__text uagb-post-grid-byline'>\n\t\t\t\t\t\t\t<\/div>\n\t\t\t\n\t\t\t\t\t\t\t\t\t<\/article>\n\t\t\t\t\t\t\t\t\t\t\t\t\t\t\t\t<article class=\"uagb-post__inner-wrap\">\t\t\t\t\t\t\t\t<div class='uagb-post__image'>\n\t\t\t\t\t\t\t\t\t<a href=\"https:\/\/inteligentny-rozwoj.com.pl\/index.php\/kategorie-przedsiebiorstw-msp-small-mid-cap\/\" target=\"_self\" rel=\"bookmark noopener noreferrer\"><img loading=\"lazy\" decoding=\"async\" width=\"1024\" height=\"421\" src=\"https:\/\/inteligentny-rozwoj.com.pl\/wp-content\/uploads\/2021\/11\/kategorie_przedsiebiorstw_MSP_small-mid-cap.jpg\" class=\"attachment-large size-large\" alt=\"kategorie przedsi\u0119biorstw M\u015aP, small mid-cap\" srcset=\"https:\/\/inteligentny-rozwoj.com.pl\/wp-content\/uploads\/2021\/11\/kategorie_przedsiebiorstw_MSP_small-mid-cap.jpg 1024w, https:\/\/inteligentny-rozwoj.com.pl\/wp-content\/uploads\/2021\/11\/kategorie_przedsiebiorstw_MSP_small-mid-cap-300x123.jpg 300w, https:\/\/inteligentny-rozwoj.com.pl\/wp-content\/uploads\/2021\/11\/kategorie_przedsiebiorstw_MSP_small-mid-cap-768x316.jpg 768w, https:\/\/inteligentny-rozwoj.com.pl\/wp-content\/uploads\/2021\/11\/kategorie_przedsiebiorstw_MSP_small-mid-cap-536x220.jpg 536w\" sizes=\"auto, (max-width: 1024px) 100vw, 1024px\" \/>\t\t\t\t\t<\/a>\n\t\t\t\t\t\t\t\t\t<\/div>\n\t\t\t\t\t\t<h4 class=\"uagb-post__title uagb-post__text\">\n\t\t\t\t<a href=\"https:\/\/inteligentny-rozwoj.com.pl\/index.php\/kategorie-przedsiebiorstw-msp-small-mid-cap\/\" target=\"_self\" rel=\"bookmark noopener noreferrer\">Kategorie przedsi\u0119biorstw &#8211; M\u015aP, small mid-cap, mid-cap<\/a>\n\t\t\t<\/h4>\n\t\t\t\t\t\t<div class='uagb-post__text uagb-post-grid-byline'>\n\t\t\t\t\t\t\t<\/div>\n\t\t\t\n\t\t\t\t\t\t\t\t\t<\/article>\n\t\t\t\t\t\t\t\t\t\t\t\t\t\t\t\t<article class=\"uagb-post__inner-wrap\">\t\t\t\t\t\t\t\t<div class='uagb-post__image'>\n\t\t\t\t\t\t\t\t\t<a href=\"https:\/\/inteligentny-rozwoj.com.pl\/index.php\/rozliczanie-dotacji-bony-na-cyfryzacje-6-2-poir-kwoty-ryczaltowe\/\" target=\"_self\" rel=\"bookmark noopener noreferrer\"><img loading=\"lazy\" decoding=\"async\" width=\"1024\" height=\"556\" src=\"https:\/\/inteligentny-rozwoj.com.pl\/wp-content\/uploads\/2021\/10\/rozliczanie_dotacji_Bony_na_cyfryzacje_6.2_POIR.jpg\" class=\"attachment-large size-large\" alt=\"Rozliczanie_dotacji_Bony_na_cyfryzacje_6.2_POIR\" srcset=\"https:\/\/inteligentny-rozwoj.com.pl\/wp-content\/uploads\/2021\/10\/rozliczanie_dotacji_Bony_na_cyfryzacje_6.2_POIR.jpg 1024w, https:\/\/inteligentny-rozwoj.com.pl\/wp-content\/uploads\/2021\/10\/rozliczanie_dotacji_Bony_na_cyfryzacje_6.2_POIR-300x163.jpg 300w, https:\/\/inteligentny-rozwoj.com.pl\/wp-content\/uploads\/2021\/10\/rozliczanie_dotacji_Bony_na_cyfryzacje_6.2_POIR-768x417.jpg 768w, https:\/\/inteligentny-rozwoj.com.pl\/wp-content\/uploads\/2021\/10\/rozliczanie_dotacji_Bony_na_cyfryzacje_6.2_POIR-536x291.jpg 536w\" sizes=\"auto, (max-width: 1024px) 100vw, 1024px\" \/>\t\t\t\t\t<\/a>\n\t\t\t\t\t\t\t\t\t<\/div>\n\t\t\t\t\t\t<h4 class=\"uagb-post__title uagb-post__text\">\n\t\t\t\t<a href=\"https:\/\/inteligentny-rozwoj.com.pl\/index.php\/rozliczanie-dotacji-bony-na-cyfryzacje-6-2-poir-kwoty-ryczaltowe\/\" target=\"_self\" rel=\"bookmark noopener noreferrer\">Rozliczanie dotacji Bony na cyfryzacj\u0119 6.2 POIR &#8211; kwoty rycza\u0142towe<\/a>\n\t\t\t<\/h4>\n\t\t\t\t\t\t<div class='uagb-post__text uagb-post-grid-byline'>\n\t\t\t\t\t\t\t<\/div>\n\t\t\t\n\t\t\t\t\t\t\t\t\t<\/article>\n\t\t\t\t\t\t\t\t\t\t\t\t\t\t\t\t<article class=\"uagb-post__inner-wrap\">\t\t\t\t\t\t\t\t<div class='uagb-post__image'>\n\t\t\t\t\t\t\t\t\t<a href=\"https:\/\/inteligentny-rozwoj.com.pl\/index.php\/bony-na-cyfryzacje-6-2-po-ir-wsparcie-msp-w-obszarze-cyfryzacji-2021\/\" target=\"_self\" rel=\"bookmark noopener noreferrer\"><img loading=\"lazy\" decoding=\"async\" width=\"1024\" height=\"427\" src=\"https:\/\/inteligentny-rozwoj.com.pl\/wp-content\/uploads\/2021\/07\/Bon_na_cyfryzacje_6.2_POIR.jpg\" class=\"attachment-large size-large\" alt=\"Bon_na_cyfryzacje_6.2_POIR\" srcset=\"https:\/\/inteligentny-rozwoj.com.pl\/wp-content\/uploads\/2021\/07\/Bon_na_cyfryzacje_6.2_POIR.jpg 1024w, https:\/\/inteligentny-rozwoj.com.pl\/wp-content\/uploads\/2021\/07\/Bon_na_cyfryzacje_6.2_POIR-300x125.jpg 300w, https:\/\/inteligentny-rozwoj.com.pl\/wp-content\/uploads\/2021\/07\/Bon_na_cyfryzacje_6.2_POIR-768x320.jpg 768w, https:\/\/inteligentny-rozwoj.com.pl\/wp-content\/uploads\/2021\/07\/Bon_na_cyfryzacje_6.2_POIR-536x224.jpg 536w\" sizes=\"auto, (max-width: 1024px) 100vw, 1024px\" \/>\t\t\t\t\t<\/a>\n\t\t\t\t\t\t\t\t\t<\/div>\n\t\t\t\t\t\t<h4 class=\"uagb-post__title uagb-post__text\">\n\t\t\t\t<a href=\"https:\/\/inteligentny-rozwoj.com.pl\/index.php\/bony-na-cyfryzacje-6-2-po-ir-wsparcie-msp-w-obszarze-cyfryzacji-2021\/\" target=\"_self\" rel=\"bookmark noopener noreferrer\">Bony na cyfryzacj\u0119 &#8211; 6.2 PO IR &#8211; Wsparcie M\u015aP w obszarze cyfryzacji &#8211; 2021<\/a>\n\t\t\t<\/h4>\n\t\t\t\t\t\t<div class='uagb-post__text uagb-post-grid-byline'>\n\t\t\t\t\t\t\t<\/div>\n\t\t\t\n\t\t\t\t\t\t\t\t\t<\/article>\n\t\t\t\t\t\t\t\t\t\t\t\t\t\t\t\t<article class=\"uagb-post__inner-wrap\">\t\t\t\t\t\t\t\t<div class='uagb-post__image'>\n\t\t\t\t\t\t\t\t\t<a href=\"https:\/\/inteligentny-rozwoj.com.pl\/index.php\/polskie-mosty-technologiczne-3-3-3-po-ir-paih-2-gi-nabor-wnioskow-w-2021-roku\/\" target=\"_self\" rel=\"bookmark noopener noreferrer\"><img loading=\"lazy\" decoding=\"async\" width=\"1024\" height=\"439\" src=\"https:\/\/inteligentny-rozwoj.com.pl\/wp-content\/uploads\/2019\/01\/targi_wystawy_miedzynarodowe-1024x439.jpg\" class=\"attachment-large size-large\" alt=\"Polskie Mosty Technologiczne - 2021\" srcset=\"https:\/\/inteligentny-rozwoj.com.pl\/wp-content\/uploads\/2019\/01\/targi_wystawy_miedzynarodowe.jpg 1024w, https:\/\/inteligentny-rozwoj.com.pl\/wp-content\/uploads\/2019\/01\/targi_wystawy_miedzynarodowe-300x129.jpg 300w, https:\/\/inteligentny-rozwoj.com.pl\/wp-content\/uploads\/2019\/01\/targi_wystawy_miedzynarodowe-768x329.jpg 768w, https:\/\/inteligentny-rozwoj.com.pl\/wp-content\/uploads\/2019\/01\/targi_wystawy_miedzynarodowe-536x230.jpg 536w\" sizes=\"auto, (max-width: 1024px) 100vw, 1024px\" \/>\t\t\t\t\t<\/a>\n\t\t\t\t\t\t\t\t\t<\/div>\n\t\t\t\t\t\t<h4 class=\"uagb-post__title uagb-post__text\">\n\t\t\t\t<a href=\"https:\/\/inteligentny-rozwoj.com.pl\/index.php\/polskie-mosty-technologiczne-3-3-3-po-ir-paih-2-gi-nabor-wnioskow-w-2021-roku\/\" target=\"_self\" rel=\"bookmark noopener noreferrer\">Polskie Mosty Technologiczne (3.3.3 PO IR \/ PAIH) &#8211; 2-gi nab\u00f3r wniosk\u00f3w w 2021 roku<\/a>\n\t\t\t<\/h4>\n\t\t\t\t\t\t<div class='uagb-post__text uagb-post-grid-byline'>\n\t\t\t\t\t\t\t<\/div>\n\t\t\t\n\t\t\t\t\t\t\t\t\t<\/article>\n\t\t\t\t\t\t\t\t\t\t\t\t\t\t\t\t<article class=\"uagb-post__inner-wrap\">\t\t\t\t\t\t\t\t<div class='uagb-post__image'>\n\t\t\t\t\t\t\t\t\t<a href=\"https:\/\/inteligentny-rozwoj.com.pl\/index.php\/go-to-brand-2021-expo-dubaj-2020-wyniki-konkurs-nr-8-2021\/\" target=\"_self\" rel=\"bookmark noopener noreferrer\"><img loading=\"lazy\" decoding=\"async\" width=\"1024\" height=\"683\" src=\"https:\/\/inteligentny-rozwoj.com.pl\/wp-content\/uploads\/2021\/07\/dubai-1767540_1280-2-1024x683.jpg\" class=\"attachment-large size-large\" alt=\"Go To Brand 2021 - EXPO Dubaj 2020 - konkurs 8\/2021\" srcset=\"https:\/\/inteligentny-rozwoj.com.pl\/wp-content\/uploads\/2021\/07\/dubai-1767540_1280-2-1024x683.jpg 1024w, https:\/\/inteligentny-rozwoj.com.pl\/wp-content\/uploads\/2021\/07\/dubai-1767540_1280-2-300x200.jpg 300w, https:\/\/inteligentny-rozwoj.com.pl\/wp-content\/uploads\/2021\/07\/dubai-1767540_1280-2-768x512.jpg 768w, https:\/\/inteligentny-rozwoj.com.pl\/wp-content\/uploads\/2021\/07\/dubai-1767540_1280-2-536x358.jpg 536w, https:\/\/inteligentny-rozwoj.com.pl\/wp-content\/uploads\/2021\/07\/dubai-1767540_1280-2-272x182.jpg 272w, https:\/\/inteligentny-rozwoj.com.pl\/wp-content\/uploads\/2021\/07\/dubai-1767540_1280-2.jpg 1280w\" sizes=\"auto, (max-width: 1024px) 100vw, 1024px\" \/>\t\t\t\t\t<\/a>\n\t\t\t\t\t\t\t\t\t<\/div>\n\t\t\t\t\t\t<h4 class=\"uagb-post__title uagb-post__text\">\n\t\t\t\t<a href=\"https:\/\/inteligentny-rozwoj.com.pl\/index.php\/go-to-brand-2021-expo-dubaj-2020-wyniki-konkurs-nr-8-2021\/\" target=\"_self\" rel=\"bookmark noopener noreferrer\">Go to Brand 2021 &#8211; EXPO Dubaj 2020 \u2013 konkurs nr 8\/2021 r &#8211; WYNIKI i LISTA PROJEKT\u00d3W<\/a>\n\t\t\t<\/h4>\n\t\t\t\t\t\t<div class='uagb-post__text uagb-post-grid-byline'>\n\t\t\t\t\t\t\t<\/div>\n\t\t\t\n\t\t\t\t\t\t\t\t\t<\/article>\n\t\t\t\t\t\t\t\t\t\t\t\t\t\t\t\t<article class=\"uagb-post__inner-wrap\">\t\t\t\t\t\t\t\t<div class='uagb-post__image'>\n\t\t\t\t\t\t\t\t\t<a href=\"https:\/\/inteligentny-rozwoj.com.pl\/index.php\/2-3-5-design-dla-przedsiebiorcow-po-ir-ogloszenie-o-konkursie\/\" target=\"_self\" rel=\"bookmark noopener noreferrer\"><img loading=\"lazy\" decoding=\"async\" width=\"397\" height=\"302\" src=\"https:\/\/inteligentny-rozwoj.com.pl\/wp-content\/uploads\/2013\/12\/Fotolia_53887839_XS.jpg\" class=\"attachment-large size-large\" alt=\"2.3.5 design dla przedsi\u0119biorc\u00f3w PO IR\" srcset=\"https:\/\/inteligentny-rozwoj.com.pl\/wp-content\/uploads\/2013\/12\/Fotolia_53887839_XS.jpg 397w, https:\/\/inteligentny-rozwoj.com.pl\/wp-content\/uploads\/2013\/12\/Fotolia_53887839_XS-300x228.jpg 300w\" sizes=\"auto, (max-width: 397px) 100vw, 397px\" \/>\t\t\t\t\t<\/a>\n\t\t\t\t\t\t\t\t\t<\/div>\n\t\t\t\t\t\t<h4 class=\"uagb-post__title uagb-post__text\">\n\t\t\t\t<a href=\"https:\/\/inteligentny-rozwoj.com.pl\/index.php\/2-3-5-design-dla-przedsiebiorcow-po-ir-ogloszenie-o-konkursie\/\" target=\"_self\" rel=\"bookmark noopener noreferrer\">Design dla przedsi\u0119biorc\u00f3w &#8211; 2.3.5 PO IR &#8211; informacje na temat konkurs\u00f3w<\/a>\n\t\t\t<\/h4>\n\t\t\t\t\t\t<div class='uagb-post__text uagb-post-grid-byline'>\n\t\t\t\t\t\t\t<\/div>\n\t\t\t\n\t\t\t\t\t\t\t\t\t<\/article>\n\t\t\t\t\t\t\t\t\t\t\t\t\t\t\t\t<article class=\"uagb-post__inner-wrap\">\t\t\t\t\t\t\t\t<div class='uagb-post__image'>\n\t\t\t\t\t\t\t\t\t<a href=\"https:\/\/inteligentny-rozwoj.com.pl\/index.php\/go-to-brand-expo-2020\/\" target=\"_self\" rel=\"bookmark noopener noreferrer\"><img loading=\"lazy\" decoding=\"async\" width=\"1024\" height=\"682\" src=\"https:\/\/inteligentny-rozwoj.com.pl\/wp-content\/uploads\/2020\/02\/Go_To_Brand-EXPO_2020_Dubaj-1024x682.jpg\" class=\"attachment-large size-large\" alt=\"\" srcset=\"https:\/\/inteligentny-rozwoj.com.pl\/wp-content\/uploads\/2020\/02\/Go_To_Brand-EXPO_2020_Dubaj.jpg 1024w, https:\/\/inteligentny-rozwoj.com.pl\/wp-content\/uploads\/2020\/02\/Go_To_Brand-EXPO_2020_Dubaj-300x200.jpg 300w, https:\/\/inteligentny-rozwoj.com.pl\/wp-content\/uploads\/2020\/02\/Go_To_Brand-EXPO_2020_Dubaj-768x512.jpg 768w, https:\/\/inteligentny-rozwoj.com.pl\/wp-content\/uploads\/2020\/02\/Go_To_Brand-EXPO_2020_Dubaj-536x357.jpg 536w, https:\/\/inteligentny-rozwoj.com.pl\/wp-content\/uploads\/2020\/02\/Go_To_Brand-EXPO_2020_Dubaj-272x182.jpg 272w\" sizes=\"auto, (max-width: 1024px) 100vw, 1024px\" \/>\t\t\t\t\t<\/a>\n\t\t\t\t\t\t\t\t\t<\/div>\n\t\t\t\t\t\t<h4 class=\"uagb-post__title uagb-post__text\">\n\t\t\t\t<a href=\"https:\/\/inteligentny-rozwoj.com.pl\/index.php\/go-to-brand-expo-2020\/\" target=\"_self\" rel=\"bookmark noopener noreferrer\">GO TO BRAND 2021 &#8211; EXPO 2020 Dubaj<\/a>\n\t\t\t<\/h4>\n\t\t\t\t\t\t<div class='uagb-post__text uagb-post-grid-byline'>\n\t\t\t\t\t\t\t<\/div>\n\t\t\t\n\t\t\t\t\t\t\t\t\t<\/article>\n\t\t\t\t\t\t\t\t\t\t\t\t\t\t\t\t<article class=\"uagb-post__inner-wrap\">\t\t\t\t\t\t\t\t<div class='uagb-post__image'>\n\t\t\t\t\t\t\t\t\t<a href=\"https:\/\/inteligentny-rozwoj.com.pl\/index.php\/go-to-brand-2021-expo-dubaj-znany-jest-termin-naboru\/\" target=\"_self\" rel=\"bookmark noopener noreferrer\"><img loading=\"lazy\" decoding=\"async\" width=\"1024\" height=\"682\" src=\"https:\/\/inteligentny-rozwoj.com.pl\/wp-content\/uploads\/2020\/02\/Go_To_Brand-EXPO_2020_Dubaj-1024x682.jpg\" class=\"attachment-large size-large\" alt=\"\" srcset=\"https:\/\/inteligentny-rozwoj.com.pl\/wp-content\/uploads\/2020\/02\/Go_To_Brand-EXPO_2020_Dubaj.jpg 1024w, https:\/\/inteligentny-rozwoj.com.pl\/wp-content\/uploads\/2020\/02\/Go_To_Brand-EXPO_2020_Dubaj-300x200.jpg 300w, https:\/\/inteligentny-rozwoj.com.pl\/wp-content\/uploads\/2020\/02\/Go_To_Brand-EXPO_2020_Dubaj-768x512.jpg 768w, https:\/\/inteligentny-rozwoj.com.pl\/wp-content\/uploads\/2020\/02\/Go_To_Brand-EXPO_2020_Dubaj-536x357.jpg 536w, https:\/\/inteligentny-rozwoj.com.pl\/wp-content\/uploads\/2020\/02\/Go_To_Brand-EXPO_2020_Dubaj-272x182.jpg 272w\" sizes=\"auto, (max-width: 1024px) 100vw, 1024px\" \/>\t\t\t\t\t<\/a>\n\t\t\t\t\t\t\t\t\t<\/div>\n\t\t\t\t\t\t<h4 class=\"uagb-post__title uagb-post__text\">\n\t\t\t\t<a href=\"https:\/\/inteligentny-rozwoj.com.pl\/index.php\/go-to-brand-2021-expo-dubaj-znany-jest-termin-naboru\/\" target=\"_self\" rel=\"bookmark noopener noreferrer\">Go To Brand 2021 &#8211; EXPO 2020 Dubaj &#8211; konkurs nr 8\/2021 zosta\u0142 og\u0142oszony !<\/a>\n\t\t\t<\/h4>\n\t\t\t\t\t\t<div class='uagb-post__text uagb-post-grid-byline'>\n\t\t\t\t\t\t\t<\/div>\n\t\t\t\n\t\t\t\t\t\t\t\t\t<\/article>\n\t\t\t\t\t\t\t\t\t\t\t\t\t\t\t\t<article class=\"uagb-post__inner-wrap\">\t\t\t\t\t\t\t\t<div class='uagb-post__image'>\n\t\t\t\t\t\t\t\t\t<a href=\"https:\/\/inteligentny-rozwoj.com.pl\/index.php\/rozliczanie-dotacji-unijnych\/\" target=\"_self\" rel=\"bookmark noopener noreferrer\"><img loading=\"lazy\" decoding=\"async\" width=\"1024\" height=\"434\" src=\"https:\/\/inteligentny-rozwoj.com.pl\/wp-content\/uploads\/2020\/10\/rozliczanie_dotacji_unijnych_RPCONSULTING-1024x434.jpg\" class=\"attachment-large size-large\" alt=\"rozliczanie dotacji unijnych - RP CONSULTING\" srcset=\"https:\/\/inteligentny-rozwoj.com.pl\/wp-content\/uploads\/2020\/10\/rozliczanie_dotacji_unijnych_RPCONSULTING-1024x434.jpg 1024w, https:\/\/inteligentny-rozwoj.com.pl\/wp-content\/uploads\/2020\/10\/rozliczanie_dotacji_unijnych_RPCONSULTING-300x127.jpg 300w, https:\/\/inteligentny-rozwoj.com.pl\/wp-content\/uploads\/2020\/10\/rozliczanie_dotacji_unijnych_RPCONSULTING-768x326.jpg 768w, https:\/\/inteligentny-rozwoj.com.pl\/wp-content\/uploads\/2020\/10\/rozliczanie_dotacji_unijnych_RPCONSULTING-1536x651.jpg 1536w, https:\/\/inteligentny-rozwoj.com.pl\/wp-content\/uploads\/2020\/10\/rozliczanie_dotacji_unijnych_RPCONSULTING-536x227.jpg 536w, https:\/\/inteligentny-rozwoj.com.pl\/wp-content\/uploads\/2020\/10\/rozliczanie_dotacji_unijnych_RPCONSULTING.jpg 1920w\" sizes=\"auto, (max-width: 1024px) 100vw, 1024px\" \/>\t\t\t\t\t<\/a>\n\t\t\t\t\t\t\t\t\t<\/div>\n\t\t\t\t\t\t<h4 class=\"uagb-post__title uagb-post__text\">\n\t\t\t\t<a href=\"https:\/\/inteligentny-rozwoj.com.pl\/index.php\/rozliczanie-dotacji-unijnych\/\" target=\"_self\" rel=\"bookmark noopener noreferrer\">Rozliczanie dotacji unijnych<\/a>\n\t\t\t<\/h4>\n\t\t\t\t\t\t<div class='uagb-post__text uagb-post-grid-byline'>\n\t\t\t\t\t\t\t<\/div>\n\t\t\t\n\t\t\t\t\t\t\t\t\t<\/article>\n\t\t\t\t\t\t\t\t\t\t\t\t\t\t\t\t<article class=\"uagb-post__inner-wrap\">\t\t\t\t\t\t\t\t<div class='uagb-post__image'>\n\t\t\t\t\t\t\t\t\t<a href=\"https:\/\/inteligentny-rozwoj.com.pl\/index.php\/polskie-mosty-technologiczne-pmt-3-3-1-po-ir-nabor-nr-i-2020-przedluzony-do-5-10-2020\/\" target=\"_self\" rel=\"bookmark noopener noreferrer\"><img loading=\"lazy\" decoding=\"async\" width=\"1024\" height=\"480\" src=\"https:\/\/inteligentny-rozwoj.com.pl\/wp-content\/uploads\/2020\/05\/hand-3044387-2-1024x480.jpg\" class=\"attachment-large size-large\" alt=\"sprzeda\u017c i marketing w sturtupie - B2B\" srcset=\"https:\/\/inteligentny-rozwoj.com.pl\/wp-content\/uploads\/2020\/05\/hand-3044387-2-1024x480.jpg 1024w, https:\/\/inteligentny-rozwoj.com.pl\/wp-content\/uploads\/2020\/05\/hand-3044387-2-300x141.jpg 300w, https:\/\/inteligentny-rozwoj.com.pl\/wp-content\/uploads\/2020\/05\/hand-3044387-2-768x360.jpg 768w, https:\/\/inteligentny-rozwoj.com.pl\/wp-content\/uploads\/2020\/05\/hand-3044387-2-536x251.jpg 536w, https:\/\/inteligentny-rozwoj.com.pl\/wp-content\/uploads\/2020\/05\/hand-3044387-2.jpg 1920w\" sizes=\"auto, (max-width: 1024px) 100vw, 1024px\" \/>\t\t\t\t\t<\/a>\n\t\t\t\t\t\t\t\t\t<\/div>\n\t\t\t\t\t\t<h4 class=\"uagb-post__title uagb-post__text\">\n\t\t\t\t<a href=\"https:\/\/inteligentny-rozwoj.com.pl\/index.php\/polskie-mosty-technologiczne-pmt-3-3-1-po-ir-nabor-nr-i-2020-przedluzony-do-5-10-2020\/\" target=\"_self\" rel=\"bookmark noopener noreferrer\">Polskie Mosty Technologiczne (PMT) &#8211; 3.3.1 PO IR, nab\u00f3r nr I\/2020 przed\u0142u\u017cony do 5.10.2020<\/a>\n\t\t\t<\/h4>\n\t\t\t\t\t\t<div class='uagb-post__text uagb-post-grid-byline'>\n\t\t\t\t\t\t\t<\/div>\n\t\t\t\n\t\t\t\t\t\t\t\t\t<\/article>\n\t\t\t\t\t\t\t\t\t\t\t\t\t\t\t\t<article class=\"uagb-post__inner-wrap\">\t\t\t\t\t\t\t\t<div class='uagb-post__image'>\n\t\t\t\t\t\t\t\t\t<a href=\"https:\/\/inteligentny-rozwoj.com.pl\/index.php\/2-3-1-innowacje-w-msp-rpo-woj-lodzkie-dotacje-na-kapital-obrotowy\/\" target=\"_self\" rel=\"bookmark noopener noreferrer\"><img loading=\"lazy\" decoding=\"async\" width=\"448\" height=\"299\" src=\"https:\/\/inteligentny-rozwoj.com.pl\/wp-content\/uploads\/2019\/05\/Go_To_Brand_2019_duza_liczba_wnioskow.jpg\" class=\"attachment-large size-large\" alt=\"01.05.2019; Rzeczpospolita \u2013 opinia w odniesieniu do konkursu Go To Brand 2019\" srcset=\"https:\/\/inteligentny-rozwoj.com.pl\/wp-content\/uploads\/2019\/05\/Go_To_Brand_2019_duza_liczba_wnioskow.jpg 448w, https:\/\/inteligentny-rozwoj.com.pl\/wp-content\/uploads\/2019\/05\/Go_To_Brand_2019_duza_liczba_wnioskow-300x200.jpg 300w, https:\/\/inteligentny-rozwoj.com.pl\/wp-content\/uploads\/2019\/05\/Go_To_Brand_2019_duza_liczba_wnioskow-272x182.jpg 272w\" sizes=\"auto, (max-width: 448px) 100vw, 448px\" \/>\t\t\t\t\t<\/a>\n\t\t\t\t\t\t\t\t\t<\/div>\n\t\t\t\t\t\t<h4 class=\"uagb-post__title uagb-post__text\">\n\t\t\t\t<a href=\"https:\/\/inteligentny-rozwoj.com.pl\/index.php\/2-3-1-innowacje-w-msp-rpo-woj-lodzkie-dotacje-na-kapital-obrotowy\/\" target=\"_self\" rel=\"bookmark noopener noreferrer\">2.3.1 Innowacje w M\u015aP, RPO woj. \u0142\u00f3dzkie &#8211; dotacje na kapita\u0142 obrotowy<\/a>\n\t\t\t<\/h4>\n\t\t\t\t\t\t<div class='uagb-post__text uagb-post-grid-byline'>\n\t\t\t\t\t\t\t<\/div>\n\t\t\t\n\t\t\t\t\t\t\t\t\t<\/article>\n\t\t\t\t\t\t\t\t\t\t\t<\/div>\n\t\t\t\n\n\n<p class=\"wp-block-paragraph\"><\/p>\n","protected":false},"excerpt":{"rendered":"<p>Fundusze Europejskie 2021-2027 to&nbsp;72,2 miliarda euro&nbsp;z polityki sp&oacute;jno&#347;ci oraz&nbsp;3,8 mld euro z Funduszu na rzecz Sprawiedliwej Transformacji. &#321;&#261;cznie dla naszego kraju to oko&#322;o&nbsp;76 miliard&oacute;w euro. &#346;rodki zostan&#261; przeznaczone na realizacj&#281; inwestycji w innowacje, przedsi&#281;biorczo&#347;&#263;, cyfryzacj&#281;, infrastruktur&#281;, ochron&#281; &#347;rodowiska, energetyk&#281;, edukacj&#281; i sprawy spo&#322;eczne. Podstawowym dokumentem, kt&oacute;ry okre&#347;la wsp&oacute;&#322;prac&#281; Unii Europejskiej z Polsk&#261;, w tym zakresie [&hellip;]<\/p>\n","protected":false},"author":1,"featured_media":5344,"parent":0,"menu_order":3,"comment_status":"closed","ping_status":"closed","template":"page-templates\/full-width.php","meta":{"_crdt_document":"","content-type":"","_uag_custom_page_level_css":"","footnotes":""},"class_list":["post-5338","page","type-page","status-publish","has-post-thumbnail","hentry"],"yoast_head":"<!-- This site is optimized with the Yoast SEO plugin v27.3 - https:\/\/yoast.com\/product\/yoast-seo-wordpress\/ -->\n<title>Fundusze Europejskie 2021-2027 - perspektywa finansowa, dotacje UE<\/title>\n<meta name=\"description\" content=\"Fundusze Europejskie 2021-2027 (perspektywa finansowa 2021-2027) \u2013 dotacje unijne 2021-2027, kt\u00f3re pozwol\u0105 uzyska\u0107 dofinansowanie na rozw\u00f3j Twojej firmy\" \/>\n<meta name=\"robots\" content=\"index, follow, max-snippet:-1, max-image-preview:large, max-video-preview:-1\" \/>\n<link rel=\"canonical\" href=\"https:\/\/inteligentny-rozwoj.com.pl\/index.php\/fundusze-europejskie-2021-2027\/\" \/>\n<meta property=\"og:locale\" content=\"pl_PL\" \/>\n<meta property=\"og:type\" content=\"article\" \/>\n<meta property=\"og:title\" content=\"Fundusze Europejskie 2021-2027 - perspektywa finansowa, dotacje UE\" \/>\n<meta property=\"og:description\" content=\"Fundusze Europejskie 2021-2027 (perspektywa finansowa 2021-2027) \u2013 dotacje unijne 2021-2027, kt\u00f3re pozwol\u0105 uzyska\u0107 dofinansowanie na rozw\u00f3j Twojej firmy\" \/>\n<meta property=\"og:url\" content=\"https:\/\/inteligentny-rozwoj.com.pl\/index.php\/fundusze-europejskie-2021-2027\/\" \/>\n<meta property=\"og:site_name\" content=\"RP CONSULTING Rafa\u0142 Pasterczyk | marketing B2B, eksport, dotacje UE\" \/>\n<meta property=\"article:publisher\" content=\"https:\/\/www.facebook.com\/RPConsulting\" \/>\n<meta property=\"article:modified_time\" content=\"2026-03-28T17:06:28+00:00\" \/>\n<meta property=\"og:image\" content=\"https:\/\/inteligentny-rozwoj.com.pl\/wp-content\/uploads\/2021\/05\/bank-note-209104-230.jpg\" \/>\n\t<meta property=\"og:image:width\" content=\"1024\" \/>\n\t<meta property=\"og:image:height\" content=\"461\" \/>\n\t<meta property=\"og:image:type\" content=\"image\/jpeg\" \/>\n<meta name=\"twitter:card\" content=\"summary_large_image\" \/>\n<meta name=\"twitter:site\" content=\"@rp_consulting\" \/>\n<meta name=\"twitter:label1\" content=\"Szacowany czas czytania\" \/>\n\t<meta name=\"twitter:data1\" content=\"6 minut\" \/>\n<script type=\"application\/ld+json\" class=\"yoast-schema-graph\">{\"@context\":\"https:\\\/\\\/schema.org\",\"@graph\":[{\"@type\":\"Article\",\"@id\":\"https:\\\/\\\/inteligentny-rozwoj.com.pl\\\/index.php\\\/fundusze-europejskie-2021-2027\\\/#article\",\"isPartOf\":{\"@id\":\"https:\\\/\\\/inteligentny-rozwoj.com.pl\\\/index.php\\\/fundusze-europejskie-2021-2027\\\/\"},\"author\":{\"name\":\"RP CONSULTING Rafa\u0142 Pasterczyk\",\"@id\":\"https:\\\/\\\/inteligentny-rozwoj.com.pl\\\/#\\\/schema\\\/person\\\/781a467e5e331ce384632759ecdba772\"},\"headline\":\"Fundusze 2021-2027\",\"datePublished\":\"2021-05-10T14:55:41+00:00\",\"dateModified\":\"2026-03-28T17:06:28+00:00\",\"mainEntityOfPage\":{\"@id\":\"https:\\\/\\\/inteligentny-rozwoj.com.pl\\\/index.php\\\/fundusze-europejskie-2021-2027\\\/\"},\"wordCount\":1059,\"publisher\":{\"@id\":\"https:\\\/\\\/inteligentny-rozwoj.com.pl\\\/#organization\"},\"image\":{\"@id\":\"https:\\\/\\\/inteligentny-rozwoj.com.pl\\\/index.php\\\/fundusze-europejskie-2021-2027\\\/#primaryimage\"},\"thumbnailUrl\":\"https:\\\/\\\/inteligentny-rozwoj.com.pl\\\/wp-content\\\/uploads\\\/2021\\\/05\\\/bank-note-209104-230.jpg\",\"inLanguage\":\"pl-PL\"},{\"@type\":\"WebPage\",\"@id\":\"https:\\\/\\\/inteligentny-rozwoj.com.pl\\\/index.php\\\/fundusze-europejskie-2021-2027\\\/\",\"url\":\"https:\\\/\\\/inteligentny-rozwoj.com.pl\\\/index.php\\\/fundusze-europejskie-2021-2027\\\/\",\"name\":\"Fundusze Europejskie 2021-2027 - perspektywa finansowa, dotacje UE\",\"isPartOf\":{\"@id\":\"https:\\\/\\\/inteligentny-rozwoj.com.pl\\\/#website\"},\"primaryImageOfPage\":{\"@id\":\"https:\\\/\\\/inteligentny-rozwoj.com.pl\\\/index.php\\\/fundusze-europejskie-2021-2027\\\/#primaryimage\"},\"image\":{\"@id\":\"https:\\\/\\\/inteligentny-rozwoj.com.pl\\\/index.php\\\/fundusze-europejskie-2021-2027\\\/#primaryimage\"},\"thumbnailUrl\":\"https:\\\/\\\/inteligentny-rozwoj.com.pl\\\/wp-content\\\/uploads\\\/2021\\\/05\\\/bank-note-209104-230.jpg\",\"datePublished\":\"2021-05-10T14:55:41+00:00\",\"dateModified\":\"2026-03-28T17:06:28+00:00\",\"description\":\"Fundusze Europejskie 2021-2027 (perspektywa finansowa 2021-2027) \u2013 dotacje unijne 2021-2027, kt\u00f3re pozwol\u0105 uzyska\u0107 dofinansowanie na rozw\u00f3j Twojej firmy\",\"inLanguage\":\"pl-PL\",\"potentialAction\":[{\"@type\":\"ReadAction\",\"target\":[\"https:\\\/\\\/inteligentny-rozwoj.com.pl\\\/index.php\\\/fundusze-europejskie-2021-2027\\\/\"]}]},{\"@type\":\"ImageObject\",\"inLanguage\":\"pl-PL\",\"@id\":\"https:\\\/\\\/inteligentny-rozwoj.com.pl\\\/index.php\\\/fundusze-europejskie-2021-2027\\\/#primaryimage\",\"url\":\"https:\\\/\\\/inteligentny-rozwoj.com.pl\\\/wp-content\\\/uploads\\\/2021\\\/05\\\/bank-note-209104-230.jpg\",\"contentUrl\":\"https:\\\/\\\/inteligentny-rozwoj.com.pl\\\/wp-content\\\/uploads\\\/2021\\\/05\\\/bank-note-209104-230.jpg\",\"width\":1024,\"height\":461,\"caption\":\"fundusze europejskie 2021-2027\"},{\"@type\":\"WebSite\",\"@id\":\"https:\\\/\\\/inteligentny-rozwoj.com.pl\\\/#website\",\"url\":\"https:\\\/\\\/inteligentny-rozwoj.com.pl\\\/\",\"name\":\"RP CONSULTING Rafa\u0142 Pasterczyk | marketing B2B, eksport, dotacje UE\",\"description\":\"Tw\u00f3j partner w rozwoju biznesu - skuteczne doradztwo w marketingu B2B, rozwoju eksportu i pozyskiwaniu dotacji\",\"publisher\":{\"@id\":\"https:\\\/\\\/inteligentny-rozwoj.com.pl\\\/#organization\"},\"alternateName\":\"Rafa\u0142 Pasterczyk RP CONSULTING\",\"potentialAction\":[{\"@type\":\"SearchAction\",\"target\":{\"@type\":\"EntryPoint\",\"urlTemplate\":\"https:\\\/\\\/inteligentny-rozwoj.com.pl\\\/?s={search_term_string}\"},\"query-input\":{\"@type\":\"PropertyValueSpecification\",\"valueRequired\":true,\"valueName\":\"search_term_string\"}}],\"inLanguage\":\"pl-PL\"},{\"@type\":\"Organization\",\"@id\":\"https:\\\/\\\/inteligentny-rozwoj.com.pl\\\/#organization\",\"name\":\"RP CONSULTING Rafa\u0142 Pasterczyk\",\"alternateName\":\"Rafa\u0142 Pasterczyk RP CONSULTING\",\"url\":\"https:\\\/\\\/inteligentny-rozwoj.com.pl\\\/\",\"logo\":{\"@type\":\"ImageObject\",\"inLanguage\":\"pl-PL\",\"@id\":\"https:\\\/\\\/inteligentny-rozwoj.com.pl\\\/#\\\/schema\\\/logo\\\/image\\\/\",\"url\":\"https:\\\/\\\/inteligentny-rozwoj.com.pl\\\/wp-content\\\/uploads\\\/2019\\\/01\\\/cropped-rpc_logo_sq-e1546996617786.png\",\"contentUrl\":\"https:\\\/\\\/inteligentny-rozwoj.com.pl\\\/wp-content\\\/uploads\\\/2019\\\/01\\\/cropped-rpc_logo_sq-e1546996617786.png\",\"width\":512,\"height\":512,\"caption\":\"RP CONSULTING Rafa\u0142 Pasterczyk\"},\"image\":{\"@id\":\"https:\\\/\\\/inteligentny-rozwoj.com.pl\\\/#\\\/schema\\\/logo\\\/image\\\/\"},\"sameAs\":[\"https:\\\/\\\/www.facebook.com\\\/RPConsulting\",\"https:\\\/\\\/x.com\\\/rp_consulting\",\"https:\\\/\\\/www.instagram.com\\\/rpconsulting.pl\\\/\",\"https:\\\/\\\/pl.linkedin.com\\\/company\\\/rp-consulting-rpc\",\"https:\\\/\\\/www.linkedin.com\\\/in\\\/rafal-pasterczyk\\\/\"]},{\"@type\":\"Person\",\"@id\":\"https:\\\/\\\/inteligentny-rozwoj.com.pl\\\/#\\\/schema\\\/person\\\/781a467e5e331ce384632759ecdba772\",\"name\":\"RP CONSULTING Rafa\u0142 Pasterczyk\",\"image\":{\"@type\":\"ImageObject\",\"inLanguage\":\"pl-PL\",\"@id\":\"https:\\\/\\\/secure.gravatar.com\\\/avatar\\\/fde501377d5b06ef1fb158c1ea34fe2defd80fd9526b2263a81456023558c240?s=96&d=mm&r=g\",\"url\":\"https:\\\/\\\/secure.gravatar.com\\\/avatar\\\/fde501377d5b06ef1fb158c1ea34fe2defd80fd9526b2263a81456023558c240?s=96&d=mm&r=g\",\"contentUrl\":\"https:\\\/\\\/secure.gravatar.com\\\/avatar\\\/fde501377d5b06ef1fb158c1ea34fe2defd80fd9526b2263a81456023558c240?s=96&d=mm&r=g\",\"caption\":\"RP CONSULTING Rafa\u0142 Pasterczyk\"},\"description\":\"Doradztwo biznesowe, outsourcing i interim management w zakresie marketingu B2B, rozwoju eksportu, a tak\u017ce pozyskiwanie i rozliczanie dotacji na rozw\u00f3j eksportu i cyfryzacj\u0119. Ponad 100 skutecznie zrealizowanych projekt\u00f3w dla M\u015aP. Wiele z nich \u0142\u0105czy doradztwo w zakresie strategii internacjonalizacji ze skutecznym pozyskaniem dofinansowania na dzia\u0142ania na rynkach zagranicznych.\",\"sameAs\":[\"https:\\\/\\\/inteligentny-rozwoj.com.pl\\\/\",\"https:\\\/\\\/www.facebook.com\\\/RPConsulting\\\/\",\"https:\\\/\\\/www.instagram.com\\\/rpconsulting.pl\\\/\",\"https:\\\/\\\/pl.linkedin.com\\\/company\\\/rp-consulting-rpc\",\"https:\\\/\\\/www.youtube.com\\\/@RPCONSULTING-b2b\"],\"url\":\"https:\\\/\\\/inteligentny-rozwoj.com.pl\\\/index.php\\\/author\\\/rpconsulting\\\/\"}]}<\/script>\n<!-- \/ Yoast SEO plugin. -->","yoast_head_json":{"title":"Fundusze Europejskie 2021-2027 - perspektywa finansowa, dotacje UE","description":"Fundusze Europejskie 2021-2027 (perspektywa finansowa 2021-2027) \u2013 dotacje unijne 2021-2027, kt\u00f3re pozwol\u0105 uzyska\u0107 dofinansowanie na rozw\u00f3j Twojej firmy","robots":{"index":"index","follow":"follow","max-snippet":"max-snippet:-1","max-image-preview":"max-image-preview:large","max-video-preview":"max-video-preview:-1"},"canonical":"https:\/\/inteligentny-rozwoj.com.pl\/index.php\/fundusze-europejskie-2021-2027\/","og_locale":"pl_PL","og_type":"article","og_title":"Fundusze Europejskie 2021-2027 - perspektywa finansowa, dotacje UE","og_description":"Fundusze Europejskie 2021-2027 (perspektywa finansowa 2021-2027) \u2013 dotacje unijne 2021-2027, kt\u00f3re pozwol\u0105 uzyska\u0107 dofinansowanie na rozw\u00f3j Twojej firmy","og_url":"https:\/\/inteligentny-rozwoj.com.pl\/index.php\/fundusze-europejskie-2021-2027\/","og_site_name":"RP CONSULTING Rafa\u0142 Pasterczyk | marketing B2B, eksport, dotacje UE","article_publisher":"https:\/\/www.facebook.com\/RPConsulting","article_modified_time":"2026-03-28T17:06:28+00:00","og_image":[{"width":1024,"height":461,"url":"https:\/\/inteligentny-rozwoj.com.pl\/wp-content\/uploads\/2021\/05\/bank-note-209104-230.jpg","type":"image\/jpeg"}],"twitter_card":"summary_large_image","twitter_site":"@rp_consulting","twitter_misc":{"Szacowany czas czytania":"6 minut"},"schema":{"@context":"https:\/\/schema.org","@graph":[{"@type":"Article","@id":"https:\/\/inteligentny-rozwoj.com.pl\/index.php\/fundusze-europejskie-2021-2027\/#article","isPartOf":{"@id":"https:\/\/inteligentny-rozwoj.com.pl\/index.php\/fundusze-europejskie-2021-2027\/"},"author":{"name":"RP CONSULTING Rafa\u0142 Pasterczyk","@id":"https:\/\/inteligentny-rozwoj.com.pl\/#\/schema\/person\/781a467e5e331ce384632759ecdba772"},"headline":"Fundusze 2021-2027","datePublished":"2021-05-10T14:55:41+00:00","dateModified":"2026-03-28T17:06:28+00:00","mainEntityOfPage":{"@id":"https:\/\/inteligentny-rozwoj.com.pl\/index.php\/fundusze-europejskie-2021-2027\/"},"wordCount":1059,"publisher":{"@id":"https:\/\/inteligentny-rozwoj.com.pl\/#organization"},"image":{"@id":"https:\/\/inteligentny-rozwoj.com.pl\/index.php\/fundusze-europejskie-2021-2027\/#primaryimage"},"thumbnailUrl":"https:\/\/inteligentny-rozwoj.com.pl\/wp-content\/uploads\/2021\/05\/bank-note-209104-230.jpg","inLanguage":"pl-PL"},{"@type":"WebPage","@id":"https:\/\/inteligentny-rozwoj.com.pl\/index.php\/fundusze-europejskie-2021-2027\/","url":"https:\/\/inteligentny-rozwoj.com.pl\/index.php\/fundusze-europejskie-2021-2027\/","name":"Fundusze Europejskie 2021-2027 - perspektywa finansowa, dotacje UE","isPartOf":{"@id":"https:\/\/inteligentny-rozwoj.com.pl\/#website"},"primaryImageOfPage":{"@id":"https:\/\/inteligentny-rozwoj.com.pl\/index.php\/fundusze-europejskie-2021-2027\/#primaryimage"},"image":{"@id":"https:\/\/inteligentny-rozwoj.com.pl\/index.php\/fundusze-europejskie-2021-2027\/#primaryimage"},"thumbnailUrl":"https:\/\/inteligentny-rozwoj.com.pl\/wp-content\/uploads\/2021\/05\/bank-note-209104-230.jpg","datePublished":"2021-05-10T14:55:41+00:00","dateModified":"2026-03-28T17:06:28+00:00","description":"Fundusze Europejskie 2021-2027 (perspektywa finansowa 2021-2027) \u2013 dotacje unijne 2021-2027, kt\u00f3re pozwol\u0105 uzyska\u0107 dofinansowanie na rozw\u00f3j Twojej firmy","inLanguage":"pl-PL","potentialAction":[{"@type":"ReadAction","target":["https:\/\/inteligentny-rozwoj.com.pl\/index.php\/fundusze-europejskie-2021-2027\/"]}]},{"@type":"ImageObject","inLanguage":"pl-PL","@id":"https:\/\/inteligentny-rozwoj.com.pl\/index.php\/fundusze-europejskie-2021-2027\/#primaryimage","url":"https:\/\/inteligentny-rozwoj.com.pl\/wp-content\/uploads\/2021\/05\/bank-note-209104-230.jpg","contentUrl":"https:\/\/inteligentny-rozwoj.com.pl\/wp-content\/uploads\/2021\/05\/bank-note-209104-230.jpg","width":1024,"height":461,"caption":"fundusze europejskie 2021-2027"},{"@type":"WebSite","@id":"https:\/\/inteligentny-rozwoj.com.pl\/#website","url":"https:\/\/inteligentny-rozwoj.com.pl\/","name":"RP CONSULTING Rafa\u0142 Pasterczyk | marketing B2B, eksport, dotacje UE","description":"Tw\u00f3j partner w rozwoju biznesu - skuteczne doradztwo w marketingu B2B, rozwoju eksportu i pozyskiwaniu dotacji","publisher":{"@id":"https:\/\/inteligentny-rozwoj.com.pl\/#organization"},"alternateName":"Rafa\u0142 Pasterczyk RP CONSULTING","potentialAction":[{"@type":"SearchAction","target":{"@type":"EntryPoint","urlTemplate":"https:\/\/inteligentny-rozwoj.com.pl\/?s={search_term_string}"},"query-input":{"@type":"PropertyValueSpecification","valueRequired":true,"valueName":"search_term_string"}}],"inLanguage":"pl-PL"},{"@type":"Organization","@id":"https:\/\/inteligentny-rozwoj.com.pl\/#organization","name":"RP CONSULTING Rafa\u0142 Pasterczyk","alternateName":"Rafa\u0142 Pasterczyk RP CONSULTING","url":"https:\/\/inteligentny-rozwoj.com.pl\/","logo":{"@type":"ImageObject","inLanguage":"pl-PL","@id":"https:\/\/inteligentny-rozwoj.com.pl\/#\/schema\/logo\/image\/","url":"https:\/\/inteligentny-rozwoj.com.pl\/wp-content\/uploads\/2019\/01\/cropped-rpc_logo_sq-e1546996617786.png","contentUrl":"https:\/\/inteligentny-rozwoj.com.pl\/wp-content\/uploads\/2019\/01\/cropped-rpc_logo_sq-e1546996617786.png","width":512,"height":512,"caption":"RP CONSULTING Rafa\u0142 Pasterczyk"},"image":{"@id":"https:\/\/inteligentny-rozwoj.com.pl\/#\/schema\/logo\/image\/"},"sameAs":["https:\/\/www.facebook.com\/RPConsulting","https:\/\/x.com\/rp_consulting","https:\/\/www.instagram.com\/rpconsulting.pl\/","https:\/\/pl.linkedin.com\/company\/rp-consulting-rpc","https:\/\/www.linkedin.com\/in\/rafal-pasterczyk\/"]},{"@type":"Person","@id":"https:\/\/inteligentny-rozwoj.com.pl\/#\/schema\/person\/781a467e5e331ce384632759ecdba772","name":"RP CONSULTING Rafa\u0142 Pasterczyk","image":{"@type":"ImageObject","inLanguage":"pl-PL","@id":"https:\/\/secure.gravatar.com\/avatar\/fde501377d5b06ef1fb158c1ea34fe2defd80fd9526b2263a81456023558c240?s=96&d=mm&r=g","url":"https:\/\/secure.gravatar.com\/avatar\/fde501377d5b06ef1fb158c1ea34fe2defd80fd9526b2263a81456023558c240?s=96&d=mm&r=g","contentUrl":"https:\/\/secure.gravatar.com\/avatar\/fde501377d5b06ef1fb158c1ea34fe2defd80fd9526b2263a81456023558c240?s=96&d=mm&r=g","caption":"RP CONSULTING Rafa\u0142 Pasterczyk"},"description":"Doradztwo biznesowe, outsourcing i interim management w zakresie marketingu B2B, rozwoju eksportu, a tak\u017ce pozyskiwanie i rozliczanie dotacji na rozw\u00f3j eksportu i cyfryzacj\u0119. Ponad 100 skutecznie zrealizowanych projekt\u00f3w dla M\u015aP. Wiele z nich \u0142\u0105czy doradztwo w zakresie strategii internacjonalizacji ze skutecznym pozyskaniem dofinansowania na dzia\u0142ania na rynkach zagranicznych.","sameAs":["https:\/\/inteligentny-rozwoj.com.pl\/","https:\/\/www.facebook.com\/RPConsulting\/","https:\/\/www.instagram.com\/rpconsulting.pl\/","https:\/\/pl.linkedin.com\/company\/rp-consulting-rpc","https:\/\/www.youtube.com\/@RPCONSULTING-b2b"],"url":"https:\/\/inteligentny-rozwoj.com.pl\/index.php\/author\/rpconsulting\/"}]}},"uagb_featured_image_src":{"full":["https:\/\/inteligentny-rozwoj.com.pl\/wp-content\/uploads\/2021\/05\/bank-note-209104-230.jpg",1024,461,false],"thumbnail":["https:\/\/inteligentny-rozwoj.com.pl\/wp-content\/uploads\/2021\/05\/bank-note-209104-230-100x100.jpg",100,100,true],"medium":["https:\/\/inteligentny-rozwoj.com.pl\/wp-content\/uploads\/2021\/05\/bank-note-209104-230-300x135.jpg",300,135,true],"medium_large":["https:\/\/inteligentny-rozwoj.com.pl\/wp-content\/uploads\/2021\/05\/bank-note-209104-230-768x346.jpg",768,346,true],"large":["https:\/\/inteligentny-rozwoj.com.pl\/wp-content\/uploads\/2021\/05\/bank-note-209104-230-1024x461.jpg",1024,461,true],"1536x1536":["https:\/\/inteligentny-rozwoj.com.pl\/wp-content\/uploads\/2021\/05\/bank-note-209104-230.jpg",1024,461,false],"2048x2048":["https:\/\/inteligentny-rozwoj.com.pl\/wp-content\/uploads\/2021\/05\/bank-note-209104-230.jpg",1024,461,false],"post-thumbnail":["https:\/\/inteligentny-rozwoj.com.pl\/wp-content\/uploads\/2021\/05\/bank-note-209104-230-536x241.jpg",536,241,true],"sow-carousel-default":["https:\/\/inteligentny-rozwoj.com.pl\/wp-content\/uploads\/2021\/05\/bank-note-209104-230-272x182.jpg",272,182,true],"sow-blog-portfolio":["https:\/\/inteligentny-rozwoj.com.pl\/wp-content\/uploads\/2021\/05\/bank-note-209104-230.jpg",375,169,false],"sow-blog-grid":["https:\/\/inteligentny-rozwoj.com.pl\/wp-content\/uploads\/2021\/05\/bank-note-209104-230.jpg",720,324,false],"sow-blog-alternate":["https:\/\/inteligentny-rozwoj.com.pl\/wp-content\/uploads\/2021\/05\/bank-note-209104-230.jpg",950,428,false]},"uagb_author_info":{"display_name":"RP CONSULTING Rafa\u0142 Pasterczyk","author_link":"https:\/\/inteligentny-rozwoj.com.pl\/index.php\/author\/rpconsulting\/"},"uagb_comment_info":0,"uagb_excerpt":"Fundusze Europejskie 2021-2027 to&nbsp;72,2 miliarda euro&nbsp;z polityki sp&oacute;jno&#347;ci oraz&nbsp;3,8 mld euro z Funduszu na rzecz Sprawiedliwej Transformacji. &#321;&#261;cznie dla naszego kraju to oko&#322;o&nbsp;76 miliard&oacute;w euro. &#346;rodki zostan&#261; przeznaczone na realizacj&#281; inwestycji w innowacje, przedsi&#281;biorczo&#347;&#263;, cyfryzacj&#281;, infrastruktur&#281;, ochron&#281; &#347;rodowiska, energetyk&#281;, edukacj&#281; i sprawy spo&#322;eczne. Podstawowym dokumentem, kt&oacute;ry okre&#347;la wsp&oacute;&#322;prac&#281; Unii Europejskiej z Polsk&#261;, w tym zakresie&hellip;","_links":{"self":[{"href":"https:\/\/inteligentny-rozwoj.com.pl\/index.php\/wp-json\/wp\/v2\/pages\/5338","targetHints":{"allow":["GET"]}}],"collection":[{"href":"https:\/\/inteligentny-rozwoj.com.pl\/index.php\/wp-json\/wp\/v2\/pages"}],"about":[{"href":"https:\/\/inteligentny-rozwoj.com.pl\/index.php\/wp-json\/wp\/v2\/types\/page"}],"author":[{"embeddable":true,"href":"https:\/\/inteligentny-rozwoj.com.pl\/index.php\/wp-json\/wp\/v2\/users\/1"}],"replies":[{"embeddable":true,"href":"https:\/\/inteligentny-rozwoj.com.pl\/index.php\/wp-json\/wp\/v2\/comments?post=5338"}],"version-history":[{"count":28,"href":"https:\/\/inteligentny-rozwoj.com.pl\/index.php\/wp-json\/wp\/v2\/pages\/5338\/revisions"}],"predecessor-version":[{"id":10416,"href":"https:\/\/inteligentny-rozwoj.com.pl\/index.php\/wp-json\/wp\/v2\/pages\/5338\/revisions\/10416"}],"wp:featuredmedia":[{"embeddable":true,"href":"https:\/\/inteligentny-rozwoj.com.pl\/index.php\/wp-json\/wp\/v2\/media\/5344"}],"wp:attachment":[{"href":"https:\/\/inteligentny-rozwoj.com.pl\/index.php\/wp-json\/wp\/v2\/media?parent=5338"}],"curies":[{"name":"wp","href":"https:\/\/api.w.org\/{rel}","templated":true}]}}