{"id":7213,"date":"2023-01-25T03:49:00","date_gmt":"2023-01-25T02:49:00","guid":{"rendered":"https:\/\/inteligentny-rozwoj.com.pl\/?page_id=7213"},"modified":"2023-04-24T12:15:37","modified_gmt":"2023-04-24T10:15:37","slug":"sciezka-smart-1-1-feng","status":"publish","type":"page","link":"https:\/\/inteligentny-rozwoj.com.pl\/index.php\/fundusze-europejskie-2021-2027\/feng-fundusze-europejskie-dla-nowoczesnej-gospodarki-2021-2027\/sciezka-smart-1-1-feng\/","title":{"rendered":"\u015acie\u017cka SMART \u2013 Dzia\u0142anie 1.1 FENG 2021-2027"},"content":{"rendered":"\n<p class=\"wp-block-paragraph\"><strong>\u015acie\u017cka SMART<\/strong> to jedno z g\u0142\u00f3wnych dzia\u0142a\u0144 realizowanych w ramach Programu Fundusze Europejskie dla Nowoczesnej Gospodarki 2021-2027 (<a href=\"https:\/\/inteligentny-rozwoj.com.pl\/index.php\/fundusze-europejskie-2021-2027\/feng-fundusze-europejskie-dla-nowoczesnej-gospodarki-2021-2027\/\" target=\"_blank\" rel=\"noreferrer noopener\">FENG<\/a>). Jako sw\u00f3j <strong>g\u0142\u00f3wny cel<\/strong> definiuje rozwijanie i wzmacnianie zdolno\u015bci badawczych oraz innowacyjnych w przedsi\u0119biorstwach poprzez realizacj\u0119 prac B+R i wdro\u017cenie innowacji. Zdolno\u015bci te b\u0119d\u0105 rozwijane i wzmacniane w powi\u0105zaniu z dostosowaniem dzia\u0142alno\u015bci przedsi\u0119biorstw do wyzwa\u0144 wskazanych w Europejskim Zielonym \u0141adzie oraz zwi\u0105zanych z <a href=\"https:\/\/inteligentny-rozwoj.com.pl\/index.php\/pozyskiwanie-dotacji-unijnych-dotacje-z-funduszy-europejskich\/dotacje-na-cyfryzacje\/\" target=\"_blank\" rel=\"noreferrer noopener\">cyfryzacj\u0105<\/a><u>,<\/u> rozwojem infrastruktury badawczej, <a href=\"https:\/\/inteligentny-rozwoj.com.pl\/index.php\/internacjonalizacja\/\" target=\"_blank\" rel=\"noreferrer noopener\">internacjonalizacj\u0105<\/a>, a tak\u017ce wzrostem kompetencji kadr.<\/p>\n\n\n\n<p class=\"wp-block-paragraph\">W ramach dzia\u0142ania 1.1 FENG &#8211; \u015acie\u017cka SMART &#8211; ze wsparcia mog\u0105 skorzysta\u0107 zar\u00f3wno M\u015aP, jak i przedsi\u0119biorstwa nieb\u0119d\u0105ce M\u015aP oraz konsorcja.<\/p>\n\n\n\n<ol class=\"wp-block-list\" type=\"1\">\n<li>Mikro, ma\u0142e, \u015brednie przedsi\u0119biorstwa oraz konsorcja tych podmiot\u00f3w aplikowa\u0107 b\u0119d\u0105 do <a href=\"https:\/\/www.parp.gov.pl\/\" target=\"_blank\" rel=\"noreferrer noopener\">PARP<\/a> (jako Instytucji organizuj\u0105cej konkurs).<\/li>\n\n\n\n<li>Du\u017ce przedsi\u0119biorstwa, konsorcja du\u017cych przedsi\u0119biorstw, a tak\u017ce konsorcja przedsi\u0119biorstw M\u015aP z innymi ni\u017c M\u015aP oraz przedsi\u0119biorstw (innych ni\u017c M\u015aP oraz M\u015aP) z organizacjami badawczymi lub organizacjami pozarz\u0105dowymi, sk\u0142ada\u0107 b\u0119d\u0105 swoje aplikacje do <a href=\"https:\/\/www.gov.pl\/web\/ncbr\" target=\"_blank\" rel=\"noreferrer noopener\">NCBR<\/a> (jako Instytucji organizuj\u0105cej konkurs).<\/li>\n<\/ol>\n\n\n\n<h2 class=\"wp-block-heading\"><strong>\u015acie\u017cka SMART \u2013 wsparcie modu\u0142owe<\/strong><\/h2>\n\n\n\n<p class=\"wp-block-paragraph\">Dzia\u0142anie 1.1 FENG oferuje wsparcie dla projekt\u00f3w w formule modu\u0142owej. Dzi\u0119ki temu przedsi\u0119biorcy b\u0119d\u0105 mogli realizowa\u0107 swoje przedsi\u0119wzi\u0119cia kompleksowo, w ramach jednej dokumentacji aplikacyjnej.<\/p>\n\n\n\n<p class=\"wp-block-paragraph\">Projekty realizowane w ramach \u015acie\u017cki SMART mog\u0105 uzyska\u0107 wsparcie obejmuj\u0105ce nast\u0119puj\u0105ce modu\u0142y:<\/p>\n\n\n\n<ol class=\"wp-block-list\" type=\"1\">\n<li>B+R,<\/li>\n\n\n\n<li>wdro\u017cenie innowacji,<\/li>\n\n\n\n<li>infrastruktura B+R,<\/li>\n\n\n\n<li>cyfryzacja,<\/li>\n\n\n\n<li>zazielenienie przedsi\u0119biorstw,<\/li>\n\n\n\n<li>internacjonalizacja,<\/li>\n\n\n\n<li>kompetencje.<\/li>\n<\/ol>\n\n\n\n<p class=\"wp-block-paragraph\">Modu\u0142y obligatoryjne dla wnioskodawc\u00f3w to B+R lub wdro\u017cenie innowacji, jednak\u017ce wyst\u0119puj\u0105 tutaj r\u00f3\u017cnice w zale\u017cno\u015bci od typ\u00f3w podmiot\u00f3w ubiegaj\u0105cych si\u0119 o wsparcie. &nbsp;<\/p>\n\n\n\n<ol class=\"wp-block-list\" type=\"1\">\n<li>W przypadku przedsi\u0119biorc\u00f3w M\u015aP wniosek o dofinansowanie obowi\u0105zkowo musi obejmowa\u0107 co najmniej jeden z modu\u0142\u00f3w: B+R lub wdro\u017cenie innowacji.<\/li>\n\n\n\n<li>W przypadku du\u017cych przedsi\u0119biorstw projekt musi obejmowa\u0107 co najmniej modu\u0142 B+R.<\/li>\n\n\n\n<li>Pozosta\u0142e modu\u0142y maj\u0105 charakter fakultatywny.<\/li>\n<\/ol>\n\n\n\n<h2 class=\"wp-block-heading\"><strong>Zasady finansowania projekt\u00f3w<\/strong><\/h2>\n\n\n\n<ul class=\"wp-block-list\">\n<li><strong>Forma wsparcia: <\/strong>dotacja<\/li>\n\n\n\n<li><strong>maksymalny poziom dofinansowania UE w projekcie:<\/strong> 80%<\/li>\n\n\n\n<li><strong>Pomoc publiczna\/pomoc de minimis<\/strong><\/li>\n\n\n\n<li><strong>Uproszczone metody rozliczania: <\/strong>mo\u017cliwo\u015b\u0107 zastosowania stawki jednostkowej<\/li>\n\n\n\n<li><strong>Spos\u00f3b wyboru projekt\u00f3w<\/strong>: Konkurencyjny<\/li>\n\n\n\n<li><strong>Typ beneficjenta:<\/strong> du\u017ce przedsi\u0119biorstwa, M\u015aP, Konsorcja naukowo-przemys\u0142owe (aplikacje sk\u0142adane do r\u00f3\u017cnych Instytucji organizuj\u0105cych konkurs, w zale\u017cno\u015bci od typ\u00f3w wnioskodawc\u00f3w)<\/li>\n\n\n\n<li><strong><a href=\"https:\/\/www.poir.gov.pl\/strony\/o-programie\/fe-dla-nowoczesnej-gospodarki\/komitet-monitorujacy\/\" target=\"_blank\" rel=\"noreferrer noopener\">Kryteria wyboru projekt\u00f3w<\/a><\/strong><\/li>\n<\/ul>\n\n\n\n<h2 class=\"wp-block-heading\">Organizacja konkurs\u00f3w w ramach dzia\u0142ania \u015acie\u017cka SMART<\/h2>\n\n\n\n<p class=\"wp-block-paragraph\">&#x1f449; <a href=\"https:\/\/www.parp.gov.pl\/component\/content\/article\/83800:polska-agencja-rozwoju-przedsiebiorczosci-oglasza-nabor-do-programu-sciezka-smart-do-zdobycia-w-2023-r-dofinansowanie-o-lacznej-kwocie-6-67-mld-zl\" target=\"_blank\" rel=\"noreferrer noopener\">og\u0142oszenie konkursu z dnia 07.02.2023 &#8211; PARP<\/a> + informacja o kolejnych terminach nabor\u00f3w w 2023 roku<\/p>\n\n\n\n<p class=\"wp-block-paragraph\">&#x1f449; <a href=\"https:\/\/feng.parp.gov.pl\/component\/grants\/grants\/sciezka-smart?sort=default&amp;category%5B%5D=6&amp;term%5B%5D=1&amp;term%5B%5D=2&amp;text_search=\" target=\"_blank\" rel=\"noreferrer noopener\">opis dzia\u0142ania 1.1 FENG \u015acie\u017cka SMART i dokumentacja konkursowa<\/a><\/p>\n\n\n\n<p class=\"wp-block-paragraph\">&#x1f449; <a href=\"https:\/\/www.nowoczesnagospodarka.gov.pl\/strony\/dowiedz-sie-wiecej-o-programie\/nabory-wnioskow\/\" target=\"_blank\" rel=\"noreferrer noopener\">Harmonogram nabor\u00f3w wniosk\u00f3w<\/a> w ramach programu FENG 2021-2027<\/p>\n\n\n\n<h2 class=\"wp-block-heading\">Terminy nabor\u00f3w wniosk\u00f3w w 2023 roku &#8211; pojedy\u0144cze M\u015aP<\/h2>\n\n\n\n<p class=\"wp-block-paragraph\"><strong>Runda 1<\/strong><\/p>\n\n\n\n<ul class=\"wp-block-list\">\n<li>og\u0142oszenie naboru: 07.02.2023<\/li>\n\n\n\n<li>rozpocz\u0119cie naboru: 21.02.2023<\/li>\n\n\n\n<li>zako\u0144czenie naboru: 09.05.2023<\/li>\n<\/ul>\n\n\n\n<p class=\"wp-block-paragraph\"><strong>Runda 2<\/strong><\/p>\n\n\n\n<ul class=\"wp-block-list\">\n<li>og\u0142oszenie naboru: 30.03.2023<\/li>\n\n\n\n<li>rozpocz\u0119cie naboru: 10.05.2023<\/li>\n\n\n\n<li>zako\u0144czenie naboru: 30.06.2023<\/li>\n<\/ul>\n\n\n\n<p class=\"wp-block-paragraph\"><strong>Runda 3 &#8211; projekty na rzecz dost\u0119pno\u015bci<\/strong><\/p>\n\n\n\n<ul class=\"wp-block-list\">\n<li>og\u0142oszenie naboru: 06.06.2023<\/li>\n\n\n\n<li>rozpocz\u0119cie naboru: 06.07.2023<\/li>\n\n\n\n<li>zako\u0144czenie naboru: 31.08.2023<\/li>\n<\/ul>\n\n\n\n<p class=\"wp-block-paragraph\"><strong>Runda (1\/2024)<\/strong><\/p>\n\n\n\n<ul class=\"wp-block-list\">\n<li>og\u0142oszenie naboru: luty 2024<\/li>\n\n\n\n<li>rozpocz\u0119cie naboru: marzec 2024<\/li>\n\n\n\n<li>zako\u0144czenie naboru: kwiecie\u0144 2024<\/li>\n<\/ul>\n","protected":false},"excerpt":{"rendered":"<p>&#346;cie&#380;ka SMART to jedno z g&#322;&oacute;wnych dzia&#322;a&#324; realizowanych w ramach Programu Fundusze Europejskie dla Nowoczesnej Gospodarki 2021-2027 (FENG). Jako sw&oacute;j g&#322;&oacute;wny cel definiuje rozwijanie i wzmacnianie zdolno&#347;ci badawczych oraz innowacyjnych w przedsi&#281;biorstwach poprzez realizacj&#281; prac B+R i wdro&#380;enie innowacji. Zdolno&#347;ci te b&#281;d&#261; rozwijane i wzmacniane w powi&#261;zaniu z dostosowaniem dzia&#322;alno&#347;ci przedsi&#281;biorstw do wyzwa&#324; wskazanych w [&hellip;]<\/p>\n","protected":false},"author":1,"featured_media":7214,"parent":6029,"menu_order":0,"comment_status":"closed","ping_status":"closed","template":"","meta":{"_crdt_document":"","content-type":"","_uag_custom_page_level_css":"","footnotes":""},"class_list":["post-7213","page","type-page","status-publish","has-post-thumbnail","hentry"],"yoast_head":"<!-- This site is optimized with the Yoast SEO plugin v27.3 - https:\/\/yoast.com\/product\/yoast-seo-wordpress\/ -->\n<title>\u015acie\u017cka SMART \u2013 Dzia\u0142anie 1.1 FENG 2021-2027 - sfera innowacji i B+R<\/title>\n<meta name=\"description\" content=\"\u015acie\u017cka SMART wspiera przedsi\u0119biorc\u00f3w w sferze innowacji i B+R w ramach Programu Fundusze Europejskie dla Nowoczesnej Gospodarki 2021-2027\" \/>\n<meta name=\"robots\" content=\"index, follow, max-snippet:-1, max-image-preview:large, max-video-preview:-1\" \/>\n<link rel=\"canonical\" href=\"https:\/\/inteligentny-rozwoj.com.pl\/index.php\/fundusze-europejskie-2021-2027\/feng-fundusze-europejskie-dla-nowoczesnej-gospodarki-2021-2027\/sciezka-smart-1-1-feng\/\" \/>\n<meta property=\"og:locale\" content=\"pl_PL\" \/>\n<meta property=\"og:type\" content=\"article\" \/>\n<meta property=\"og:title\" content=\"\u015acie\u017cka SMART \u2013 Dzia\u0142anie 1.1 FENG 2021-2027 - sfera innowacji i B+R\" \/>\n<meta property=\"og:description\" content=\"\u015acie\u017cka SMART wspiera przedsi\u0119biorc\u00f3w w sferze innowacji i B+R w ramach Programu Fundusze Europejskie dla Nowoczesnej Gospodarki 2021-2027\" \/>\n<meta property=\"og:url\" content=\"https:\/\/inteligentny-rozwoj.com.pl\/index.php\/fundusze-europejskie-2021-2027\/feng-fundusze-europejskie-dla-nowoczesnej-gospodarki-2021-2027\/sciezka-smart-1-1-feng\/\" \/>\n<meta property=\"og:site_name\" content=\"RP CONSULTING Rafa\u0142 Pasterczyk | marketing B2B, eksport, dotacje UE\" \/>\n<meta property=\"article:publisher\" content=\"https:\/\/www.facebook.com\/RPConsulting\" \/>\n<meta property=\"article:modified_time\" content=\"2023-04-24T10:15:37+00:00\" \/>\n<meta property=\"og:image\" content=\"https:\/\/inteligentny-rozwoj.com.pl\/wp-content\/uploads\/2023\/01\/Sciezka_SMART_dzialanie_1.1_FENG_2021-2027.jpg\" \/>\n\t<meta property=\"og:image:width\" content=\"1920\" \/>\n\t<meta property=\"og:image:height\" content=\"711\" \/>\n\t<meta property=\"og:image:type\" content=\"image\/jpeg\" \/>\n<meta name=\"twitter:card\" content=\"summary_large_image\" \/>\n<meta name=\"twitter:site\" content=\"@rp_consulting\" \/>\n<meta name=\"twitter:label1\" content=\"Szacowany czas czytania\" \/>\n\t<meta name=\"twitter:data1\" content=\"2 minuty\" \/>\n<script type=\"application\/ld+json\" class=\"yoast-schema-graph\">{\"@context\":\"https:\\\/\\\/schema.org\",\"@graph\":[{\"@type\":\"Article\",\"@id\":\"https:\\\/\\\/inteligentny-rozwoj.com.pl\\\/index.php\\\/fundusze-europejskie-2021-2027\\\/feng-fundusze-europejskie-dla-nowoczesnej-gospodarki-2021-2027\\\/sciezka-smart-1-1-feng\\\/#article\",\"isPartOf\":{\"@id\":\"https:\\\/\\\/inteligentny-rozwoj.com.pl\\\/index.php\\\/fundusze-europejskie-2021-2027\\\/feng-fundusze-europejskie-dla-nowoczesnej-gospodarki-2021-2027\\\/sciezka-smart-1-1-feng\\\/\"},\"author\":{\"name\":\"RP CONSULTING Rafa\u0142 Pasterczyk\",\"@id\":\"https:\\\/\\\/inteligentny-rozwoj.com.pl\\\/#\\\/schema\\\/person\\\/781a467e5e331ce384632759ecdba772\"},\"headline\":\"\u015acie\u017cka SMART \u2013 Dzia\u0142anie 1.1 FENG 2021-2027\",\"datePublished\":\"2023-01-25T02:49:00+00:00\",\"dateModified\":\"2023-04-24T10:15:37+00:00\",\"mainEntityOfPage\":{\"@id\":\"https:\\\/\\\/inteligentny-rozwoj.com.pl\\\/index.php\\\/fundusze-europejskie-2021-2027\\\/feng-fundusze-europejskie-dla-nowoczesnej-gospodarki-2021-2027\\\/sciezka-smart-1-1-feng\\\/\"},\"wordCount\":526,\"publisher\":{\"@id\":\"https:\\\/\\\/inteligentny-rozwoj.com.pl\\\/#organization\"},\"image\":{\"@id\":\"https:\\\/\\\/inteligentny-rozwoj.com.pl\\\/index.php\\\/fundusze-europejskie-2021-2027\\\/feng-fundusze-europejskie-dla-nowoczesnej-gospodarki-2021-2027\\\/sciezka-smart-1-1-feng\\\/#primaryimage\"},\"thumbnailUrl\":\"https:\\\/\\\/inteligentny-rozwoj.com.pl\\\/wp-content\\\/uploads\\\/2023\\\/01\\\/Sciezka_SMART_dzialanie_1.1_FENG_2021-2027.jpg\",\"inLanguage\":\"pl-PL\"},{\"@type\":\"WebPage\",\"@id\":\"https:\\\/\\\/inteligentny-rozwoj.com.pl\\\/index.php\\\/fundusze-europejskie-2021-2027\\\/feng-fundusze-europejskie-dla-nowoczesnej-gospodarki-2021-2027\\\/sciezka-smart-1-1-feng\\\/\",\"url\":\"https:\\\/\\\/inteligentny-rozwoj.com.pl\\\/index.php\\\/fundusze-europejskie-2021-2027\\\/feng-fundusze-europejskie-dla-nowoczesnej-gospodarki-2021-2027\\\/sciezka-smart-1-1-feng\\\/\",\"name\":\"\u015acie\u017cka SMART \u2013 Dzia\u0142anie 1.1 FENG 2021-2027 - sfera innowacji i B+R\",\"isPartOf\":{\"@id\":\"https:\\\/\\\/inteligentny-rozwoj.com.pl\\\/#website\"},\"primaryImageOfPage\":{\"@id\":\"https:\\\/\\\/inteligentny-rozwoj.com.pl\\\/index.php\\\/fundusze-europejskie-2021-2027\\\/feng-fundusze-europejskie-dla-nowoczesnej-gospodarki-2021-2027\\\/sciezka-smart-1-1-feng\\\/#primaryimage\"},\"image\":{\"@id\":\"https:\\\/\\\/inteligentny-rozwoj.com.pl\\\/index.php\\\/fundusze-europejskie-2021-2027\\\/feng-fundusze-europejskie-dla-nowoczesnej-gospodarki-2021-2027\\\/sciezka-smart-1-1-feng\\\/#primaryimage\"},\"thumbnailUrl\":\"https:\\\/\\\/inteligentny-rozwoj.com.pl\\\/wp-content\\\/uploads\\\/2023\\\/01\\\/Sciezka_SMART_dzialanie_1.1_FENG_2021-2027.jpg\",\"datePublished\":\"2023-01-25T02:49:00+00:00\",\"dateModified\":\"2023-04-24T10:15:37+00:00\",\"description\":\"\u015acie\u017cka SMART wspiera przedsi\u0119biorc\u00f3w w sferze innowacji i B+R w ramach Programu Fundusze Europejskie dla Nowoczesnej Gospodarki 2021-2027\",\"breadcrumb\":{\"@id\":\"https:\\\/\\\/inteligentny-rozwoj.com.pl\\\/index.php\\\/fundusze-europejskie-2021-2027\\\/feng-fundusze-europejskie-dla-nowoczesnej-gospodarki-2021-2027\\\/sciezka-smart-1-1-feng\\\/#breadcrumb\"},\"inLanguage\":\"pl-PL\",\"potentialAction\":[{\"@type\":\"ReadAction\",\"target\":[\"https:\\\/\\\/inteligentny-rozwoj.com.pl\\\/index.php\\\/fundusze-europejskie-2021-2027\\\/feng-fundusze-europejskie-dla-nowoczesnej-gospodarki-2021-2027\\\/sciezka-smart-1-1-feng\\\/\"]}]},{\"@type\":\"ImageObject\",\"inLanguage\":\"pl-PL\",\"@id\":\"https:\\\/\\\/inteligentny-rozwoj.com.pl\\\/index.php\\\/fundusze-europejskie-2021-2027\\\/feng-fundusze-europejskie-dla-nowoczesnej-gospodarki-2021-2027\\\/sciezka-smart-1-1-feng\\\/#primaryimage\",\"url\":\"https:\\\/\\\/inteligentny-rozwoj.com.pl\\\/wp-content\\\/uploads\\\/2023\\\/01\\\/Sciezka_SMART_dzialanie_1.1_FENG_2021-2027.jpg\",\"contentUrl\":\"https:\\\/\\\/inteligentny-rozwoj.com.pl\\\/wp-content\\\/uploads\\\/2023\\\/01\\\/Sciezka_SMART_dzialanie_1.1_FENG_2021-2027.jpg\",\"width\":1920,\"height\":711,\"caption\":\"Sciezka_SMART_dzialanie_1.1_FENG_2021-2027\"},{\"@type\":\"BreadcrumbList\",\"@id\":\"https:\\\/\\\/inteligentny-rozwoj.com.pl\\\/index.php\\\/fundusze-europejskie-2021-2027\\\/feng-fundusze-europejskie-dla-nowoczesnej-gospodarki-2021-2027\\\/sciezka-smart-1-1-feng\\\/#breadcrumb\",\"itemListElement\":[{\"@type\":\"ListItem\",\"position\":1,\"name\":\"Fundusze 2021-2027\",\"item\":\"https:\\\/\\\/inteligentny-rozwoj.com.pl\\\/index.php\\\/fundusze-europejskie-2021-2027\\\/\"},{\"@type\":\"ListItem\",\"position\":2,\"name\":\"FENG &#8211; Fundusze Europejskie dla Nowoczesnej Gospodarki\",\"item\":\"https:\\\/\\\/inteligentny-rozwoj.com.pl\\\/index.php\\\/fundusze-europejskie-2021-2027\\\/feng-fundusze-europejskie-dla-nowoczesnej-gospodarki-2021-2027\\\/\"},{\"@type\":\"ListItem\",\"position\":3,\"name\":\"\u015acie\u017cka SMART \u2013 Dzia\u0142anie 1.1 FENG 2021-2027\"}]},{\"@type\":\"WebSite\",\"@id\":\"https:\\\/\\\/inteligentny-rozwoj.com.pl\\\/#website\",\"url\":\"https:\\\/\\\/inteligentny-rozwoj.com.pl\\\/\",\"name\":\"RP CONSULTING Rafa\u0142 Pasterczyk | marketing B2B, eksport, dotacje UE\",\"description\":\"Tw\u00f3j partner w rozwoju biznesu - skuteczne doradztwo w marketingu B2B, rozwoju eksportu i pozyskiwaniu dotacji\",\"publisher\":{\"@id\":\"https:\\\/\\\/inteligentny-rozwoj.com.pl\\\/#organization\"},\"alternateName\":\"Rafa\u0142 Pasterczyk RP CONSULTING\",\"potentialAction\":[{\"@type\":\"SearchAction\",\"target\":{\"@type\":\"EntryPoint\",\"urlTemplate\":\"https:\\\/\\\/inteligentny-rozwoj.com.pl\\\/?s={search_term_string}\"},\"query-input\":{\"@type\":\"PropertyValueSpecification\",\"valueRequired\":true,\"valueName\":\"search_term_string\"}}],\"inLanguage\":\"pl-PL\"},{\"@type\":\"Organization\",\"@id\":\"https:\\\/\\\/inteligentny-rozwoj.com.pl\\\/#organization\",\"name\":\"RP CONSULTING Rafa\u0142 Pasterczyk\",\"alternateName\":\"Rafa\u0142 Pasterczyk RP CONSULTING\",\"url\":\"https:\\\/\\\/inteligentny-rozwoj.com.pl\\\/\",\"logo\":{\"@type\":\"ImageObject\",\"inLanguage\":\"pl-PL\",\"@id\":\"https:\\\/\\\/inteligentny-rozwoj.com.pl\\\/#\\\/schema\\\/logo\\\/image\\\/\",\"url\":\"https:\\\/\\\/inteligentny-rozwoj.com.pl\\\/wp-content\\\/uploads\\\/2019\\\/01\\\/cropped-rpc_logo_sq-e1546996617786.png\",\"contentUrl\":\"https:\\\/\\\/inteligentny-rozwoj.com.pl\\\/wp-content\\\/uploads\\\/2019\\\/01\\\/cropped-rpc_logo_sq-e1546996617786.png\",\"width\":512,\"height\":512,\"caption\":\"RP CONSULTING Rafa\u0142 Pasterczyk\"},\"image\":{\"@id\":\"https:\\\/\\\/inteligentny-rozwoj.com.pl\\\/#\\\/schema\\\/logo\\\/image\\\/\"},\"sameAs\":[\"https:\\\/\\\/www.facebook.com\\\/RPConsulting\",\"https:\\\/\\\/x.com\\\/rp_consulting\",\"https:\\\/\\\/www.instagram.com\\\/rpconsulting.pl\\\/\",\"https:\\\/\\\/pl.linkedin.com\\\/company\\\/rp-consulting-rpc\",\"https:\\\/\\\/www.linkedin.com\\\/in\\\/rafal-pasterczyk\\\/\"]},{\"@type\":\"Person\",\"@id\":\"https:\\\/\\\/inteligentny-rozwoj.com.pl\\\/#\\\/schema\\\/person\\\/781a467e5e331ce384632759ecdba772\",\"name\":\"RP CONSULTING Rafa\u0142 Pasterczyk\",\"image\":{\"@type\":\"ImageObject\",\"inLanguage\":\"pl-PL\",\"@id\":\"https:\\\/\\\/secure.gravatar.com\\\/avatar\\\/fde501377d5b06ef1fb158c1ea34fe2defd80fd9526b2263a81456023558c240?s=96&d=mm&r=g\",\"url\":\"https:\\\/\\\/secure.gravatar.com\\\/avatar\\\/fde501377d5b06ef1fb158c1ea34fe2defd80fd9526b2263a81456023558c240?s=96&d=mm&r=g\",\"contentUrl\":\"https:\\\/\\\/secure.gravatar.com\\\/avatar\\\/fde501377d5b06ef1fb158c1ea34fe2defd80fd9526b2263a81456023558c240?s=96&d=mm&r=g\",\"caption\":\"RP CONSULTING Rafa\u0142 Pasterczyk\"},\"description\":\"Doradztwo biznesowe, outsourcing i interim management w zakresie marketingu B2B, rozwoju eksportu, a tak\u017ce pozyskiwanie i rozliczanie dotacji na rozw\u00f3j eksportu i cyfryzacj\u0119. Ponad 100 skutecznie zrealizowanych projekt\u00f3w dla M\u015aP. Wiele z nich \u0142\u0105czy doradztwo w zakresie strategii internacjonalizacji ze skutecznym pozyskaniem dofinansowania na dzia\u0142ania na rynkach zagranicznych.\",\"sameAs\":[\"https:\\\/\\\/inteligentny-rozwoj.com.pl\\\/\",\"https:\\\/\\\/www.facebook.com\\\/RPConsulting\\\/\",\"https:\\\/\\\/www.instagram.com\\\/rpconsulting.pl\\\/\",\"https:\\\/\\\/pl.linkedin.com\\\/company\\\/rp-consulting-rpc\",\"https:\\\/\\\/www.youtube.com\\\/@RPCONSULTING-b2b\"],\"url\":\"https:\\\/\\\/inteligentny-rozwoj.com.pl\\\/index.php\\\/author\\\/rpconsulting\\\/\"}]}<\/script>\n<!-- \/ Yoast SEO plugin. -->","yoast_head_json":{"title":"\u015acie\u017cka SMART \u2013 Dzia\u0142anie 1.1 FENG 2021-2027 - sfera innowacji i B+R","description":"\u015acie\u017cka SMART wspiera przedsi\u0119biorc\u00f3w w sferze innowacji i B+R w ramach Programu Fundusze Europejskie dla Nowoczesnej Gospodarki 2021-2027","robots":{"index":"index","follow":"follow","max-snippet":"max-snippet:-1","max-image-preview":"max-image-preview:large","max-video-preview":"max-video-preview:-1"},"canonical":"https:\/\/inteligentny-rozwoj.com.pl\/index.php\/fundusze-europejskie-2021-2027\/feng-fundusze-europejskie-dla-nowoczesnej-gospodarki-2021-2027\/sciezka-smart-1-1-feng\/","og_locale":"pl_PL","og_type":"article","og_title":"\u015acie\u017cka SMART \u2013 Dzia\u0142anie 1.1 FENG 2021-2027 - sfera innowacji i B+R","og_description":"\u015acie\u017cka SMART wspiera przedsi\u0119biorc\u00f3w w sferze innowacji i B+R w ramach Programu Fundusze Europejskie dla Nowoczesnej Gospodarki 2021-2027","og_url":"https:\/\/inteligentny-rozwoj.com.pl\/index.php\/fundusze-europejskie-2021-2027\/feng-fundusze-europejskie-dla-nowoczesnej-gospodarki-2021-2027\/sciezka-smart-1-1-feng\/","og_site_name":"RP CONSULTING Rafa\u0142 Pasterczyk | marketing B2B, eksport, dotacje UE","article_publisher":"https:\/\/www.facebook.com\/RPConsulting","article_modified_time":"2023-04-24T10:15:37+00:00","og_image":[{"width":1920,"height":711,"url":"https:\/\/inteligentny-rozwoj.com.pl\/wp-content\/uploads\/2023\/01\/Sciezka_SMART_dzialanie_1.1_FENG_2021-2027.jpg","type":"image\/jpeg"}],"twitter_card":"summary_large_image","twitter_site":"@rp_consulting","twitter_misc":{"Szacowany czas czytania":"2 minuty"},"schema":{"@context":"https:\/\/schema.org","@graph":[{"@type":"Article","@id":"https:\/\/inteligentny-rozwoj.com.pl\/index.php\/fundusze-europejskie-2021-2027\/feng-fundusze-europejskie-dla-nowoczesnej-gospodarki-2021-2027\/sciezka-smart-1-1-feng\/#article","isPartOf":{"@id":"https:\/\/inteligentny-rozwoj.com.pl\/index.php\/fundusze-europejskie-2021-2027\/feng-fundusze-europejskie-dla-nowoczesnej-gospodarki-2021-2027\/sciezka-smart-1-1-feng\/"},"author":{"name":"RP CONSULTING Rafa\u0142 Pasterczyk","@id":"https:\/\/inteligentny-rozwoj.com.pl\/#\/schema\/person\/781a467e5e331ce384632759ecdba772"},"headline":"\u015acie\u017cka SMART \u2013 Dzia\u0142anie 1.1 FENG 2021-2027","datePublished":"2023-01-25T02:49:00+00:00","dateModified":"2023-04-24T10:15:37+00:00","mainEntityOfPage":{"@id":"https:\/\/inteligentny-rozwoj.com.pl\/index.php\/fundusze-europejskie-2021-2027\/feng-fundusze-europejskie-dla-nowoczesnej-gospodarki-2021-2027\/sciezka-smart-1-1-feng\/"},"wordCount":526,"publisher":{"@id":"https:\/\/inteligentny-rozwoj.com.pl\/#organization"},"image":{"@id":"https:\/\/inteligentny-rozwoj.com.pl\/index.php\/fundusze-europejskie-2021-2027\/feng-fundusze-europejskie-dla-nowoczesnej-gospodarki-2021-2027\/sciezka-smart-1-1-feng\/#primaryimage"},"thumbnailUrl":"https:\/\/inteligentny-rozwoj.com.pl\/wp-content\/uploads\/2023\/01\/Sciezka_SMART_dzialanie_1.1_FENG_2021-2027.jpg","inLanguage":"pl-PL"},{"@type":"WebPage","@id":"https:\/\/inteligentny-rozwoj.com.pl\/index.php\/fundusze-europejskie-2021-2027\/feng-fundusze-europejskie-dla-nowoczesnej-gospodarki-2021-2027\/sciezka-smart-1-1-feng\/","url":"https:\/\/inteligentny-rozwoj.com.pl\/index.php\/fundusze-europejskie-2021-2027\/feng-fundusze-europejskie-dla-nowoczesnej-gospodarki-2021-2027\/sciezka-smart-1-1-feng\/","name":"\u015acie\u017cka SMART \u2013 Dzia\u0142anie 1.1 FENG 2021-2027 - sfera innowacji i B+R","isPartOf":{"@id":"https:\/\/inteligentny-rozwoj.com.pl\/#website"},"primaryImageOfPage":{"@id":"https:\/\/inteligentny-rozwoj.com.pl\/index.php\/fundusze-europejskie-2021-2027\/feng-fundusze-europejskie-dla-nowoczesnej-gospodarki-2021-2027\/sciezka-smart-1-1-feng\/#primaryimage"},"image":{"@id":"https:\/\/inteligentny-rozwoj.com.pl\/index.php\/fundusze-europejskie-2021-2027\/feng-fundusze-europejskie-dla-nowoczesnej-gospodarki-2021-2027\/sciezka-smart-1-1-feng\/#primaryimage"},"thumbnailUrl":"https:\/\/inteligentny-rozwoj.com.pl\/wp-content\/uploads\/2023\/01\/Sciezka_SMART_dzialanie_1.1_FENG_2021-2027.jpg","datePublished":"2023-01-25T02:49:00+00:00","dateModified":"2023-04-24T10:15:37+00:00","description":"\u015acie\u017cka SMART wspiera przedsi\u0119biorc\u00f3w w sferze innowacji i B+R w ramach Programu Fundusze Europejskie dla Nowoczesnej Gospodarki 2021-2027","breadcrumb":{"@id":"https:\/\/inteligentny-rozwoj.com.pl\/index.php\/fundusze-europejskie-2021-2027\/feng-fundusze-europejskie-dla-nowoczesnej-gospodarki-2021-2027\/sciezka-smart-1-1-feng\/#breadcrumb"},"inLanguage":"pl-PL","potentialAction":[{"@type":"ReadAction","target":["https:\/\/inteligentny-rozwoj.com.pl\/index.php\/fundusze-europejskie-2021-2027\/feng-fundusze-europejskie-dla-nowoczesnej-gospodarki-2021-2027\/sciezka-smart-1-1-feng\/"]}]},{"@type":"ImageObject","inLanguage":"pl-PL","@id":"https:\/\/inteligentny-rozwoj.com.pl\/index.php\/fundusze-europejskie-2021-2027\/feng-fundusze-europejskie-dla-nowoczesnej-gospodarki-2021-2027\/sciezka-smart-1-1-feng\/#primaryimage","url":"https:\/\/inteligentny-rozwoj.com.pl\/wp-content\/uploads\/2023\/01\/Sciezka_SMART_dzialanie_1.1_FENG_2021-2027.jpg","contentUrl":"https:\/\/inteligentny-rozwoj.com.pl\/wp-content\/uploads\/2023\/01\/Sciezka_SMART_dzialanie_1.1_FENG_2021-2027.jpg","width":1920,"height":711,"caption":"Sciezka_SMART_dzialanie_1.1_FENG_2021-2027"},{"@type":"BreadcrumbList","@id":"https:\/\/inteligentny-rozwoj.com.pl\/index.php\/fundusze-europejskie-2021-2027\/feng-fundusze-europejskie-dla-nowoczesnej-gospodarki-2021-2027\/sciezka-smart-1-1-feng\/#breadcrumb","itemListElement":[{"@type":"ListItem","position":1,"name":"Fundusze 2021-2027","item":"https:\/\/inteligentny-rozwoj.com.pl\/index.php\/fundusze-europejskie-2021-2027\/"},{"@type":"ListItem","position":2,"name":"FENG &#8211; Fundusze Europejskie dla Nowoczesnej Gospodarki","item":"https:\/\/inteligentny-rozwoj.com.pl\/index.php\/fundusze-europejskie-2021-2027\/feng-fundusze-europejskie-dla-nowoczesnej-gospodarki-2021-2027\/"},{"@type":"ListItem","position":3,"name":"\u015acie\u017cka SMART \u2013 Dzia\u0142anie 1.1 FENG 2021-2027"}]},{"@type":"WebSite","@id":"https:\/\/inteligentny-rozwoj.com.pl\/#website","url":"https:\/\/inteligentny-rozwoj.com.pl\/","name":"RP CONSULTING Rafa\u0142 Pasterczyk | marketing B2B, eksport, dotacje UE","description":"Tw\u00f3j partner w rozwoju biznesu - skuteczne doradztwo w marketingu B2B, rozwoju eksportu i pozyskiwaniu dotacji","publisher":{"@id":"https:\/\/inteligentny-rozwoj.com.pl\/#organization"},"alternateName":"Rafa\u0142 Pasterczyk RP CONSULTING","potentialAction":[{"@type":"SearchAction","target":{"@type":"EntryPoint","urlTemplate":"https:\/\/inteligentny-rozwoj.com.pl\/?s={search_term_string}"},"query-input":{"@type":"PropertyValueSpecification","valueRequired":true,"valueName":"search_term_string"}}],"inLanguage":"pl-PL"},{"@type":"Organization","@id":"https:\/\/inteligentny-rozwoj.com.pl\/#organization","name":"RP CONSULTING Rafa\u0142 Pasterczyk","alternateName":"Rafa\u0142 Pasterczyk RP CONSULTING","url":"https:\/\/inteligentny-rozwoj.com.pl\/","logo":{"@type":"ImageObject","inLanguage":"pl-PL","@id":"https:\/\/inteligentny-rozwoj.com.pl\/#\/schema\/logo\/image\/","url":"https:\/\/inteligentny-rozwoj.com.pl\/wp-content\/uploads\/2019\/01\/cropped-rpc_logo_sq-e1546996617786.png","contentUrl":"https:\/\/inteligentny-rozwoj.com.pl\/wp-content\/uploads\/2019\/01\/cropped-rpc_logo_sq-e1546996617786.png","width":512,"height":512,"caption":"RP CONSULTING Rafa\u0142 Pasterczyk"},"image":{"@id":"https:\/\/inteligentny-rozwoj.com.pl\/#\/schema\/logo\/image\/"},"sameAs":["https:\/\/www.facebook.com\/RPConsulting","https:\/\/x.com\/rp_consulting","https:\/\/www.instagram.com\/rpconsulting.pl\/","https:\/\/pl.linkedin.com\/company\/rp-consulting-rpc","https:\/\/www.linkedin.com\/in\/rafal-pasterczyk\/"]},{"@type":"Person","@id":"https:\/\/inteligentny-rozwoj.com.pl\/#\/schema\/person\/781a467e5e331ce384632759ecdba772","name":"RP CONSULTING Rafa\u0142 Pasterczyk","image":{"@type":"ImageObject","inLanguage":"pl-PL","@id":"https:\/\/secure.gravatar.com\/avatar\/fde501377d5b06ef1fb158c1ea34fe2defd80fd9526b2263a81456023558c240?s=96&d=mm&r=g","url":"https:\/\/secure.gravatar.com\/avatar\/fde501377d5b06ef1fb158c1ea34fe2defd80fd9526b2263a81456023558c240?s=96&d=mm&r=g","contentUrl":"https:\/\/secure.gravatar.com\/avatar\/fde501377d5b06ef1fb158c1ea34fe2defd80fd9526b2263a81456023558c240?s=96&d=mm&r=g","caption":"RP CONSULTING Rafa\u0142 Pasterczyk"},"description":"Doradztwo biznesowe, outsourcing i interim management w zakresie marketingu B2B, rozwoju eksportu, a tak\u017ce pozyskiwanie i rozliczanie dotacji na rozw\u00f3j eksportu i cyfryzacj\u0119. Ponad 100 skutecznie zrealizowanych projekt\u00f3w dla M\u015aP. Wiele z nich \u0142\u0105czy doradztwo w zakresie strategii internacjonalizacji ze skutecznym pozyskaniem dofinansowania na dzia\u0142ania na rynkach zagranicznych.","sameAs":["https:\/\/inteligentny-rozwoj.com.pl\/","https:\/\/www.facebook.com\/RPConsulting\/","https:\/\/www.instagram.com\/rpconsulting.pl\/","https:\/\/pl.linkedin.com\/company\/rp-consulting-rpc","https:\/\/www.youtube.com\/@RPCONSULTING-b2b"],"url":"https:\/\/inteligentny-rozwoj.com.pl\/index.php\/author\/rpconsulting\/"}]}},"uagb_featured_image_src":{"full":["https:\/\/inteligentny-rozwoj.com.pl\/wp-content\/uploads\/2023\/01\/Sciezka_SMART_dzialanie_1.1_FENG_2021-2027.jpg",1920,711,false],"thumbnail":["https:\/\/inteligentny-rozwoj.com.pl\/wp-content\/uploads\/2023\/01\/Sciezka_SMART_dzialanie_1.1_FENG_2021-2027-100x100.jpg",100,100,true],"medium":["https:\/\/inteligentny-rozwoj.com.pl\/wp-content\/uploads\/2023\/01\/Sciezka_SMART_dzialanie_1.1_FENG_2021-2027-300x111.jpg",300,111,true],"medium_large":["https:\/\/inteligentny-rozwoj.com.pl\/wp-content\/uploads\/2023\/01\/Sciezka_SMART_dzialanie_1.1_FENG_2021-2027-768x284.jpg",768,284,true],"large":["https:\/\/inteligentny-rozwoj.com.pl\/wp-content\/uploads\/2023\/01\/Sciezka_SMART_dzialanie_1.1_FENG_2021-2027-1024x379.jpg",1024,379,true],"1536x1536":["https:\/\/inteligentny-rozwoj.com.pl\/wp-content\/uploads\/2023\/01\/Sciezka_SMART_dzialanie_1.1_FENG_2021-2027-1536x569.jpg",1536,569,true],"2048x2048":["https:\/\/inteligentny-rozwoj.com.pl\/wp-content\/uploads\/2023\/01\/Sciezka_SMART_dzialanie_1.1_FENG_2021-2027.jpg",1920,711,false],"post-thumbnail":["https:\/\/inteligentny-rozwoj.com.pl\/wp-content\/uploads\/2023\/01\/Sciezka_SMART_dzialanie_1.1_FENG_2021-2027-536x198.jpg",536,198,true],"sow-carousel-default":["https:\/\/inteligentny-rozwoj.com.pl\/wp-content\/uploads\/2023\/01\/Sciezka_SMART_dzialanie_1.1_FENG_2021-2027-272x182.jpg",272,182,true],"sow-blog-portfolio":["https:\/\/inteligentny-rozwoj.com.pl\/wp-content\/uploads\/2023\/01\/Sciezka_SMART_dzialanie_1.1_FENG_2021-2027.jpg",375,139,false],"sow-blog-grid":["https:\/\/inteligentny-rozwoj.com.pl\/wp-content\/uploads\/2023\/01\/Sciezka_SMART_dzialanie_1.1_FENG_2021-2027.jpg",720,267,false],"sow-blog-alternate":["https:\/\/inteligentny-rozwoj.com.pl\/wp-content\/uploads\/2023\/01\/Sciezka_SMART_dzialanie_1.1_FENG_2021-2027.jpg",950,352,false]},"uagb_author_info":{"display_name":"RP CONSULTING Rafa\u0142 Pasterczyk","author_link":"https:\/\/inteligentny-rozwoj.com.pl\/index.php\/author\/rpconsulting\/"},"uagb_comment_info":0,"uagb_excerpt":"&#346;cie&#380;ka SMART to jedno z g&#322;&oacute;wnych dzia&#322;a&#324; realizowanych w ramach Programu Fundusze Europejskie dla Nowoczesnej Gospodarki 2021-2027 (FENG). Jako sw&oacute;j g&#322;&oacute;wny cel definiuje rozwijanie i wzmacnianie zdolno&#347;ci badawczych oraz innowacyjnych w przedsi&#281;biorstwach poprzez realizacj&#281; prac B+R i wdro&#380;enie innowacji. Zdolno&#347;ci te b&#281;d&#261; rozwijane i wzmacniane w powi&#261;zaniu z dostosowaniem dzia&#322;alno&#347;ci przedsi&#281;biorstw do wyzwa&#324; wskazanych w&hellip;","_links":{"self":[{"href":"https:\/\/inteligentny-rozwoj.com.pl\/index.php\/wp-json\/wp\/v2\/pages\/7213","targetHints":{"allow":["GET"]}}],"collection":[{"href":"https:\/\/inteligentny-rozwoj.com.pl\/index.php\/wp-json\/wp\/v2\/pages"}],"about":[{"href":"https:\/\/inteligentny-rozwoj.com.pl\/index.php\/wp-json\/wp\/v2\/types\/page"}],"author":[{"embeddable":true,"href":"https:\/\/inteligentny-rozwoj.com.pl\/index.php\/wp-json\/wp\/v2\/users\/1"}],"replies":[{"embeddable":true,"href":"https:\/\/inteligentny-rozwoj.com.pl\/index.php\/wp-json\/wp\/v2\/comments?post=7213"}],"version-history":[{"count":5,"href":"https:\/\/inteligentny-rozwoj.com.pl\/index.php\/wp-json\/wp\/v2\/pages\/7213\/revisions"}],"predecessor-version":[{"id":7421,"href":"https:\/\/inteligentny-rozwoj.com.pl\/index.php\/wp-json\/wp\/v2\/pages\/7213\/revisions\/7421"}],"up":[{"embeddable":true,"href":"https:\/\/inteligentny-rozwoj.com.pl\/index.php\/wp-json\/wp\/v2\/pages\/6029"}],"wp:featuredmedia":[{"embeddable":true,"href":"https:\/\/inteligentny-rozwoj.com.pl\/index.php\/wp-json\/wp\/v2\/media\/7214"}],"wp:attachment":[{"href":"https:\/\/inteligentny-rozwoj.com.pl\/index.php\/wp-json\/wp\/v2\/media?parent=7213"}],"curies":[{"name":"wp","href":"https:\/\/api.w.org\/{rel}","templated":true}]}}