{"id":8835,"date":"2025-01-26T02:11:17","date_gmt":"2025-01-26T01:11:17","guid":{"rendered":"https:\/\/inteligentny-rozwoj.com.pl\/?page_id=8835"},"modified":"2025-09-17T22:55:05","modified_gmt":"2025-09-17T20:55:05","slug":"1-14-internacjonalizacja-msp-femp","status":"publish","type":"page","link":"https:\/\/inteligentny-rozwoj.com.pl\/index.php\/fundusze-europejskie-2021-2027\/fundusze-europejskie-dla-malopolski-2021-2027\/1-14-internacjonalizacja-msp-femp\/","title":{"rendered":"1.14 Internacjonalizacja M\u015aP &#8211; FEMP &#8211; Ma\u0142opolska 2021-2027"},"content":{"rendered":"\n<figure class=\"wp-block-image size-large\"><img loading=\"lazy\" decoding=\"async\" width=\"1024\" height=\"576\" src=\"https:\/\/inteligentny-rozwoj.com.pl\/wp-content\/uploads\/2025\/01\/1.14-Internacjonalizacja-MSP-FEMP-Malopolska-RPConsulting.pl_-1024x576.png\" alt=\"1.14 Internacjonalizacja M\u015aP, FEMP Ma\u0142polska \/ RPConsulting.pl\" class=\"wp-image-8837\" srcset=\"https:\/\/inteligentny-rozwoj.com.pl\/wp-content\/uploads\/2025\/01\/1.14-Internacjonalizacja-MSP-FEMP-Malopolska-RPConsulting.pl_-1024x576.png 1024w, https:\/\/inteligentny-rozwoj.com.pl\/wp-content\/uploads\/2025\/01\/1.14-Internacjonalizacja-MSP-FEMP-Malopolska-RPConsulting.pl_-300x169.png 300w, https:\/\/inteligentny-rozwoj.com.pl\/wp-content\/uploads\/2025\/01\/1.14-Internacjonalizacja-MSP-FEMP-Malopolska-RPConsulting.pl_-768x432.png 768w, https:\/\/inteligentny-rozwoj.com.pl\/wp-content\/uploads\/2025\/01\/1.14-Internacjonalizacja-MSP-FEMP-Malopolska-RPConsulting.pl_-536x302.png 536w, https:\/\/inteligentny-rozwoj.com.pl\/wp-content\/uploads\/2025\/01\/1.14-Internacjonalizacja-MSP-FEMP-Malopolska-RPConsulting.pl_.png 1280w\" sizes=\"auto, (max-width: 1024px) 100vw, 1024px\" \/><\/figure>\n\n\n\n<h2 class=\"wp-block-heading\">1.14 Internacjonalizacja M\u015aP FEMP &#8211; cel projektu<\/h2>\n\n\n\n<p class=\"wp-block-paragraph\"><strong>1.14 Internacjonalizacja M\u015aP FEMP<\/strong> (Fundusze Europejskie Ma\u0142opolska 2021-27) to dzia\u0142anie, kt\u00f3re ma na celu rozw\u00f3j i umi\u0119dzynarodowienie dzia\u0142alno\u015bci ma\u0142opolskich M\u015aP.<\/p>\n\n\n\n<p class=\"wp-block-paragraph\">Jego za\u0142o\u017cenia bazuj\u0105 na znanym w\u015br\u00f3d ma\u0142opolskich przedsi\u0119biorc\u00f3w z poprzedniej perspektywy finansowej 2014-2020 programie 3.3.2 Aktywno\u015b\u0107 mi\u0119dzynarodowa ma\u0142opolskich M\u015aP.<\/p>\n\n\n\n<p class=\"wp-block-paragraph\"><strong>RP CONSULTING Rafa\u0142 Pasterczyk<\/strong> specjalizuje si\u0119 w pozyskiwaniu i rozliczaniu projekt\u00f3w w ramach dzia\u0142ania <strong>1.14 Internacjonalizacja M\u015aP FEMP<\/strong> oraz innych dotacji na rozw\u00f3j eksportu. Firma RP CONSULTING od 2009 roku z sukcesem obs\u0142ugiwa\u0142a dotacje eksportowe w ramach program\u00f3w, takich jak:<\/p>\n\n\n\n<ul class=\"wp-block-list\">\n<li>Paszport do Eksportu (2009-2013)<\/li>\n\n\n\n<li><a href=\"https:\/\/inteligentny-rozwoj.com.pl\/index.php\/internacjonalizacja\/go-to-brand-3-3-3-po-ir\/\" target=\"_blank\" rel=\"noreferrer noopener\">Go To Brand<\/a> (2014-2020)<\/li>\n\n\n\n<li><a href=\"https:\/\/inteligentny-rozwoj.com.pl\/index.php\/fundusze-europejskie-2014-2020\/mrpo-2014-2020\/przedsiebiorcza-malopolska\/dzialanie-3-3-umiedzynarodowienie-malopolskiej-gospodarki\/3-3-2-aktywnosc-miedzynarodowa-msp\/\" target=\"_blank\" rel=\"noreferrer noopener\">Aktywno\u015b\u0107 mi\u0119dzynarodowa ma\u0142opolskich M\u015aP<\/a> (2014-2020)<\/li>\n\n\n\n<li><a href=\"https:\/\/inteligentny-rozwoj.com.pl\/index.php\/fundusze-europejskie-2021-2027\/feng-fundusze-europejskie-dla-nowoczesnej-gospodarki-2021-2027\/promocja-marki-innowacyjnych-msp-2-25-feng\/\" target=\"_blank\" rel=\"noreferrer noopener\">Promocja marki innowacyjnych M\u015aP<\/a> (2021-2027)<\/li>\n<\/ul>\n\n\n<div\n\t\t\t\n\t\t\tclass=\"so-widget-sow-button so-widget-sow-button-flat-3d31ad85f3a8\"\n\t\t\t\n\t\t><div class=\"ow-button-base ow-button-align-left\"\n>\n\t\t\t<a\n\t\t\t\t\thref=\"https:\/\/inteligentny-rozwoj.com.pl\/index.php\/referencje\/#dotacje-i-doradztwo-biznesowe\"\n\t\t\t\t\tclass=\"sowb-button ow-icon-placement-left ow-button-hover\" target=\"_blank\" rel=\"noopener noreferrer\" \t>\n\t\t<span>\n\t\t\t\n\t\t\tSprawd\u017a realizacje i referencje\t\t<\/span>\n\t\t\t<\/a>\n\t<\/div>\n<\/div>\t\t\t\t<style type=\"text\/css\">.so-widget-sow-button-flat-3d31ad85f3a8 .ow-button-base {\n  zoom: 1;\n}\n.so-widget-sow-button-flat-3d31ad85f3a8 .ow-button-base:before {\n  content: '';\n  display: block;\n}\n.so-widget-sow-button-flat-3d31ad85f3a8 .ow-button-base:after {\n  content: '';\n  display: table;\n  clear: both;\n}\n@media (max-width: 780px) {\n  .so-widget-sow-button-flat-3d31ad85f3a8 .ow-button-base.ow-button-align-left {\n    text-align: left;\n  }\n  .so-widget-sow-button-flat-3d31ad85f3a8 .ow-button-base.ow-button-align-left.ow-button-align-justify .sowb-button {\n    display: inline-block;\n  }\n}\n.so-widget-sow-button-flat-3d31ad85f3a8 .ow-button-base .sowb-button {\n  -ms-box-sizing: border-box;\n  -moz-box-sizing: border-box;\n  -webkit-box-sizing: border-box;\n  box-sizing: border-box;\n  font-family: Roboto;\n  font-weight: 500;\n  -webkit-border-radius: 0.25em 0.25em 0.25em 0.25em;\n  -moz-border-radius: 0.25em 0.25em 0.25em 0.25em;\n  border-radius: 0.25em 0.25em 0.25em 0.25em;\n  background: #1e73be;\n  border-width: 1px 0;\n  border: 1px solid #1e73be;\n  color: #ffffff !important;\n  font-size: 1em;\n  \n  padding: 1em;\n  text-shadow: 0 1px 0 rgba(0, 0, 0, 0.05);\n  padding-inline: 2em;\n}\n.so-widget-sow-button-flat-3d31ad85f3a8 .ow-button-base .sowb-button.ow-button-hover:active,\n.so-widget-sow-button-flat-3d31ad85f3a8 .ow-button-base .sowb-button.ow-button-hover:hover {\n  background: #217ed0;\n  border-color: #217ed0;\n  color: #ffffff !important;\n}<\/style>\n\t\t\t\t\n\n\n<h2 class=\"wp-block-heading\">Na jakie wydatki mo\u017cna uzyska\u0107 wsparcie?<\/h2>\n\n\n\n<p class=\"wp-block-paragraph\">1.14 Internacjonalizacja M\u015aP FEMP<strong> <\/strong>wspiera projekty, ukierunkowane na <strong>2 typu zaplanowanych dzia\u0142a\u0144<\/strong>:<\/p>\n\n\n\n<ol class=\"wp-block-list\">\n<li>Us\u0142ugi doradcze dla M\u015aP w zakresie umi\u0119dzynarodowienia dzia\u0142alno\u015bci<\/li>\n\n\n\n<li>Udzia\u0142 w mi\u0119dzynarodowych imprezach targowo-wystawienniczych, odbywaj\u0105cych si\u0119 w kraju lub za granic\u0105<\/li>\n<\/ol>\n\n\n\n<h3 class=\"wp-block-heading\">1.14 Internacjonalizacja M\u015aP FEMP &#8211; koszty kwalifikowane<\/h3>\n\n\n\n<p class=\"wp-block-paragraph\">W ramach projekt\u00f3w z dzia\u0142ania 1.14 Internacjonalizacja M\u015aP bezpo\u015brednie wsparcie przeznaczone b\u0119dzie dla ma\u0142opolskich przedsi\u0119biorc\u00f3w na rzecz zwi\u0119kszania ich aktywno\u015bci mi\u0119dzynarodowej.\u00a0<\/p>\n\n\n\n<p class=\"wp-block-paragraph\">1)Wsparcie udzielone zostanie na poni\u017csze rodzaje wydatk\u00f3w:<\/p>\n\n\n\n<ol class=\"wp-block-list\">\n<li><strong>zakup specjalistycznych us\u0142ug doradczych w obszarze umi\u0119dzynarodowienia dzia\u0142alno\u015bci przedsi\u0119biorstw,<\/strong> w tym z zakresu:&nbsp;<\/li>\n<\/ol>\n\n\n\n<ul class=\"wp-block-list\">\n<li>analizy potencja\u0142u eksportowego pod k\u0105tem rozpocz\u0119cia\/ rozwoju dzia\u0142alno\u015bci eksportowej oraz zwi\u0119kszenia konkurencyjno\u015bci produktu\/us\u0142ugi na rynkach mi\u0119dzynarodowych; wskazanie mocnych i s\u0142abych stron oferty klienta,&nbsp;<\/li>\n\n\n\n<li>strategii ekspansji na wybrane rynki, w tym analiza i wyb\u00f3r rynk\u00f3w docelowych, produkt\u00f3w eksportowych, sposobu dystrybucji, formy promocji oraz planowanie bud\u017cetu i harmonogramu dzia\u0142a\u0144,&nbsp;<\/li>\n\n\n\n<li>okre\u015blenia potencjalnych partner\u00f3w handlowych (wyszukiwanie, weryfikacja wiarygodno\u015bci) i doboru partner\u00f3w na wybranych rynkach zagranicznych, przygotowanie ofert wsp\u00f3\u0142pracy oraz negocjacji handlowych,&nbsp;<\/li>\n\n\n\n<li>analizy otoczenia prawnego i regulacyjnego w kraju planowanej ekspansji w celu ograniczenia ryzyka niepowodze\u0144 wej\u015bcia na nowy rynek,&nbsp;<\/li>\n\n\n\n<li>opracowania koncepcji marki \/ wizerunku przedsi\u0119biorstwa na wybranym rynku zagranicznym,&nbsp;<\/li>\n\n\n\n<li>dostosowania produkcji (produktu i jego w\u0142a\u015bciwo\u015bci) b\u0105d\u017a us\u0142ug do wymaga\u0144 docelowego rynku zagranicznego,<\/li>\n\n\n\n<li>uzyskania niezb\u0119dnych dokument\u00f3w uprawniaj\u0105cych do wprowadzenia produktu\/us\u0142ugi na rynek docelowy (certyfikaty, pozwolenia, homologacje itp.),<\/li>\n\n\n\n<li>opracowania i wdra\u017cania nowego dla Wnioskodawcy modelu biznesowego w zwi\u0105zku z inicjowaniem lub rozwijaniem dzia\u0142alno\u015bci eksportowej.<\/li>\n<\/ul>\n\n\n\n<ol start=\"2\" class=\"wp-block-list\">\n<li><strong>udzia\u0142 przedsi\u0119biorstwa w charakterze wystawcy w wydarzeniach targowo \u2013 wystawienniczych<\/strong> zorientowanych na rynki zagraniczne, odbywaj\u0105cych si\u0119 na terytorium Polski lub zagranic\u0105.\u00a0<\/li>\n<\/ol>\n\n\n\n<h3 class=\"wp-block-heading\">Typy projekt\u00f3w preferowanych<\/h3>\n\n\n\n<p class=\"wp-block-paragraph\">W ramach dzia\u0142ania FEMP 1.14 Internacjonalizacja M\u015aP <strong>preferencyjnie b\u0119d\u0105 traktowane<\/strong>:&nbsp;<\/p>\n\n\n\n<ul class=\"wp-block-list\">\n<li><strong>projekty kompleksowe <\/strong>odpowiadaj\u0105ce na indywidualne potrzeby beneficjenta <strong>\u0142\u0105cz\u0105ce w sobie zar\u00f3wno komponent doradczy jak udzia\u0142 w wydarzeniach wystawienniczych<\/strong>,&nbsp;<\/li>\n\n\n\n<li><strong>projekty przedsi\u0119biorc\u00f3w, kt\u00f3rzy nie otrzymali wsparcia ze \u015brodk\u00f3w UE w ramach dzia\u0142ania 3.3.2 RPO WM 2014 -2020<\/strong>,&nbsp;<\/li>\n\n\n\n<li>projekty przedsi\u0119biorc\u00f3w z obszar\u00f3w zmarginalizowanych (62 gminy zmarginalizowane wskazane w SRWM 2030). 83 5) W ramach dzia\u0142ania wsparcie nie b\u0119dzie udzielane na pomoc wywozow\u0105, o kt\u00f3rej mowa w art. 1 pkt 1 d rozporz\u0105dzenia KE w sprawie pomocy de minimis.<\/li>\n<\/ul>\n\n\n\n<h2 class=\"wp-block-heading\">Dla kogo przeznaczone jest wsparcie w ramach FEMP 1.14 Internacjonalizacja M\u015aP?<\/h2>\n\n\n\n<p class=\"wp-block-paragraph\">Beneficjentami mog\u0105 by\u0107 <strong>mikro, ma\u0142e i \u015brednie przedsi\u0119biorstwa<\/strong> (M\u015aP)<\/p>\n\n\n\n<h2 class=\"wp-block-heading\">Zasady finansowania projekt\u00f3w<\/h2>\n\n\n\n<ul class=\"wp-block-list\">\n<li>Forma wsparcia: <strong>dotacja bezzwrotna<\/strong><\/li>\n\n\n\n<li>Maksymalny poziom dofinansowania: <strong>do 80%<\/strong><\/li>\n\n\n\n<li>Uproszczony metody rozliczania wydatk\u00f3w: stawka rycza\u0142towa do <strong>koszt\u00f3w po\u015brednich<\/strong>, stanowi\u0105cych 7% koszt\u00f3w bezpo\u015brednich projektu<\/li>\n\n\n\n<li>Maksymalna warto\u015b\u0107 koszt\u00f3w kwalifikowanych projektu: <strong>300 000 z\u0142<\/strong><\/li>\n<\/ul>\n\n\n\n<h2 class=\"wp-block-heading\">Kryteria wyboru projekt\u00f3w<\/h2>\n\n\n\n<p class=\"wp-block-paragraph\"><a href=\"https:\/\/fundusze.malopolska.pl\/kryteria\" target=\"_blank\" rel=\"noreferrer noopener\">Kryteria wyboru projekt\u00f3w<\/a> dla poszczeg\u00f3lnych dzia\u0142a\u0144 realizowanych w ramach FEMP, Fundusze Europejskie w Ma\u0142opolsce 2021-2027<\/p>\n\n\n\n<h2 class=\"wp-block-heading\">Planowany termin naboru wniosk\u00f3w &#8211; 1.14 Internacjonalizacja M\u015aP FEMP<\/h2>\n\n\n\n<ul class=\"wp-block-list\">\n<li>Nab\u00f3r do dzia\u0142ania pierwotnie planowany by\u0142 w okresie: <strong>wrzesie\u0144 &#8211; listopad 2025<\/strong><\/li>\n\n\n\n<li>Przewidziana alokacja na konkurs: 21 550 000 z\u0142<\/li>\n\n\n\n<li>aktualna wersja harmonogramu nabor\u00f3w wniosk\u00f3w z dnia 22.07.2025 nie przewiduje naboru do dzia\u0142ania 1.14 Internacjonalizacja M\u015aP FEMP w 2025 roku<\/li>\n<\/ul>\n\n\n\n<p class=\"wp-block-paragraph\">Sprawd\u017a <a href=\"https:\/\/fundusze.malopolska.pl\/harmonogram\" target=\"_blank\" rel=\"noopener\">planowany harmonogram nabor\u00f3w wniosk\u00f3w<\/a> w ramach <strong>FEMP 2021-2027<\/strong><\/p>\n\n\n\n<h2 class=\"wp-block-heading\">Instytucja po\u015brednicz\u0105ca<\/h2>\n\n\n\n<p class=\"wp-block-paragraph\">Instytucj\u0105 po\u015brednicz\u0105c\u0105 dla dzia\u0142ania FEMP 1.14 Internacjonalizacja M\u015aP jest <a href=\"https:\/\/www.mcp.malopolska.pl\/\" target=\"_blank\" rel=\"noopener\">Ma\u0142opolskie Centrum Przedsi\u0119biorczo\u015bci<\/a>.<\/p>\n\n\n\n<h2 class=\"wp-block-heading\">Pozyskaj dofinansowanie na rozw\u00f3j eksportu z RP CONSULTING Rafa\u0142 Pasterczyk<\/h2>\n\n\n<div\n\t\t\t\n\t\t\tclass=\"so-widget-sow-cta so-widget-sow-cta-default-a23258021f70\"\n\t\t\t\n\t\t><div\n\tclass=\"sow-cta-base\"\n\t>\n\t\n\t<div class=\"sow-cta-wrapper\">\n\n\t\t<div class=\"sow-cta-text\">\n\t\t\t\t\t\t\t<h4 class=\"sow-cta-title\">\n\t\t\t\t\tJe\u017celi jeste\u015b zainteresowany pozyskaniem dofinansowania na rozw\u00f3j Twojego eksportu\t\t\t\t<\/h4>\n\t\t\t\n\t\t\t\t\t\t\t<h4 class=\"sow-cta-subtitle\">\n\t\t\t\t\t&#x1f449; Zapytaj o szczeg\u00f3\u0142y dzia\u0142ania 1.14 Internacjonalizacja M\u015aP\t\t\t\t<\/h4>\n\t\t\t\t\t<\/div>\n\n\t\t<div\n\t\t\t\n\t\t\tclass=\"so-widget-sow-button so-widget-sow-button-flat-b559edb0e6ec\"\n\t\t\t\n\t\t><div class=\"ow-button-base ow-button-align-center\"\n>\n\t\t\t<a href=\"https:\/\/inteligentny-rozwoj.com.pl\/index.php\/kontakt\/\" class=\"sowb-button ow-icon-placement-left ow-button-hover\" target=\"_blank\" rel=\"noopener noreferrer\">\n\t\t<span>\n\t\t\t\n\t\t\tUm\u00f3w konsultacj\u0119 !\t\t<\/span>\n\t\t\t<\/a>\n\t<\/div>\n<\/div>\t\t\t\t<style type=\"text\/css\">.so-widget-sow-cta-default-a23258021f70 .sow-cta-base {\n  padding: 2em 2.5em;\n  border: 1px solid #e3e3e3;\n  background-color: #f8f8f8;\n}\n.so-widget-sow-cta-default-a23258021f70 .sow-cta-base .sow-cta-text {\n  float: left;\n}\n.so-widget-sow-cta-default-a23258021f70 .sow-cta-base .so-widget-sow-button {\n  float: right;\n  margin-left: 1em;\n}\n@media (max-width: 780px) {\n  .so-widget-sow-cta-default-a23258021f70 .sow-cta-base .sow-cta-wrapper .so-widget-sow-button {\n    margin-right: 0;\n    margin-left: 0;\n  }\n}\n.so-widget-sow-cta-default-a23258021f70 .sow-cta-base .sow-cta-wrapper::after {\n  clear: both;\n  content: \"\";\n  display: table;\n}<\/style>\n\t\t\t\t\t\t\t\t<style type=\"text\/css\">.so-widget-sow-button-flat-b559edb0e6ec .ow-button-base {\n  zoom: 1;\n}\n.so-widget-sow-button-flat-b559edb0e6ec .ow-button-base:before {\n  content: '';\n  display: block;\n}\n.so-widget-sow-button-flat-b559edb0e6ec .ow-button-base:after {\n  content: '';\n  display: table;\n  clear: both;\n}\n@media (max-width: 780px) {\n  .so-widget-sow-button-flat-b559edb0e6ec .ow-button-base.ow-button-align-center {\n    text-align: center;\n  }\n  .so-widget-sow-button-flat-b559edb0e6ec .ow-button-base.ow-button-align-center.ow-button-align-justify .sowb-button {\n    display: inline-block;\n  }\n}\n.so-widget-sow-button-flat-b559edb0e6ec .ow-button-base .sowb-button {\n  -ms-box-sizing: border-box;\n  -moz-box-sizing: border-box;\n  -webkit-box-sizing: border-box;\n  box-sizing: border-box;\n  font-family: Roboto;\n  font-weight: 500;\n  -webkit-border-radius: 0.25em 0.25em 0.25em 0.25em;\n  -moz-border-radius: 0.25em 0.25em 0.25em 0.25em;\n  border-radius: 0.25em 0.25em 0.25em 0.25em;\n  background: #1e73be;\n  border-width: 1px 0;\n  border: 1px solid #1e73be;\n  color: #ffffff !important;\n  font-size: 1em;\n  \n  padding: 1em;\n  text-shadow: 0 1px 0 rgba(0, 0, 0, 0.05);\n  padding-inline: 2em;\n}\n.so-widget-sow-button-flat-b559edb0e6ec .ow-button-base .sowb-button.ow-button-hover:active,\n.so-widget-sow-button-flat-b559edb0e6ec .ow-button-base .sowb-button.ow-button-hover:hover {\n  background: #217ed0;\n  border-color: #217ed0;\n  color: #ffffff !important;\n}<\/style>\n\t\t\t\t\n\t<\/div>\n\n\t<\/div>\n<\/div>\n\n        <h3 class=\"awpa-title\">About The Author<\/h3>\n                        <div class=\"wp-post-author-wrap wp-post-author-shortcode left\">\n                                                                <div class=\"awpa-tab-content active\" id=\"1_awpa-tab1\">\n                                    <div class=\"wp-post-author\">\n            <div class=\"awpa-img awpa-author-block square\">\n                <a href=\"https:\/\/inteligentny-rozwoj.com.pl\/index.php\/author\/rpconsulting\/\"><img alt='' src='https:\/\/secure.gravatar.com\/avatar\/fde501377d5b06ef1fb158c1ea34fe2defd80fd9526b2263a81456023558c240?s=150&#038;d=mm&#038;r=g' srcset='https:\/\/secure.gravatar.com\/avatar\/fde501377d5b06ef1fb158c1ea34fe2defd80fd9526b2263a81456023558c240?s=300&#038;d=mm&#038;r=g 2x' class='avatar avatar-150 photo' height='150' width='150' \/><\/a>\n               \n               \n            <\/div>\n            <div class=\"wp-post-author-meta awpa-author-block\">\n                <h4 class=\"awpa-display-name\">\n                    <a href=\"https:\/\/inteligentny-rozwoj.com.pl\/index.php\/author\/rpconsulting\/\">RP CONSULTING Rafa\u0142 Pasterczyk<\/a>\n                    \n                <\/h4>\n                \n\n                \n                <div class=\"wp-post-author-meta-bio\">\n                    <p>Doradztwo biznesowe, outsourcing i interim management w zakresie marketingu B2B, rozwoju eksportu, a tak\u017ce pozyskiwanie i rozliczanie dotacji na rozw\u00f3j eksportu i cyfryzacj\u0119. Ponad 100 skutecznie zrealizowanych projekt\u00f3w dla M\u015aP. Wiele z nich \u0142\u0105czy doradztwo w zakresie strategii internacjonalizacji ze skutecznym pozyskaniem dofinansowania na dzia\u0142ania na rynkach zagranicznych.<\/p>\n                <\/div>\n                <div class=\"wp-post-author-meta-more-posts\">\n                    <p class=\"awpa-more-posts square\">\n                        <a href=\"https:\/\/inteligentny-rozwoj.com.pl\/index.php\/author\/rpconsulting\/\" class=\"awpa-more-posts\">See author&#039;s posts<\/a>\n                    <\/p>\n                <\/div>\n                                    <ul class=\"awpa-contact-info round\">\n                                                    \n                                <li class=\"awpa-facebook-li\">\n                                    <a href=\"https:\/\/www.facebook.com\/RPConsulting\/\" class=\"awpa-facebook awpa-icon-facebook\" target=\"_blank\" rel=\"noopener\"><\/a>\n                                <\/li>\n                                                                                \n                                <li class=\"awpa-linkedin-li\">\n                                    <a href=\"https:\/\/www.linkedin.com\/company\/rp-consulting-rpc\/\" class=\"awpa-linkedin awpa-icon-linkedin\" target=\"_blank\" rel=\"noopener\"><\/a>\n                                <\/li>\n                                                                                \n                                <li class=\"awpa-youtube-li\">\n                                    <a href=\"https:\/\/www.youtube.com\/@RPCONSULTING-b2b\" class=\"awpa-youtube awpa-icon-youtube\" target=\"_blank\" rel=\"noopener\"><\/a>\n                                <\/li>\n                                                                                \n                                <li class=\"awpa-website-li\">\n                                    <a href=\"https:\/\/inteligentny-rozwoj.com.pl\/\" class=\"awpa-website awpa-icon-website\"><\/a>\n                                <\/li>\n                                                                                                                                                                                        <\/ul>\n                            <\/div>\n        <\/div>\n\n                                <\/div>\n                                                            <\/div>\n                \n","protected":false},"excerpt":{"rendered":"<p>1.14 Internacjonalizacja M&#346;P FEMP &ndash; cel projektu 1.14 Internacjonalizacja M&#346;P FEMP (Fundusze Europejskie Ma&#322;opolska 2021-27) to dzia&#322;anie, kt&oacute;re ma na celu rozw&oacute;j i umi&#281;dzynarodowienie dzia&#322;alno&#347;ci ma&#322;opolskich M&#346;P. Jego za&#322;o&#380;enia bazuj&#261; na znanym w&#347;r&oacute;d ma&#322;opolskich przedsi&#281;biorc&oacute;w z poprzedniej perspektywy finansowej 2014-2020 programie 3.3.2 Aktywno&#347;&#263; mi&#281;dzynarodowa ma&#322;opolskich M&#346;P. RP CONSULTING Rafa&#322; Pasterczyk specjalizuje si&#281; w pozyskiwaniu i [&hellip;]<\/p>\n","protected":false},"author":1,"featured_media":0,"parent":6236,"menu_order":1,"comment_status":"closed","ping_status":"closed","template":"page-templates\/full-width.php","meta":{"_crdt_document":"","content-type":"","_uag_custom_page_level_css":"","footnotes":""},"class_list":["post-8835","page","type-page","status-publish","hentry"],"yoast_head":"<!-- This site is optimized with the Yoast SEO plugin v27.3 - https:\/\/yoast.com\/product\/yoast-seo-wordpress\/ -->\n<title>1.14 Internacjonalizacja M\u015aP - FEMP - Ma\u0142opolska 2021-2027 - RP CONSULTING Rafa\u0142 Pasterczyk | marketing B2B, eksport, dotacje UE<\/title>\n<meta name=\"description\" content=\"Pozyskaj dotacj\u0119 na rozw\u00f3j eksportu - zapytaj o dzia\u0142anie FEMP 1.14 Internacjonalizacja M\u015aP - Fundusze Europejskie Ma\u0142opolska 2021-2027\" \/>\n<meta name=\"robots\" content=\"index, follow, max-snippet:-1, max-image-preview:large, max-video-preview:-1\" \/>\n<link rel=\"canonical\" href=\"https:\/\/inteligentny-rozwoj.com.pl\/index.php\/fundusze-europejskie-2021-2027\/fundusze-europejskie-dla-malopolski-2021-2027\/1-14-internacjonalizacja-msp-femp\/\" \/>\n<meta property=\"og:locale\" content=\"pl_PL\" \/>\n<meta property=\"og:type\" content=\"article\" \/>\n<meta property=\"og:title\" content=\"1.14 Internacjonalizacja M\u015aP - FEMP - Ma\u0142opolska 2021-2027 - RP CONSULTING Rafa\u0142 Pasterczyk | marketing B2B, eksport, dotacje UE\" \/>\n<meta property=\"og:description\" content=\"Pozyskaj dotacj\u0119 na rozw\u00f3j eksportu - zapytaj o dzia\u0142anie FEMP 1.14 Internacjonalizacja M\u015aP - Fundusze Europejskie Ma\u0142opolska 2021-2027\" \/>\n<meta property=\"og:url\" content=\"https:\/\/inteligentny-rozwoj.com.pl\/index.php\/fundusze-europejskie-2021-2027\/fundusze-europejskie-dla-malopolski-2021-2027\/1-14-internacjonalizacja-msp-femp\/\" \/>\n<meta property=\"og:site_name\" content=\"RP CONSULTING Rafa\u0142 Pasterczyk | marketing B2B, eksport, dotacje UE\" \/>\n<meta property=\"article:publisher\" content=\"https:\/\/www.facebook.com\/RPConsulting\" \/>\n<meta property=\"article:modified_time\" content=\"2025-09-17T20:55:05+00:00\" \/>\n<meta property=\"og:image\" content=\"https:\/\/inteligentny-rozwoj.com.pl\/wp-content\/uploads\/2025\/01\/1.14-Internacjonalizacja-MSP-FEMP-Malopolska-RPConsulting.pl_.png\" \/>\n\t<meta property=\"og:image:width\" content=\"1280\" \/>\n\t<meta property=\"og:image:height\" content=\"720\" \/>\n\t<meta property=\"og:image:type\" content=\"image\/png\" \/>\n<meta name=\"twitter:card\" content=\"summary_large_image\" \/>\n<meta name=\"twitter:site\" content=\"@rp_consulting\" \/>\n<meta name=\"twitter:label1\" content=\"Szacowany czas czytania\" \/>\n\t<meta name=\"twitter:data1\" content=\"4 minuty\" \/>\n<script type=\"application\/ld+json\" class=\"yoast-schema-graph\">{\"@context\":\"https:\\\/\\\/schema.org\",\"@graph\":[{\"@type\":\"Article\",\"@id\":\"https:\\\/\\\/inteligentny-rozwoj.com.pl\\\/index.php\\\/fundusze-europejskie-2021-2027\\\/fundusze-europejskie-dla-malopolski-2021-2027\\\/1-14-internacjonalizacja-msp-femp\\\/#article\",\"isPartOf\":{\"@id\":\"https:\\\/\\\/inteligentny-rozwoj.com.pl\\\/index.php\\\/fundusze-europejskie-2021-2027\\\/fundusze-europejskie-dla-malopolski-2021-2027\\\/1-14-internacjonalizacja-msp-femp\\\/\"},\"author\":{\"name\":\"RP CONSULTING Rafa\u0142 Pasterczyk\",\"@id\":\"https:\\\/\\\/inteligentny-rozwoj.com.pl\\\/#\\\/schema\\\/person\\\/781a467e5e331ce384632759ecdba772\"},\"headline\":\"1.14 Internacjonalizacja M\u015aP &#8211; FEMP &#8211; Ma\u0142opolska 2021-2027\",\"datePublished\":\"2025-01-26T01:11:17+00:00\",\"dateModified\":\"2025-09-17T20:55:05+00:00\",\"mainEntityOfPage\":{\"@id\":\"https:\\\/\\\/inteligentny-rozwoj.com.pl\\\/index.php\\\/fundusze-europejskie-2021-2027\\\/fundusze-europejskie-dla-malopolski-2021-2027\\\/1-14-internacjonalizacja-msp-femp\\\/\"},\"wordCount\":733,\"publisher\":{\"@id\":\"https:\\\/\\\/inteligentny-rozwoj.com.pl\\\/#organization\"},\"image\":{\"@id\":\"https:\\\/\\\/inteligentny-rozwoj.com.pl\\\/index.php\\\/fundusze-europejskie-2021-2027\\\/fundusze-europejskie-dla-malopolski-2021-2027\\\/1-14-internacjonalizacja-msp-femp\\\/#primaryimage\"},\"thumbnailUrl\":\"https:\\\/\\\/inteligentny-rozwoj.com.pl\\\/wp-content\\\/uploads\\\/2025\\\/01\\\/1.14-Internacjonalizacja-MSP-FEMP-Malopolska-RPConsulting.pl_-1024x576.png\",\"inLanguage\":\"pl-PL\"},{\"@type\":\"WebPage\",\"@id\":\"https:\\\/\\\/inteligentny-rozwoj.com.pl\\\/index.php\\\/fundusze-europejskie-2021-2027\\\/fundusze-europejskie-dla-malopolski-2021-2027\\\/1-14-internacjonalizacja-msp-femp\\\/\",\"url\":\"https:\\\/\\\/inteligentny-rozwoj.com.pl\\\/index.php\\\/fundusze-europejskie-2021-2027\\\/fundusze-europejskie-dla-malopolski-2021-2027\\\/1-14-internacjonalizacja-msp-femp\\\/\",\"name\":\"1.14 Internacjonalizacja M\u015aP - FEMP - Ma\u0142opolska 2021-2027 - RP CONSULTING Rafa\u0142 Pasterczyk | marketing B2B, eksport, dotacje UE\",\"isPartOf\":{\"@id\":\"https:\\\/\\\/inteligentny-rozwoj.com.pl\\\/#website\"},\"primaryImageOfPage\":{\"@id\":\"https:\\\/\\\/inteligentny-rozwoj.com.pl\\\/index.php\\\/fundusze-europejskie-2021-2027\\\/fundusze-europejskie-dla-malopolski-2021-2027\\\/1-14-internacjonalizacja-msp-femp\\\/#primaryimage\"},\"image\":{\"@id\":\"https:\\\/\\\/inteligentny-rozwoj.com.pl\\\/index.php\\\/fundusze-europejskie-2021-2027\\\/fundusze-europejskie-dla-malopolski-2021-2027\\\/1-14-internacjonalizacja-msp-femp\\\/#primaryimage\"},\"thumbnailUrl\":\"https:\\\/\\\/inteligentny-rozwoj.com.pl\\\/wp-content\\\/uploads\\\/2025\\\/01\\\/1.14-Internacjonalizacja-MSP-FEMP-Malopolska-RPConsulting.pl_-1024x576.png\",\"datePublished\":\"2025-01-26T01:11:17+00:00\",\"dateModified\":\"2025-09-17T20:55:05+00:00\",\"description\":\"Pozyskaj dotacj\u0119 na rozw\u00f3j eksportu - zapytaj o dzia\u0142anie FEMP 1.14 Internacjonalizacja M\u015aP - Fundusze Europejskie Ma\u0142opolska 2021-2027\",\"breadcrumb\":{\"@id\":\"https:\\\/\\\/inteligentny-rozwoj.com.pl\\\/index.php\\\/fundusze-europejskie-2021-2027\\\/fundusze-europejskie-dla-malopolski-2021-2027\\\/1-14-internacjonalizacja-msp-femp\\\/#breadcrumb\"},\"inLanguage\":\"pl-PL\",\"potentialAction\":[{\"@type\":\"ReadAction\",\"target\":[\"https:\\\/\\\/inteligentny-rozwoj.com.pl\\\/index.php\\\/fundusze-europejskie-2021-2027\\\/fundusze-europejskie-dla-malopolski-2021-2027\\\/1-14-internacjonalizacja-msp-femp\\\/\"]}]},{\"@type\":\"ImageObject\",\"inLanguage\":\"pl-PL\",\"@id\":\"https:\\\/\\\/inteligentny-rozwoj.com.pl\\\/index.php\\\/fundusze-europejskie-2021-2027\\\/fundusze-europejskie-dla-malopolski-2021-2027\\\/1-14-internacjonalizacja-msp-femp\\\/#primaryimage\",\"url\":\"https:\\\/\\\/inteligentny-rozwoj.com.pl\\\/wp-content\\\/uploads\\\/2025\\\/01\\\/1.14-Internacjonalizacja-MSP-FEMP-Malopolska-RPConsulting.pl_.png\",\"contentUrl\":\"https:\\\/\\\/inteligentny-rozwoj.com.pl\\\/wp-content\\\/uploads\\\/2025\\\/01\\\/1.14-Internacjonalizacja-MSP-FEMP-Malopolska-RPConsulting.pl_.png\",\"width\":1280,\"height\":720,\"caption\":\"1.14 Internacjonalizacja M\u015aP, FEMP Ma\u0142polska \\\/ RPConsulting.pl\"},{\"@type\":\"BreadcrumbList\",\"@id\":\"https:\\\/\\\/inteligentny-rozwoj.com.pl\\\/index.php\\\/fundusze-europejskie-2021-2027\\\/fundusze-europejskie-dla-malopolski-2021-2027\\\/1-14-internacjonalizacja-msp-femp\\\/#breadcrumb\",\"itemListElement\":[{\"@type\":\"ListItem\",\"position\":1,\"name\":\"Fundusze 2021-2027\",\"item\":\"https:\\\/\\\/inteligentny-rozwoj.com.pl\\\/index.php\\\/fundusze-europejskie-2021-2027\\\/\"},{\"@type\":\"ListItem\",\"position\":2,\"name\":\"Fundusze Europejskie dla Ma\u0142opolski 2021-2027\",\"item\":\"https:\\\/\\\/inteligentny-rozwoj.com.pl\\\/index.php\\\/fundusze-europejskie-2021-2027\\\/fundusze-europejskie-dla-malopolski-2021-2027\\\/\"},{\"@type\":\"ListItem\",\"position\":3,\"name\":\"1.14 Internacjonalizacja M\u015aP &#8211; FEMP &#8211; Ma\u0142opolska 2021-2027\"}]},{\"@type\":\"WebSite\",\"@id\":\"https:\\\/\\\/inteligentny-rozwoj.com.pl\\\/#website\",\"url\":\"https:\\\/\\\/inteligentny-rozwoj.com.pl\\\/\",\"name\":\"RP CONSULTING Rafa\u0142 Pasterczyk | marketing B2B, eksport, dotacje UE\",\"description\":\"Tw\u00f3j partner w rozwoju biznesu - skuteczne doradztwo w marketingu B2B, rozwoju eksportu i pozyskiwaniu dotacji\",\"publisher\":{\"@id\":\"https:\\\/\\\/inteligentny-rozwoj.com.pl\\\/#organization\"},\"alternateName\":\"Rafa\u0142 Pasterczyk RP CONSULTING\",\"potentialAction\":[{\"@type\":\"SearchAction\",\"target\":{\"@type\":\"EntryPoint\",\"urlTemplate\":\"https:\\\/\\\/inteligentny-rozwoj.com.pl\\\/?s={search_term_string}\"},\"query-input\":{\"@type\":\"PropertyValueSpecification\",\"valueRequired\":true,\"valueName\":\"search_term_string\"}}],\"inLanguage\":\"pl-PL\"},{\"@type\":\"Organization\",\"@id\":\"https:\\\/\\\/inteligentny-rozwoj.com.pl\\\/#organization\",\"name\":\"RP CONSULTING Rafa\u0142 Pasterczyk\",\"alternateName\":\"Rafa\u0142 Pasterczyk RP CONSULTING\",\"url\":\"https:\\\/\\\/inteligentny-rozwoj.com.pl\\\/\",\"logo\":{\"@type\":\"ImageObject\",\"inLanguage\":\"pl-PL\",\"@id\":\"https:\\\/\\\/inteligentny-rozwoj.com.pl\\\/#\\\/schema\\\/logo\\\/image\\\/\",\"url\":\"https:\\\/\\\/inteligentny-rozwoj.com.pl\\\/wp-content\\\/uploads\\\/2019\\\/01\\\/cropped-rpc_logo_sq-e1546996617786.png\",\"contentUrl\":\"https:\\\/\\\/inteligentny-rozwoj.com.pl\\\/wp-content\\\/uploads\\\/2019\\\/01\\\/cropped-rpc_logo_sq-e1546996617786.png\",\"width\":512,\"height\":512,\"caption\":\"RP CONSULTING Rafa\u0142 Pasterczyk\"},\"image\":{\"@id\":\"https:\\\/\\\/inteligentny-rozwoj.com.pl\\\/#\\\/schema\\\/logo\\\/image\\\/\"},\"sameAs\":[\"https:\\\/\\\/www.facebook.com\\\/RPConsulting\",\"https:\\\/\\\/x.com\\\/rp_consulting\",\"https:\\\/\\\/www.instagram.com\\\/rpconsulting.pl\\\/\",\"https:\\\/\\\/pl.linkedin.com\\\/company\\\/rp-consulting-rpc\",\"https:\\\/\\\/www.linkedin.com\\\/in\\\/rafal-pasterczyk\\\/\"]},{\"@type\":\"Person\",\"@id\":\"https:\\\/\\\/inteligentny-rozwoj.com.pl\\\/#\\\/schema\\\/person\\\/781a467e5e331ce384632759ecdba772\",\"name\":\"RP CONSULTING Rafa\u0142 Pasterczyk\",\"image\":{\"@type\":\"ImageObject\",\"inLanguage\":\"pl-PL\",\"@id\":\"https:\\\/\\\/secure.gravatar.com\\\/avatar\\\/fde501377d5b06ef1fb158c1ea34fe2defd80fd9526b2263a81456023558c240?s=96&d=mm&r=g\",\"url\":\"https:\\\/\\\/secure.gravatar.com\\\/avatar\\\/fde501377d5b06ef1fb158c1ea34fe2defd80fd9526b2263a81456023558c240?s=96&d=mm&r=g\",\"contentUrl\":\"https:\\\/\\\/secure.gravatar.com\\\/avatar\\\/fde501377d5b06ef1fb158c1ea34fe2defd80fd9526b2263a81456023558c240?s=96&d=mm&r=g\",\"caption\":\"RP CONSULTING Rafa\u0142 Pasterczyk\"},\"description\":\"Doradztwo biznesowe, outsourcing i interim management w zakresie marketingu B2B, rozwoju eksportu, a tak\u017ce pozyskiwanie i rozliczanie dotacji na rozw\u00f3j eksportu i cyfryzacj\u0119. Ponad 100 skutecznie zrealizowanych projekt\u00f3w dla M\u015aP. Wiele z nich \u0142\u0105czy doradztwo w zakresie strategii internacjonalizacji ze skutecznym pozyskaniem dofinansowania na dzia\u0142ania na rynkach zagranicznych.\",\"sameAs\":[\"https:\\\/\\\/inteligentny-rozwoj.com.pl\\\/\",\"https:\\\/\\\/www.facebook.com\\\/RPConsulting\\\/\",\"https:\\\/\\\/www.instagram.com\\\/rpconsulting.pl\\\/\",\"https:\\\/\\\/pl.linkedin.com\\\/company\\\/rp-consulting-rpc\",\"https:\\\/\\\/www.youtube.com\\\/@RPCONSULTING-b2b\"],\"url\":\"https:\\\/\\\/inteligentny-rozwoj.com.pl\\\/index.php\\\/author\\\/rpconsulting\\\/\"}]}<\/script>\n<!-- \/ Yoast SEO plugin. -->","yoast_head_json":{"title":"1.14 Internacjonalizacja M\u015aP - FEMP - Ma\u0142opolska 2021-2027 - RP CONSULTING Rafa\u0142 Pasterczyk | marketing B2B, eksport, dotacje UE","description":"Pozyskaj dotacj\u0119 na rozw\u00f3j eksportu - zapytaj o dzia\u0142anie FEMP 1.14 Internacjonalizacja M\u015aP - Fundusze Europejskie Ma\u0142opolska 2021-2027","robots":{"index":"index","follow":"follow","max-snippet":"max-snippet:-1","max-image-preview":"max-image-preview:large","max-video-preview":"max-video-preview:-1"},"canonical":"https:\/\/inteligentny-rozwoj.com.pl\/index.php\/fundusze-europejskie-2021-2027\/fundusze-europejskie-dla-malopolski-2021-2027\/1-14-internacjonalizacja-msp-femp\/","og_locale":"pl_PL","og_type":"article","og_title":"1.14 Internacjonalizacja M\u015aP - FEMP - Ma\u0142opolska 2021-2027 - RP CONSULTING Rafa\u0142 Pasterczyk | marketing B2B, eksport, dotacje UE","og_description":"Pozyskaj dotacj\u0119 na rozw\u00f3j eksportu - zapytaj o dzia\u0142anie FEMP 1.14 Internacjonalizacja M\u015aP - Fundusze Europejskie Ma\u0142opolska 2021-2027","og_url":"https:\/\/inteligentny-rozwoj.com.pl\/index.php\/fundusze-europejskie-2021-2027\/fundusze-europejskie-dla-malopolski-2021-2027\/1-14-internacjonalizacja-msp-femp\/","og_site_name":"RP CONSULTING Rafa\u0142 Pasterczyk | marketing B2B, eksport, dotacje UE","article_publisher":"https:\/\/www.facebook.com\/RPConsulting","article_modified_time":"2025-09-17T20:55:05+00:00","og_image":[{"width":1280,"height":720,"url":"https:\/\/inteligentny-rozwoj.com.pl\/wp-content\/uploads\/2025\/01\/1.14-Internacjonalizacja-MSP-FEMP-Malopolska-RPConsulting.pl_.png","type":"image\/png"}],"twitter_card":"summary_large_image","twitter_site":"@rp_consulting","twitter_misc":{"Szacowany czas czytania":"4 minuty"},"schema":{"@context":"https:\/\/schema.org","@graph":[{"@type":"Article","@id":"https:\/\/inteligentny-rozwoj.com.pl\/index.php\/fundusze-europejskie-2021-2027\/fundusze-europejskie-dla-malopolski-2021-2027\/1-14-internacjonalizacja-msp-femp\/#article","isPartOf":{"@id":"https:\/\/inteligentny-rozwoj.com.pl\/index.php\/fundusze-europejskie-2021-2027\/fundusze-europejskie-dla-malopolski-2021-2027\/1-14-internacjonalizacja-msp-femp\/"},"author":{"name":"RP CONSULTING Rafa\u0142 Pasterczyk","@id":"https:\/\/inteligentny-rozwoj.com.pl\/#\/schema\/person\/781a467e5e331ce384632759ecdba772"},"headline":"1.14 Internacjonalizacja M\u015aP &#8211; FEMP &#8211; Ma\u0142opolska 2021-2027","datePublished":"2025-01-26T01:11:17+00:00","dateModified":"2025-09-17T20:55:05+00:00","mainEntityOfPage":{"@id":"https:\/\/inteligentny-rozwoj.com.pl\/index.php\/fundusze-europejskie-2021-2027\/fundusze-europejskie-dla-malopolski-2021-2027\/1-14-internacjonalizacja-msp-femp\/"},"wordCount":733,"publisher":{"@id":"https:\/\/inteligentny-rozwoj.com.pl\/#organization"},"image":{"@id":"https:\/\/inteligentny-rozwoj.com.pl\/index.php\/fundusze-europejskie-2021-2027\/fundusze-europejskie-dla-malopolski-2021-2027\/1-14-internacjonalizacja-msp-femp\/#primaryimage"},"thumbnailUrl":"https:\/\/inteligentny-rozwoj.com.pl\/wp-content\/uploads\/2025\/01\/1.14-Internacjonalizacja-MSP-FEMP-Malopolska-RPConsulting.pl_-1024x576.png","inLanguage":"pl-PL"},{"@type":"WebPage","@id":"https:\/\/inteligentny-rozwoj.com.pl\/index.php\/fundusze-europejskie-2021-2027\/fundusze-europejskie-dla-malopolski-2021-2027\/1-14-internacjonalizacja-msp-femp\/","url":"https:\/\/inteligentny-rozwoj.com.pl\/index.php\/fundusze-europejskie-2021-2027\/fundusze-europejskie-dla-malopolski-2021-2027\/1-14-internacjonalizacja-msp-femp\/","name":"1.14 Internacjonalizacja M\u015aP - FEMP - Ma\u0142opolska 2021-2027 - RP CONSULTING Rafa\u0142 Pasterczyk | marketing B2B, eksport, dotacje UE","isPartOf":{"@id":"https:\/\/inteligentny-rozwoj.com.pl\/#website"},"primaryImageOfPage":{"@id":"https:\/\/inteligentny-rozwoj.com.pl\/index.php\/fundusze-europejskie-2021-2027\/fundusze-europejskie-dla-malopolski-2021-2027\/1-14-internacjonalizacja-msp-femp\/#primaryimage"},"image":{"@id":"https:\/\/inteligentny-rozwoj.com.pl\/index.php\/fundusze-europejskie-2021-2027\/fundusze-europejskie-dla-malopolski-2021-2027\/1-14-internacjonalizacja-msp-femp\/#primaryimage"},"thumbnailUrl":"https:\/\/inteligentny-rozwoj.com.pl\/wp-content\/uploads\/2025\/01\/1.14-Internacjonalizacja-MSP-FEMP-Malopolska-RPConsulting.pl_-1024x576.png","datePublished":"2025-01-26T01:11:17+00:00","dateModified":"2025-09-17T20:55:05+00:00","description":"Pozyskaj dotacj\u0119 na rozw\u00f3j eksportu - zapytaj o dzia\u0142anie FEMP 1.14 Internacjonalizacja M\u015aP - Fundusze Europejskie Ma\u0142opolska 2021-2027","breadcrumb":{"@id":"https:\/\/inteligentny-rozwoj.com.pl\/index.php\/fundusze-europejskie-2021-2027\/fundusze-europejskie-dla-malopolski-2021-2027\/1-14-internacjonalizacja-msp-femp\/#breadcrumb"},"inLanguage":"pl-PL","potentialAction":[{"@type":"ReadAction","target":["https:\/\/inteligentny-rozwoj.com.pl\/index.php\/fundusze-europejskie-2021-2027\/fundusze-europejskie-dla-malopolski-2021-2027\/1-14-internacjonalizacja-msp-femp\/"]}]},{"@type":"ImageObject","inLanguage":"pl-PL","@id":"https:\/\/inteligentny-rozwoj.com.pl\/index.php\/fundusze-europejskie-2021-2027\/fundusze-europejskie-dla-malopolski-2021-2027\/1-14-internacjonalizacja-msp-femp\/#primaryimage","url":"https:\/\/inteligentny-rozwoj.com.pl\/wp-content\/uploads\/2025\/01\/1.14-Internacjonalizacja-MSP-FEMP-Malopolska-RPConsulting.pl_.png","contentUrl":"https:\/\/inteligentny-rozwoj.com.pl\/wp-content\/uploads\/2025\/01\/1.14-Internacjonalizacja-MSP-FEMP-Malopolska-RPConsulting.pl_.png","width":1280,"height":720,"caption":"1.14 Internacjonalizacja M\u015aP, FEMP Ma\u0142polska \/ RPConsulting.pl"},{"@type":"BreadcrumbList","@id":"https:\/\/inteligentny-rozwoj.com.pl\/index.php\/fundusze-europejskie-2021-2027\/fundusze-europejskie-dla-malopolski-2021-2027\/1-14-internacjonalizacja-msp-femp\/#breadcrumb","itemListElement":[{"@type":"ListItem","position":1,"name":"Fundusze 2021-2027","item":"https:\/\/inteligentny-rozwoj.com.pl\/index.php\/fundusze-europejskie-2021-2027\/"},{"@type":"ListItem","position":2,"name":"Fundusze Europejskie dla Ma\u0142opolski 2021-2027","item":"https:\/\/inteligentny-rozwoj.com.pl\/index.php\/fundusze-europejskie-2021-2027\/fundusze-europejskie-dla-malopolski-2021-2027\/"},{"@type":"ListItem","position":3,"name":"1.14 Internacjonalizacja M\u015aP &#8211; FEMP &#8211; Ma\u0142opolska 2021-2027"}]},{"@type":"WebSite","@id":"https:\/\/inteligentny-rozwoj.com.pl\/#website","url":"https:\/\/inteligentny-rozwoj.com.pl\/","name":"RP CONSULTING Rafa\u0142 Pasterczyk | marketing B2B, eksport, dotacje UE","description":"Tw\u00f3j partner w rozwoju biznesu - skuteczne doradztwo w marketingu B2B, rozwoju eksportu i pozyskiwaniu dotacji","publisher":{"@id":"https:\/\/inteligentny-rozwoj.com.pl\/#organization"},"alternateName":"Rafa\u0142 Pasterczyk RP CONSULTING","potentialAction":[{"@type":"SearchAction","target":{"@type":"EntryPoint","urlTemplate":"https:\/\/inteligentny-rozwoj.com.pl\/?s={search_term_string}"},"query-input":{"@type":"PropertyValueSpecification","valueRequired":true,"valueName":"search_term_string"}}],"inLanguage":"pl-PL"},{"@type":"Organization","@id":"https:\/\/inteligentny-rozwoj.com.pl\/#organization","name":"RP CONSULTING Rafa\u0142 Pasterczyk","alternateName":"Rafa\u0142 Pasterczyk RP CONSULTING","url":"https:\/\/inteligentny-rozwoj.com.pl\/","logo":{"@type":"ImageObject","inLanguage":"pl-PL","@id":"https:\/\/inteligentny-rozwoj.com.pl\/#\/schema\/logo\/image\/","url":"https:\/\/inteligentny-rozwoj.com.pl\/wp-content\/uploads\/2019\/01\/cropped-rpc_logo_sq-e1546996617786.png","contentUrl":"https:\/\/inteligentny-rozwoj.com.pl\/wp-content\/uploads\/2019\/01\/cropped-rpc_logo_sq-e1546996617786.png","width":512,"height":512,"caption":"RP CONSULTING Rafa\u0142 Pasterczyk"},"image":{"@id":"https:\/\/inteligentny-rozwoj.com.pl\/#\/schema\/logo\/image\/"},"sameAs":["https:\/\/www.facebook.com\/RPConsulting","https:\/\/x.com\/rp_consulting","https:\/\/www.instagram.com\/rpconsulting.pl\/","https:\/\/pl.linkedin.com\/company\/rp-consulting-rpc","https:\/\/www.linkedin.com\/in\/rafal-pasterczyk\/"]},{"@type":"Person","@id":"https:\/\/inteligentny-rozwoj.com.pl\/#\/schema\/person\/781a467e5e331ce384632759ecdba772","name":"RP CONSULTING Rafa\u0142 Pasterczyk","image":{"@type":"ImageObject","inLanguage":"pl-PL","@id":"https:\/\/secure.gravatar.com\/avatar\/fde501377d5b06ef1fb158c1ea34fe2defd80fd9526b2263a81456023558c240?s=96&d=mm&r=g","url":"https:\/\/secure.gravatar.com\/avatar\/fde501377d5b06ef1fb158c1ea34fe2defd80fd9526b2263a81456023558c240?s=96&d=mm&r=g","contentUrl":"https:\/\/secure.gravatar.com\/avatar\/fde501377d5b06ef1fb158c1ea34fe2defd80fd9526b2263a81456023558c240?s=96&d=mm&r=g","caption":"RP CONSULTING Rafa\u0142 Pasterczyk"},"description":"Doradztwo biznesowe, outsourcing i interim management w zakresie marketingu B2B, rozwoju eksportu, a tak\u017ce pozyskiwanie i rozliczanie dotacji na rozw\u00f3j eksportu i cyfryzacj\u0119. Ponad 100 skutecznie zrealizowanych projekt\u00f3w dla M\u015aP. Wiele z nich \u0142\u0105czy doradztwo w zakresie strategii internacjonalizacji ze skutecznym pozyskaniem dofinansowania na dzia\u0142ania na rynkach zagranicznych.","sameAs":["https:\/\/inteligentny-rozwoj.com.pl\/","https:\/\/www.facebook.com\/RPConsulting\/","https:\/\/www.instagram.com\/rpconsulting.pl\/","https:\/\/pl.linkedin.com\/company\/rp-consulting-rpc","https:\/\/www.youtube.com\/@RPCONSULTING-b2b"],"url":"https:\/\/inteligentny-rozwoj.com.pl\/index.php\/author\/rpconsulting\/"}]}},"uagb_featured_image_src":{"full":false,"thumbnail":false,"medium":false,"medium_large":false,"large":false,"1536x1536":false,"2048x2048":false,"post-thumbnail":false,"sow-carousel-default":false,"sow-blog-portfolio":false,"sow-blog-grid":false,"sow-blog-alternate":false},"uagb_author_info":{"display_name":"RP CONSULTING Rafa\u0142 Pasterczyk","author_link":"https:\/\/inteligentny-rozwoj.com.pl\/index.php\/author\/rpconsulting\/"},"uagb_comment_info":0,"uagb_excerpt":"1.14 Internacjonalizacja M&#346;P FEMP &ndash; cel projektu 1.14 Internacjonalizacja M&#346;P FEMP (Fundusze Europejskie Ma&#322;opolska 2021-27) to dzia&#322;anie, kt&oacute;re ma na celu rozw&oacute;j i umi&#281;dzynarodowienie dzia&#322;alno&#347;ci ma&#322;opolskich M&#346;P. Jego za&#322;o&#380;enia bazuj&#261; na znanym w&#347;r&oacute;d ma&#322;opolskich przedsi&#281;biorc&oacute;w z poprzedniej perspektywy finansowej 2014-2020 programie 3.3.2 Aktywno&#347;&#263; mi&#281;dzynarodowa ma&#322;opolskich M&#346;P. RP CONSULTING Rafa&#322; Pasterczyk specjalizuje si&#281; w pozyskiwaniu i&hellip;","_links":{"self":[{"href":"https:\/\/inteligentny-rozwoj.com.pl\/index.php\/wp-json\/wp\/v2\/pages\/8835","targetHints":{"allow":["GET"]}}],"collection":[{"href":"https:\/\/inteligentny-rozwoj.com.pl\/index.php\/wp-json\/wp\/v2\/pages"}],"about":[{"href":"https:\/\/inteligentny-rozwoj.com.pl\/index.php\/wp-json\/wp\/v2\/types\/page"}],"author":[{"embeddable":true,"href":"https:\/\/inteligentny-rozwoj.com.pl\/index.php\/wp-json\/wp\/v2\/users\/1"}],"replies":[{"embeddable":true,"href":"https:\/\/inteligentny-rozwoj.com.pl\/index.php\/wp-json\/wp\/v2\/comments?post=8835"}],"version-history":[{"count":10,"href":"https:\/\/inteligentny-rozwoj.com.pl\/index.php\/wp-json\/wp\/v2\/pages\/8835\/revisions"}],"predecessor-version":[{"id":9218,"href":"https:\/\/inteligentny-rozwoj.com.pl\/index.php\/wp-json\/wp\/v2\/pages\/8835\/revisions\/9218"}],"up":[{"embeddable":true,"href":"https:\/\/inteligentny-rozwoj.com.pl\/index.php\/wp-json\/wp\/v2\/pages\/6236"}],"wp:attachment":[{"href":"https:\/\/inteligentny-rozwoj.com.pl\/index.php\/wp-json\/wp\/v2\/media?parent=8835"}],"curies":[{"name":"wp","href":"https:\/\/api.w.org\/{rel}","templated":true}]}}